{"id":8674,"date":"2022-04-11T14:20:07","date_gmt":"2022-04-11T12:20:07","guid":{"rendered":"https:\/\/www.camping-vendee-cayola.com\/?page_id=8674"},"modified":"2025-02-12T12:28:43","modified_gmt":"2025-02-12T11:28:43","slug":"camping-vendee-gute-adressen","status":"publish","type":"page","link":"https:\/\/mirabel-baiedecayola.com\/de\/camping-vendee-bonnes-adresses\/","title":{"rendered":"Aktivit\u00e4ten"},"content":{"rendered":"<h1 class=\"wp-block-heading\" id=\"ou-sortir-pendant-vos-vacances-a-la-renaudiere\">Wo kann man w\u00e4hrend Ihres Urlaubs in Les Sables d'Olonne ausgehen?<\/h1>\n\n\n\n<h2 class=\"wp-block-heading has-text-align-center\" id=\"de-nombreuses-activites-a-faire-a-proximite-du-camping\">Viele Aktivit\u00e4ten in der N\u00e4he des Campingplatzes<\/h2>\n\n\n\n<p class=\"has-text-align-center\">Der Campingplatz Mirabel La Baie de Cayola, weniger als 200 m vom Atlantischen Ozean und 5 km vom Stadtzentrum von Les Sables d\u2019Olonne entfernt, ist ein idealer Ausgangspunkt f\u00fcr die Besichtigung der zahlreichen nahegelegenen Sehensw\u00fcrdigkeiten. Zoos, Aquarium, Vergn\u00fcgungsparks, Schl\u00f6sser\u2026 unter diesen Freizeitaktivit\u00e4ten bietet der Campingplatz <strong>viele Partner<\/strong>. <strong>Genie\u00dfen Sie Rabatte und Preisnachl\u00e4sse<\/strong> W\u00e4hrend Ihres Urlaubs an den Sables d\u2019Olonne und f\u00fcllen Sie mit Aktivit\u00e4ten f\u00fcr die ganze Familie. F\u00fcr die Bedingungen, siehe direkt an der Rezeption des Campingplatzes bei Isabelle.<\/p>\n\n\n\n<p class=\"has-text-align-center has-orange-color has-text-color\"><strong><em>Unsere Partner sind unten in Korallenrot mit einem * aufgef\u00fchrt.<\/em><\/strong>.<\/p>\n\n\n\n<figure class=\"wp-block-image aligncenter size-full is-resized\"><img decoding=\"async\" src=\"https:\/\/www.campinglarenaudiere.com\/wp-content\/uploads\/2022\/01\/barre-bleue.png\" alt=\"\" class=\"wp-image-2382\" style=\"width:50px;height:8px\"\/><\/figure>\n\n\n\n<p><\/p>\n\n\n\n<p><\/p>\n\n\n\n<p class=\"has-medium-font-size\"><strong>Touristische Aktivit\u00e4ten in der Vend\u00e9e in weniger als 15 Minuten vom Campingplatz<\/strong><\/p>\n\n\n\n<figure class=\"wp-block-image size-full\"><img decoding=\"async\" src=\"https:\/\/www.campinglarenaudiere.com\/wp-content\/uploads\/2022\/01\/barre-bleue.png\" alt=\"\" class=\"wp-image-2382\"\/><\/figure>\n\n\n\n<div class=\"wp-block-columns alignwide mb-0 has-turquoise-background-color has-background is-layout-flex wp-container-core-columns-is-layout-28f84493 wp-block-columns-is-layout-flex\">\n<div class=\"wp-block-column is-vertically-aligned-center is-layout-flow wp-block-column-is-layout-flow\" style=\"flex-basis:20%\">\n<figure class=\"wp-block-image alignleft size-full\"><img loading=\"lazy\" decoding=\"async\" width=\"300\" height=\"300\" src=\"https:\/\/mirabel-baiedecayola.com\/wp-content\/uploads\/2025\/02\/balades-nature-vacances-vendee.jpg\" alt=\"Natur-Ausfl\u00fcge mit einem F\u00fchrer in der N\u00e4he des Campingplatzes Sables d&#039;Olonne\" class=\"wp-image-17015\" style=\"aspect-ratio:1;object-fit:contain\" srcset=\"https:\/\/mirabel-baiedecayola.com\/wp-content\/uploads\/2025\/02\/balades-nature-vacances-vendee.jpg 300w, https:\/\/mirabel-baiedecayola.com\/wp-content\/uploads\/2025\/02\/balades-nature-vacances-vendee-150x150.jpg 150w\" sizes=\"auto, (max-width: 300px) 100vw, 300px\" \/><\/figure>\n<\/div>\n\n\n\n<div class=\"wp-block-column is-vertically-aligned-center is-layout-flow wp-block-column-is-layout-flow\" style=\"flex-basis:80%\">\n<p class=\"has-orange-color has-text-color has-medium-font-size\"><strong>Naturspazierg\u00e4nge<\/strong>*<\/p>\n\n\n\n<p class=\"has-white-color has-text-color\">Entdecken Sie wundersch\u00f6ne Landschaften mit einem naturbegeisterten F\u00fchrer. Tauchen Sie dienstags morgens in die Welt des Sumpfes von Olonne ein, erkunden Sie donnerstagabends die Welt der Nacht oder begeben Sie sich auf Waldpfade, um die Geheimnisse der wilden Tier- und Pflanzenwelt zu entdecken. Zeitpl\u00e4ne, Orte und Preise der Ausfl\u00fcge an der Rezeption des Campingplatzes und auf der Website der Adev.<\/p>\n\n\n\n<p class=\"has-white-color has-text-color\"><strong>Adev \u2013 Animationszentrum<br><\/strong>2 bis rue du marais \u2013 85 340 L\u2019ILE-d\u2019OLONNE<\/p>\n\n\n\n<p class=\"has-white-color has-text-color\">*<strong>Partnerangebot: 10% Rabatt auf alle Ver\u00f6ffentlichungen<\/strong><\/p>\n\n\n\n<p class=\"has-white-color has-text-color\">02 51 47 37 79<br><a href=\"https:\/\/www.adev-asso.fr\/nos-sorties-guidees-2\/\">https:\/\/www.adev-asso.fr\/<\/a><\/p>\n<\/div>\n<\/div>\n\n\n\n<div class=\"wp-block-columns alignwide mb-0 has-text-color has-background is-layout-flex wp-container-core-columns-is-layout-28f84493 wp-block-columns-is-layout-flex\" style=\"background-color:#e2edef\">\n<div class=\"wp-block-column is-vertically-aligned-top is-layout-flow wp-block-column-is-layout-flow\" style=\"flex-basis:20%\">\n<figure class=\"wp-block-image size-full\"><a href=\"https:\/\/www.la-savonnerie-sablaise.com\/\" target=\"_blank\" rel=\"noopener\"><img loading=\"lazy\" decoding=\"async\" width=\"787\" height=\"787\" src=\"https:\/\/www.mirabel-baiedecayola.com\/wp-content\/uploads\/2023\/05\/savonnerie-sablaise-produit-bio.jpg\" alt=\"savonnerie sablaise seife handwerkliche herstellung\" class=\"wp-image-13109\" srcset=\"https:\/\/mirabel-baiedecayola.com\/wp-content\/uploads\/2023\/05\/savonnerie-sablaise-produit-bio.jpg 787w, https:\/\/mirabel-baiedecayola.com\/wp-content\/uploads\/2023\/05\/savonnerie-sablaise-produit-bio-300x300.jpg 300w, https:\/\/mirabel-baiedecayola.com\/wp-content\/uploads\/2023\/05\/savonnerie-sablaise-produit-bio-150x150.jpg 150w, https:\/\/mirabel-baiedecayola.com\/wp-content\/uploads\/2023\/05\/savonnerie-sablaise-produit-bio-768x768.jpg 768w\" sizes=\"auto, (max-width: 787px) 100vw, 787px\" \/><\/a><\/figure>\n<\/div>\n\n\n\n<div class=\"wp-block-column is-vertically-aligned-center is-layout-flow wp-block-column-is-layout-flow\" style=\"flex-basis:80%\">\n<p class=\"has-orange-color has-text-color has-medium-font-size\"><strong>Die Savonnerie Sablaise*<\/strong><\/p>\n\n\n\n<p class=\"has-turquoise-color has-text-color\">Kommen Sie und erleben Sie die Herstellung von Seifen, Shampoos und nat\u00fcrlichen Kosmetikprodukten in unserer Werkstatt-Boutique. Kaltverseifungsdemonstrationen nach Vereinbarung, freier Eintritt. <\/p>\n\n\n\n<p class=\"has-turquoise-color has-text-color\">15 Avenue Jean Jaur\u00e8s<br>85 100 LES SABLES D\u2019OLONNE<\/p>\n\n\n\n<p class=\"has-turquoise-color has-text-color\"><strong>*Partnerangebot: Eine Cococ\u00e9an-Seife (50 g) gratis bei jedem Einkauf ab einem Mindestbetrag von 20 \u20ac<\/strong><\/p>\n\n\n\n<p class=\"has-turquoise-color has-text-color has-link-color wp-elements-86aff0f2896197563580b4a3f5404331\">02 44 41 65 34<br><a href=\"https:\/\/la-savonnerie-sablaise.com\/\" target=\"_blank\" rel=\"noreferrer noopener\">https:\/\/www.la-savonnerie-sablaise.com\/<\/a><\/p>\n<\/div>\n<\/div>\n\n\n\n<div class=\"wp-block-columns alignwide mb-0 has-turquoise-background-color has-background is-layout-flex wp-container-core-columns-is-layout-28f84493 wp-block-columns-is-layout-flex\">\n<div class=\"wp-block-column is-vertically-aligned-center is-layout-flow wp-block-column-is-layout-flow\" style=\"flex-basis:20%\">\n<figure class=\"wp-block-image alignleft size-full\"><a href=\"https:\/\/sablotins.com\/\" target=\"_blank\" rel=\"noreferrer noopener\"><img loading=\"lazy\" decoding=\"async\" width=\"380\" height=\"380\" src=\"https:\/\/www.mirabel-baiedecayola.com\/wp-content\/uploads\/2023\/05\/parc-des-sablotin-activites-loisirs.jpg\" alt=\"\" class=\"wp-image-13100\" srcset=\"https:\/\/mirabel-baiedecayola.com\/wp-content\/uploads\/2023\/05\/parc-des-sablotin-activites-loisirs.jpg 380w, https:\/\/mirabel-baiedecayola.com\/wp-content\/uploads\/2023\/05\/parc-des-sablotin-activites-loisirs-300x300.jpg 300w, https:\/\/mirabel-baiedecayola.com\/wp-content\/uploads\/2023\/05\/parc-des-sablotin-activites-loisirs-150x150.jpg 150w\" sizes=\"auto, (max-width: 380px) 100vw, 380px\" \/><\/a><\/figure>\n<\/div>\n\n\n\n<div class=\"wp-block-column is-vertically-aligned-center is-layout-flow wp-block-column-is-layout-flow\" style=\"flex-basis:80%\">\n<p class=\"has-orange-color has-text-color has-medium-font-size\"><strong>Parc des Sablotins<\/strong>*<\/p>\n\n\n\n<p class=\"has-white-color has-text-color\">Dieser familienfreundliche Park f\u00fcr Kinder erm\u00f6glicht Ihnen einen wundervollen Familientag mit den Kleinsten. Motorikparcours, Rutschen, sichere Kletterb\u00e4ume, aufblasbare Strukturen und Trampoline erwarten Sie!<\/p>\n\n\n\n<p class=\"has-white-color has-text-color\">17 Avenue Louis Br\u00e9guet<br>Le ch\u00e2teau d\u2019Olonne 85180 LES SABLES D\u2019OLONNE<\/p>\n\n\n\n<p class=\"has-white-color has-text-color\">*<strong>Partnerangebot: 10% Rabatt (ausgenommen 1-Stunden-Eintritt, Sondertarife, nicht kombinierbar)<\/strong><\/p>\n\n\n\n<p class=\"has-white-color has-text-color\">06 16 91 53 49<br><a href=\"https:\/\/sablotins.com\/\" target=\"_blank\" rel=\"noreferrer noopener\">https:\/\/sablotins.com\/<\/a><\/p>\n<\/div>\n<\/div>\n\n\n\n<div class=\"wp-block-columns alignwide mb-0 has-background is-layout-flex wp-container-core-columns-is-layout-28f84493 wp-block-columns-is-layout-flex\" style=\"background-color:#e2edef\">\n<div class=\"wp-block-column is-vertically-aligned-top is-layout-flow wp-block-column-is-layout-flow\" style=\"flex-basis:20%\">\n<figure class=\"wp-block-image size-full is-resized\"><a href=\"https:\/\/www.parachutisme-vendee.com\/\" target=\"_blank\" rel=\"noopener\"><img loading=\"lazy\" decoding=\"async\" width=\"300\" height=\"300\" src=\"https:\/\/www.mirabel-baiedecayola.com\/wp-content\/uploads\/2022\/04\/parachute_sables_olonne.jpg\" alt=\"Fallschirm in der N\u00e4he des Campingplatzes\" class=\"wp-image-8893\" style=\"width:200px;height:200px\" srcset=\"https:\/\/mirabel-baiedecayola.com\/wp-content\/uploads\/2022\/04\/parachute_sables_olonne.jpg 300w, https:\/\/mirabel-baiedecayola.com\/wp-content\/uploads\/2022\/04\/parachute_sables_olonne-150x150.jpg 150w\" sizes=\"auto, (max-width: 300px) 100vw, 300px\" \/><\/a><\/figure>\n\n\n\n<p><\/p>\n<\/div>\n\n\n\n<div class=\"wp-block-column is-vertically-aligned-center is-layout-flow wp-block-column-is-layout-flow\" style=\"flex-basis:80%\">\n<p class=\"has-turquoise-color has-text-color has-medium-font-size\"><strong>Vend\u00e9e \u00c9vasion Fallschirmspringen<\/strong>*<\/p>\n\n\n\n<p class=\"has-turquoise-color has-text-color\">Lust auf Nervenkitzel? Fallschirmspringen \u00fcber Les Sables d\u2019Olonne aus 4.000 m H\u00f6he wird Ihnen den Atem rauben! Freifall mit 200 km\/h\u2026<\/p>\n\n\n\n<p class=\"has-turquoise-color has-text-color\">Flugplatz La Lande \u2013 Rue du Petit Versailles<br>85 180 LES SABLES D\u2019OLONNE<\/p>\n\n\n\n<p class=\"has-turquoise-color has-text-color has-link-color wp-elements-62c926937af369fbc27fa165719b6b6d\">*<strong>Partnerangebot: 15 \u20ac Rabatt auf den Sprung und 20 \u20ac auf das Andenken<\/strong><\/p>\n\n\n\n<p class=\"has-turquoise-color has-text-color\">02 51 21 39 51 \/ 06 14 51 16 95<br><a href=\"http:\/\/www.parachutisme-vendee.com\" target=\"_blank\" rel=\"noreferrer noopener\">vendee-evasion.fr<\/a><\/p>\n<\/div>\n<\/div>\n\n\n\n<div class=\"wp-block-columns alignwide mb-0 has-turquoise-background-color has-background is-layout-flex wp-container-core-columns-is-layout-28f84493 wp-block-columns-is-layout-flex\">\n<div class=\"wp-block-column is-vertically-aligned-center is-layout-flow wp-block-column-is-layout-flow\" style=\"flex-basis:20%\">\n<figure class=\"wp-block-image alignleft size-full is-resized\"><img loading=\"lazy\" decoding=\"async\" width=\"300\" height=\"300\" src=\"https:\/\/mirabel-baiedecayola.com\/wp-content\/uploads\/2024\/07\/surf-freres-de-la-cote-300.jpg\" alt=\"\" class=\"wp-image-16640\" style=\"width:200px;height:200px\" srcset=\"https:\/\/mirabel-baiedecayola.com\/wp-content\/uploads\/2024\/07\/surf-freres-de-la-cote-300.jpg 300w, https:\/\/mirabel-baiedecayola.com\/wp-content\/uploads\/2024\/07\/surf-freres-de-la-cote-300-150x150.jpg 150w\" sizes=\"auto, (max-width: 300px) 100vw, 300px\" \/><\/figure>\n<\/div>\n\n\n\n<div class=\"wp-block-column is-vertically-aligned-center is-layout-flow wp-block-column-is-layout-flow\" style=\"flex-basis:80%\">\n<p class=\"has-orange-color has-text-color has-medium-font-size\"><strong>Surfschule <\/strong>Br\u00fcder der K\u00fcste<\/p>\n\n\n\n<p class=\"has-white-color has-text-color\">Die 2017 gegr\u00fcndete Surfschule \u00abFr\u00e8res de la C\u00f4te\u00bb hei\u00dft Sie willkommen, um die Freuden des Surfens zu entdecken. Von 4 Jahren bis ins hohe Alter, allein, mit Freunden oder mit der Familie, kommen Sie zu Kursen, die an Ihr Niveau (Entdeckung oder Fortgeschrittene) angepasst sind und Sie sicher in Les Sables d\u2019Olonne in der Vend\u00e9e surfend erleben lassen.<\/p>\n\n\n\n<p class=\"has-white-color has-text-color\">20 Promenade Georges Cl\u00e9menceau <br>85 100 LES SABLES D\u2019OLONNE<\/p>\n\n\n\n<p class=\"has-white-color has-text-color\">*<strong>Partnerangebot: 10% auf alle angebotenen Kurse<\/strong><\/p>\n\n\n\n<p class=\"has-white-color has-text-color\">06 43 79 37 31<br><a href=\"http:\/\/ecoledesurf-freresdelacote.fr\" target=\"_blank\" rel=\"noreferrer noopener\">ecoledesurf-freresdelacote.fr<\/a><\/p>\n<\/div>\n<\/div>\n\n\n\n<div class=\"wp-block-columns alignwide mb-0 has-background is-layout-flex wp-container-core-columns-is-layout-28f84493 wp-block-columns-is-layout-flex\" style=\"background-color:#e2edef\">\n<div class=\"wp-block-column is-vertically-aligned-top is-layout-flow wp-block-column-is-layout-flow\" style=\"flex-basis:20%\">\n<figure class=\"wp-block-image size-full is-resized\"><img loading=\"lazy\" decoding=\"async\" width=\"300\" height=\"300\" src=\"https:\/\/mirabel-baiedecayola.com\/wp-content\/uploads\/2024\/07\/escape-mission-decouverte.jpg\" alt=\"\" class=\"wp-image-16643\" style=\"width:200px;height:200px\" srcset=\"https:\/\/mirabel-baiedecayola.com\/wp-content\/uploads\/2024\/07\/escape-mission-decouverte.jpg 300w, https:\/\/mirabel-baiedecayola.com\/wp-content\/uploads\/2024\/07\/escape-mission-decouverte-150x150.jpg 150w\" sizes=\"auto, (max-width: 300px) 100vw, 300px\" \/><\/figure>\n\n\n\n<p><\/p>\n<\/div>\n\n\n\n<div class=\"wp-block-column is-vertically-aligned-center is-layout-flow wp-block-column-is-layout-flow\" style=\"flex-basis:80%\">\n<p class=\"has-turquoise-color has-text-color has-medium-font-size\"><strong>Escape Game Mission Entdeckung<\/strong>*<\/p>\n\n\n\n<p class=\"has-turquoise-color has-text-color\">Stadtabenteuer<br>Entdecken Sie Les Sables auf eine andere Art\u2026 Sie haben 1 Stunde und 45 Minuten Zeit, Ihre Mission zu erf\u00fcllen.<br>SENSORISCHES FLUCHTSPIEL<br>Sie haben 60 Minuten Zeit, um die Untersuchung abzuschlie\u00dfen. Ihre 5 Sinne werden der Schl\u00fcssel zu Ihrem Erfolg sein.<\/p>\n\n\n\n<p class=\"has-turquoise-color has-text-color\">12b Rathausstra\u00dfe<br>85 100 LES SABLES D\u2019OLONNE<\/p>\n\n\n\n<p class=\"has-turquoise-color has-text-color has-link-color wp-elements-adcfbf9ac472e7840c5c59ee0939ce0d\">*<strong>Partnerangebot: 10% auf das Escape Game Ihrer Wahl<\/strong><\/p>\n\n\n\n<p class=\"has-turquoise-color has-text-color\">06 38 02 77 02<br><a href=\"http:\/\/www.missiondecouverte.fr\" target=\"_blank\" rel=\"noreferrer noopener\">www.missiondecouverte.fr<\/a><\/p>\n<\/div>\n<\/div>\n\n\n\n<div class=\"wp-block-columns alignwide mb-0 has-turquoise-background-color has-background is-layout-flex wp-container-core-columns-is-layout-28f84493 wp-block-columns-is-layout-flex\">\n<div class=\"wp-block-column is-vertically-aligned-center is-layout-flow wp-block-column-is-layout-flow\" style=\"flex-basis:20%\">\n<figure class=\"wp-block-image alignleft size-full is-resized\"><a href=\"http:\/\/www.zoodessables.fr\" target=\"_blank\" rel=\"noopener\"><img loading=\"lazy\" decoding=\"async\" width=\"300\" height=\"300\" src=\"https:\/\/www.mirabel-baiedecayola.com\/wp-content\/uploads\/2022\/04\/zoo_des_sables.jpg\" alt=\"\" class=\"wp-image-8896\" style=\"width:200px;height:200px\" srcset=\"https:\/\/mirabel-baiedecayola.com\/wp-content\/uploads\/2022\/04\/zoo_des_sables.jpg 300w, https:\/\/mirabel-baiedecayola.com\/wp-content\/uploads\/2022\/04\/zoo_des_sables-150x150.jpg 150w\" sizes=\"auto, (max-width: 300px) 100vw, 300px\" \/><\/a><\/figure>\n<\/div>\n\n\n\n<div class=\"wp-block-column is-vertically-aligned-center is-layout-flow wp-block-column-is-layout-flow\" style=\"flex-basis:80%\">\n<p class=\"has-orange-color has-text-color has-medium-font-size\"><strong>Zoo des Sables d\u2019Olonne<\/strong>*<\/p>\n\n\n\n<p class=\"has-white-color has-text-color\">Dieser Tierpark engagiert sich f\u00fcr \u00f6kologische Nachhaltigkeit und Biodiversit\u00e4t. Sie k\u00f6nnen durch Anlagen schlendern, die 500 exotische Tiere aus 60 verschiedenen Arten beherbergen. Ein Ausflug f\u00fcr die ganze Familie.<\/p>\n\n\n\n<p class=\"has-white-color has-text-color\">Strecke der Tour de France<br>85 100 LES SABLES D\u2019OLONNE<\/p>\n\n\n\n<p class=\"has-white-color has-text-color\">*<strong>Partnerangebot: 1 \u20ac Rabatt pro Ticket<\/strong><\/p>\n\n\n\n<p class=\"has-white-color has-text-color\">02 51 95 14 10<br><a href=\"https:\/\/www.zoodessables.fr\/\" target=\"_blank\" rel=\"noreferrer noopener\">www.zoodessables.fr<\/a><\/p>\n<\/div>\n<\/div>\n\n\n\n<div class=\"wp-block-columns alignwide mb-0 has-turquoise-color has-text-color has-background is-layout-flex wp-container-core-columns-is-layout-28f84493 wp-block-columns-is-layout-flex\" style=\"background-color:#e2edef\">\n<div class=\"wp-block-column is-vertically-aligned-center is-layout-flow wp-block-column-is-layout-flow\" style=\"flex-basis:20%\">\n<figure class=\"wp-block-image alignleft size-full is-resized\"><a href=\"http:\/\/www.aquarium-vendee.com\" target=\"_blank\" rel=\"noopener\"><img loading=\"lazy\" decoding=\"async\" width=\"300\" height=\"300\" src=\"https:\/\/www.mirabel-baiedecayola.com\/wp-content\/uploads\/2022\/04\/camping-aquarium-vendee.jpeg\" alt=\"\" class=\"wp-image-8902\" style=\"width:200px\" srcset=\"https:\/\/mirabel-baiedecayola.com\/wp-content\/uploads\/2022\/04\/camping-aquarium-vendee.jpeg 300w, https:\/\/mirabel-baiedecayola.com\/wp-content\/uploads\/2022\/04\/camping-aquarium-vendee-150x150.jpeg 150w\" sizes=\"auto, (max-width: 300px) 100vw, 300px\" \/><\/a><\/figure>\n<\/div>\n\n\n\n<div class=\"wp-block-column is-vertically-aligned-center mb-0 is-layout-flow wp-block-column-is-layout-flow\" style=\"flex-basis:80%\">\n<p class=\"has-orange-color has-text-color has-medium-font-size\"><strong><strong><strong><strong>Aquarium de Vend\u00e9e<\/strong><\/strong><\/strong><\/strong>*<\/p>\n\n\n\n<p>Erkunden Sie die Vielfalt der Meere in 3 Universen mit 500 Tierarten: Atlantik und Mittelmeer, Indopazifik und Tropen. Das Aquarium bietet zudem das ganze Jahr \u00fcber Animationen und Begegnungen mit den Pflegern.<\/p>\n\n\n\n<p>Avenue de la Mine<br>85 440 TALMONT-SAINT-HILAIRE<\/p>\n\n\n\n<p><strong>Partnerangebot: 1\u20ac Rabatt pro Eintritt<\/strong><br><br>02 51 32 30 00<br><a href=\"https:\/\/www.aquarium-vendee.com\/\" target=\"_blank\" rel=\"noreferrer noopener\">www.aquarium-vendee.com<\/a><\/p>\n<\/div>\n<\/div>\n\n\n\n<div class=\"wp-block-columns alignwide mb-0 has-turquoise-background-color has-background is-layout-flex wp-container-core-columns-is-layout-28f84493 wp-block-columns-is-layout-flex\">\n<div class=\"wp-block-column is-vertically-aligned-center is-layout-flow wp-block-column-is-layout-flow\" style=\"flex-basis:20%\">\n<figure class=\"wp-block-image alignleft size-full is-resized\"><a href=\"http:\/\/www.musee-auto-vendee.com\/\" target=\"_blank\" rel=\"noopener\"><img loading=\"lazy\" decoding=\"async\" width=\"300\" height=\"300\" src=\"https:\/\/www.mirabel-baiedecayola.com\/wp-content\/uploads\/2022\/04\/musee-automobile-vendee.jpg\" alt=\"\" class=\"wp-image-8905\" style=\"width:200px\" srcset=\"https:\/\/mirabel-baiedecayola.com\/wp-content\/uploads\/2022\/04\/musee-automobile-vendee.jpg 300w, https:\/\/mirabel-baiedecayola.com\/wp-content\/uploads\/2022\/04\/musee-automobile-vendee-150x150.jpg 150w\" sizes=\"auto, (max-width: 300px) 100vw, 300px\" \/><\/a><\/figure>\n<\/div>\n\n\n\n<div class=\"wp-block-column is-vertically-aligned-center has-turquoise-color has-text-color is-layout-flow wp-block-column-is-layout-flow\" style=\"flex-basis:80%\">\n<p class=\"has-white-color has-text-color has-medium-font-size\"><strong><strong><strong><strong><strong>Automobilmuseum<\/strong><\/strong><\/strong><\/strong><\/strong><\/p>\n\n\n\n<p class=\"has-white-color has-text-color\">150 Fahrzeuge warten in diesem Museum, das nur wenige Minuten vom Campingplatz entfernt liegt. Liebhaber von motorisierten Fahrzeugen werden begeistert sein, Autos und Motorr\u00e4der vom 19. Jahrhundert bis heute zu entdecken.<\/p>\n\n\n\n<p class=\"has-white-color has-text-color\">D949 Avenue des Sables<br>85 440 TALMONT-SAINT-HILAIRE<\/p>\n\n\n\n<p class=\"has-white-color has-text-color\">02 51 22 05 81<br><a href=\"https:\/\/www.musee-auto-vendee.com\/\" target=\"_blank\" rel=\"noreferrer noopener\">www.musee-auto-vendee.com<\/a><\/p>\n<\/div>\n<\/div>\n\n\n\n<div class=\"wp-block-columns alignwide mb-0 has-turquoise-color has-text-color has-background is-layout-flex wp-container-core-columns-is-layout-28f84493 wp-block-columns-is-layout-flex\" style=\"background-color:#e2edef\">\n<div class=\"wp-block-column is-vertically-aligned-center is-layout-flow wp-block-column-is-layout-flow\" style=\"flex-basis:20%\">\n<figure class=\"wp-block-image alignleft size-full\"><a href=\"https:\/\/www.paddleaventure.fr\/\" target=\"_blank\" rel=\"noreferrer noopener\"><img loading=\"lazy\" decoding=\"async\" width=\"722\" height=\"724\" src=\"https:\/\/www.mirabel-baiedecayola.com\/wp-content\/uploads\/2023\/05\/paddle-canoe-standup-plage-veillon.jpg\" alt=\"Kanuadventure Strand Veillon\" class=\"wp-image-13131\" srcset=\"https:\/\/mirabel-baiedecayola.com\/wp-content\/uploads\/2023\/05\/paddle-canoe-standup-plage-veillon.jpg 722w, https:\/\/mirabel-baiedecayola.com\/wp-content\/uploads\/2023\/05\/paddle-canoe-standup-plage-veillon-300x300.jpg 300w, https:\/\/mirabel-baiedecayola.com\/wp-content\/uploads\/2023\/05\/paddle-canoe-standup-plage-veillon-150x150.jpg 150w\" sizes=\"auto, (max-width: 722px) 100vw, 722px\" \/><\/a><\/figure>\n<\/div>\n\n\n\n<div class=\"wp-block-column is-vertically-aligned-center mb-0 is-layout-flow wp-block-column-is-layout-flow\" style=\"flex-basis:80%\">\n<p class=\"has-orange-color has-text-color has-medium-font-size\"><strong><strong><strong><strong>Paddel Abenteuer<\/strong><\/strong><\/strong><\/strong><\/p>\n\n\n\n<p>Nur 10 Minuten von Les Sables d\u2019Olonne entfernt, k\u00f6nnen Sie auf dem sch\u00f6nen und gro\u00dfen Strand von Veillon Canu oder Stand-Up-Paddling ausprobieren. Aktivit\u00e4ten f\u00fcr die ganze Familie.<\/p>\n\n\n\n<p>Plage du Veillon, erste H\u00fctte rechts<br>85 440 TALMONT-SAINT-HILAIRE<\/p>\n\n\n\n<p><strong>*Partnerangebot: 1\u20ac Rabatt auf Aktivit\u00e4ten<\/strong><br><br>06 40 32 54 75<br><a rel=\"noreferrer noopener\" href=\"https:\/\/www.paddleaventure.fr\/\" target=\"_blank\">https:\/\/www.paddleaventure.fr\/<\/a><\/p>\n<\/div>\n<\/div>\n\n\n\n<div class=\"wp-block-columns alignwide mb-0 has-turquoise-background-color has-background is-layout-flex wp-container-core-columns-is-layout-28f84493 wp-block-columns-is-layout-flex\">\n<div class=\"wp-block-column is-vertically-aligned-center is-layout-flow wp-block-column-is-layout-flow\" style=\"flex-basis:20%\">\n<figure class=\"wp-block-image alignleft size-full is-resized\"><a href=\"https:\/\/leptitnatien.fr\/\" target=\"_blank\" rel=\"noopener\"><img loading=\"lazy\" decoding=\"async\" width=\"1017\" height=\"915\" src=\"https:\/\/www.mirabel-baiedecayola.com\/wp-content\/uploads\/2023\/06\/le-ptit-natien.png\" alt=\"\" class=\"wp-image-13286\" style=\"width:230px;height:206px\" srcset=\"https:\/\/mirabel-baiedecayola.com\/wp-content\/uploads\/2023\/06\/le-ptit-natien.png 1017w, https:\/\/mirabel-baiedecayola.com\/wp-content\/uploads\/2023\/06\/le-ptit-natien-300x270.png 300w, https:\/\/mirabel-baiedecayola.com\/wp-content\/uploads\/2023\/06\/le-ptit-natien-768x691.png 768w\" sizes=\"auto, (max-width: 1017px) 100vw, 1017px\" \/><\/a><\/figure>\n<\/div>\n\n\n\n<div class=\"wp-block-column is-vertically-aligned-center has-turquoise-color has-text-color is-layout-flow wp-block-column-is-layout-flow\" style=\"flex-basis:80%\">\n<p class=\"has-orange-color has-text-color has-medium-font-size\"><strong><strong><strong><strong><strong>Le P'tit Natien<\/strong><\/strong><\/strong><\/strong><\/strong>*<\/p>\n\n\n\n<p class=\"has-white-color has-text-color\">Von den Sables d\u2019Olonne aus gehen Sie an Bord eines Schiffes und entdecken Sie die \u00cele de R\u00e9 und die K\u00fcsten der Vend\u00e9e.<\/p>\n\n\n\n<p class=\"has-white-color has-text-color\">Ponton du Vend\u00e9e Globe, Boulevard de l\u2019\u00eele Vertime<br>85 100 LES SABLES D\u2019OLONNE<\/p>\n\n\n\n<p class=\"has-white-color has-text-color\"><strong>Partnerangebot: Vorzugspreis f\u00fcr \u00dcberfahrten. Preise an der Rezeption des Campingplatzes einsehen<\/strong><\/p>\n\n\n\n<p class=\"has-white-color has-text-color\"><\/p>\n\n\n\n<p class=\"has-white-color has-text-color\"><br>06 78 11 34 06<br><a rel=\"noreferrer noopener\" href=\"https:\/\/leptitnatien.fr\/\" target=\"_blank\">https:\/\/leptitnatien.fr\/<\/a><\/p>\n<\/div>\n<\/div>\n\n\n\n<div class=\"wp-block-columns alignwide mb-0 has-turquoise-color has-text-color has-background is-layout-flex wp-container-core-columns-is-layout-28f84493 wp-block-columns-is-layout-flex\" style=\"background-color:#e2edef\">\n<div class=\"wp-block-column is-vertically-aligned-center is-layout-flow wp-block-column-is-layout-flow\" style=\"flex-basis:20%\">\n<figure class=\"wp-block-image alignleft size-full\"><img loading=\"lazy\" decoding=\"async\" width=\"301\" height=\"300\" src=\"https:\/\/mirabel-baiedecayola.com\/wp-content\/uploads\/2024\/07\/musee-coquillage-sables.jpg\" alt=\"\" class=\"wp-image-16654\" srcset=\"https:\/\/mirabel-baiedecayola.com\/wp-content\/uploads\/2024\/07\/musee-coquillage-sables.jpg 301w, https:\/\/mirabel-baiedecayola.com\/wp-content\/uploads\/2024\/07\/musee-coquillage-sables-150x150.jpg 150w\" sizes=\"auto, (max-width: 301px) 100vw, 301px\" \/><\/figure>\n<\/div>\n\n\n\n<div class=\"wp-block-column is-vertically-aligned-center mb-0 is-layout-flow wp-block-column-is-layout-flow\" style=\"flex-basis:80%\">\n<p class=\"has-orange-color has-text-color has-medium-font-size\"><strong><strong><strong><strong>Muschelmuseum<\/strong><\/strong><\/strong><\/strong><\/p>\n\n\n\n<p>Seit jeher\u2026 ist der Mensch fasziniert von der seltsamen Sch\u00f6nheit der Muscheln, der unendlichen Vielfalt ihrer Formen, ihrer Texturen, der Subtilit\u00e4t ihrer Farben\u2026 Manche Muscheln sind wahre Kunstwerke! Es ist der Ozean und all seine Geheimnisse, die sich Ihnen durch eine in Europa einzigartige Sammlung er\u00f6ffnen.<\/p>\n\n\n\n<p>8 Rue Mar\u00e9chal Leclerc<br>85 100 LES SABLES D\u2019OLONNE<\/p>\n\n\n\n<p><strong>Partnerangebot: 1 \u20ac Rabatt auf den Eintrittspreis<\/strong><br><br>02 51 23 50 00 \/ 06 27 76 37 23<br><a href=\"https:\/\/www.museumducoquillage.com\/\">https:\/\/www.museumducoquillage.com\/<\/a><\/p>\n<\/div>\n<\/div>\n\n\n\n<div style=\"height:80px\" aria-hidden=\"true\" class=\"wp-block-spacer\"><\/div>\n\n\n\n<p class=\"has-medium-font-size\"><strong>Weniger als 30 Minuten vom Campingplatz<\/strong><\/p>\n\n\n\n<figure class=\"wp-block-image size-full\"><img decoding=\"async\" src=\"https:\/\/www.campinglarenaudiere.com\/wp-content\/uploads\/2022\/01\/barre-bleue.png\" alt=\"\" class=\"wp-image-2382\"\/><\/figure>\n\n\n\n<div class=\"wp-block-columns alignwide mb-0 has-text-color has-background is-layout-flex wp-container-core-columns-is-layout-28f84493 wp-block-columns-is-layout-flex\" style=\"background-color:#e2edef\">\n<div class=\"wp-block-column is-vertically-aligned-center is-layout-flow wp-block-column-is-layout-flow\" style=\"flex-basis:20%\">\n<figure class=\"wp-block-image alignleft size-full\"><a href=\"https:\/\/scoot-wave.fr\/\" target=\"_blank\" rel=\"noreferrer noopener\"><img loading=\"lazy\" decoding=\"async\" width=\"427\" height=\"427\" src=\"https:\/\/www.mirabel-baiedecayola.com\/wp-content\/uploads\/2023\/05\/scoot-wave-location-jet-ski.jpg\" alt=\"Scoot Wave, Jet-Ski und Schleppbojenverleih in der Vend\u00e9e\" class=\"wp-image-13148\" srcset=\"https:\/\/mirabel-baiedecayola.com\/wp-content\/uploads\/2023\/05\/scoot-wave-location-jet-ski.jpg 427w, https:\/\/mirabel-baiedecayola.com\/wp-content\/uploads\/2023\/05\/scoot-wave-location-jet-ski-300x300.jpg 300w, https:\/\/mirabel-baiedecayola.com\/wp-content\/uploads\/2023\/05\/scoot-wave-location-jet-ski-150x150.jpg 150w\" sizes=\"auto, (max-width: 427px) 100vw, 427px\" \/><\/a><\/figure>\n<\/div>\n\n\n\n<div class=\"wp-block-column is-vertically-aligned-center is-layout-flow wp-block-column-is-layout-flow\" style=\"flex-basis:80%\">\n<p class=\"has-orange-color has-text-color has-medium-font-size\"><strong><strong><strong><strong><strong><strong><strong><strong><strong>Rollerwelle<\/strong><\/strong><\/strong><\/strong><\/strong><\/strong><\/strong><\/strong><\/strong><\/p>\n\n\n\n<p>Um sich mit Wassersportaktivit\u00e4ten zu vergn\u00fcgen, bietet Scoot Wave die Vermietung von Jetskis, Sea-Scootern und Funtubes an. Haben Sie Spa\u00df mit Ihren Freunden und st\u00fcrzen Sie sich ins Wasser!<\/p>\n\n\n\n<p>Quai Alain Gerbaud<br>85 100 LES SABLES D\u2019OLONNE<\/p>\n\n\n\n<p><strong>*Partnerangebot: 5 \u20ac Rabatt auf den Schleppring. 20 \u20ac Rabatt auf eine Duo-Mini-Ausfahrt von 1h15<\/strong><\/p>\n\n\n\n<p>06 86 58 15 07<br><a rel=\"noreferrer noopener\" href=\"https:\/\/scoot-wave.fr\/\" target=\"_blank\">https:\/\/scoot-wave.fr\/<\/a><\/p>\n<\/div>\n<\/div>\n\n\n\n<div class=\"wp-block-columns alignwide mb-0 has-white-color has-turquoise-background-color has-text-color has-background is-layout-flex wp-container-core-columns-is-layout-28f84493 wp-block-columns-is-layout-flex\">\n<div class=\"wp-block-column is-vertically-aligned-center is-layout-flow wp-block-column-is-layout-flow\" style=\"flex-basis:20%\">\n<figure class=\"wp-block-image alignleft size-large\"><a href=\"https:\/\/www.atlanticjetski.fr\/\" target=\"_blank\" rel=\"noreferrer noopener\"><img loading=\"lazy\" decoding=\"async\" width=\"1024\" height=\"1024\" src=\"https:\/\/www.mirabel-baiedecayola.com\/wp-content\/uploads\/2023\/05\/base-de-jet-ski-vendee-jard-sur-mer-atlantic-jet-ski-6-1024x1024.jpg\" alt=\"\" class=\"wp-image-13104\" srcset=\"https:\/\/mirabel-baiedecayola.com\/wp-content\/uploads\/2023\/05\/base-de-jet-ski-vendee-jard-sur-mer-atlantic-jet-ski-6-1024x1024.jpg 1024w, https:\/\/mirabel-baiedecayola.com\/wp-content\/uploads\/2023\/05\/base-de-jet-ski-vendee-jard-sur-mer-atlantic-jet-ski-6-300x300.jpg 300w, https:\/\/mirabel-baiedecayola.com\/wp-content\/uploads\/2023\/05\/base-de-jet-ski-vendee-jard-sur-mer-atlantic-jet-ski-6-150x150.jpg 150w, https:\/\/mirabel-baiedecayola.com\/wp-content\/uploads\/2023\/05\/base-de-jet-ski-vendee-jard-sur-mer-atlantic-jet-ski-6-768x767.jpg 768w, https:\/\/mirabel-baiedecayola.com\/wp-content\/uploads\/2023\/05\/base-de-jet-ski-vendee-jard-sur-mer-atlantic-jet-ski-6.jpg 1367w\" sizes=\"auto, (max-width: 1024px) 100vw, 1024px\" \/><\/a><\/figure>\n<\/div>\n\n\n\n<div class=\"wp-block-column is-vertically-aligned-center is-layout-flow wp-block-column-is-layout-flow\" style=\"flex-basis:80%\">\n<p class=\"has-orange-color has-text-color has-medium-font-size\"><strong><strong><strong><strong><strong><strong><strong><strong>Atlantik Jetski<\/strong><\/strong><\/strong><\/strong><\/strong><\/strong><\/strong><\/strong><\/p>\n\n\n\n<p>Tanken Sie Adrenalin in Jard-sur-Mer mit zahlreichen angebotenen Aktivit\u00e4ten: Reifenschlauchboot, Jet-Ski, Banana Boat. Ein Moment voller Spa\u00df und Vergn\u00fcgen nur wenige Kilometer von Ihrem Campingplatz entfernt.<\/p>\n\n\n\n<p>Sporthafen Rue de Morpoigne<br>85520 JARD SUR MER<\/p>\n\n\n\n<p><strong>Partnerangebot: 5 \u20ac Rabatt<\/strong><\/p>\n\n\n\n<p>07 71 75 77 49<br><a href=\"https:\/\/www.atlanticjetski.fr\/\" target=\"_blank\" rel=\"noreferrer noopener\">https:\/\/www.atlanticjetski.fr<\/a><\/p>\n<\/div>\n<\/div>\n\n\n\n<div class=\"wp-block-columns alignwide mb-0 has-text-color has-background is-layout-flex wp-container-core-columns-is-layout-28f84493 wp-block-columns-is-layout-flex\" style=\"background-color:#e2edef\">\n<div class=\"wp-block-column is-vertically-aligned-center is-layout-flow wp-block-column-is-layout-flow\" style=\"flex-basis:20%\">\n<figure class=\"wp-block-image alignleft size-full\"><a href=\"https:\/\/www.up2play.fr\/lessablesdolonne\" target=\"_blank\" rel=\"noreferrer noopener\"><img loading=\"lazy\" decoding=\"async\" width=\"380\" height=\"380\" src=\"https:\/\/www.mirabel-baiedecayola.com\/wp-content\/uploads\/2022\/06\/up-to-play-sables-olonne-e1655363251651.jpeg\" alt=\"Freizeitpark\" class=\"wp-image-10348\" srcset=\"https:\/\/mirabel-baiedecayola.com\/wp-content\/uploads\/2022\/06\/up-to-play-sables-olonne-e1655363251651.jpeg 380w, https:\/\/mirabel-baiedecayola.com\/wp-content\/uploads\/2022\/06\/up-to-play-sables-olonne-e1655363251651-300x300.jpeg 300w, https:\/\/mirabel-baiedecayola.com\/wp-content\/uploads\/2022\/06\/up-to-play-sables-olonne-e1655363251651-150x150.jpeg 150w\" sizes=\"auto, (max-width: 380px) 100vw, 380px\" \/><\/a><\/figure>\n<\/div>\n\n\n\n<div class=\"wp-block-column is-vertically-aligned-center is-layout-flow wp-block-column-is-layout-flow\" style=\"flex-basis:80%\">\n<p class=\"has-orange-color has-text-color has-medium-font-size\"><strong><strong><strong><strong><strong>Auf zum Spielen<\/strong><\/strong><\/strong><\/strong><\/strong><\/p>\n\n\n\n<p class=\"has-turquoise-color has-text-color\">Dieser Indoor-Freizeitkomplex wird die ganze Familie begeistern. Er bietet Hindernisparcours, Bowling, Trampoline, Escape Rooms usw. <\/p>\n\n\n\n<p class=\"has-turquoise-color has-text-color\">Route des Sables d\u2019Olonne D949<br>85 440 AVRILLE<\/p>\n\n\n\n<p class=\"has-turquoise-color has-text-color\"><strong>*Partnerangebot: 10% Rabatt (ohne Getr\u00e4nke und Automatenspiele)<\/strong><\/p>\n\n\n\n<p class=\"has-turquoise-color has-text-color\">02 51 22 33 06<br><a href=\"https:\/\/www.up2play.fr\/lessablesdolonne\/\" target=\"_blank\" rel=\"noreferrer noopener\">https:\/\/www.up2play.fr\/lessablesdolonne<\/a><\/p>\n<\/div>\n<\/div>\n\n\n\n<div class=\"wp-block-columns alignwide mb-0 has-white-color has-turquoise-background-color has-text-color has-background is-layout-flex wp-container-core-columns-is-layout-28f84493 wp-block-columns-is-layout-flex\">\n<div class=\"wp-block-column is-vertically-aligned-center is-layout-flow wp-block-column-is-layout-flow\" style=\"flex-basis:20%\">\n<figure class=\"wp-block-image alignleft size-full\"><a href=\"https:\/\/www.blockhaus-sables.com\/\" target=\"_blank\" rel=\"noopener\"><img loading=\"lazy\" decoding=\"async\" width=\"646\" height=\"646\" src=\"https:\/\/www.mirabel-baiedecayola.com\/wp-content\/uploads\/2023\/05\/musee-blockhaus-allemand-sables-olonne.jpg\" alt=\"Museum Blockhaus deutsches Lazarett, Les Sables-d&#039;Olonne\" class=\"wp-image-13126\" srcset=\"https:\/\/mirabel-baiedecayola.com\/wp-content\/uploads\/2023\/05\/musee-blockhaus-allemand-sables-olonne.jpg 646w, https:\/\/mirabel-baiedecayola.com\/wp-content\/uploads\/2023\/05\/musee-blockhaus-allemand-sables-olonne-300x300.jpg 300w, https:\/\/mirabel-baiedecayola.com\/wp-content\/uploads\/2023\/05\/musee-blockhaus-allemand-sables-olonne-150x150.jpg 150w\" sizes=\"auto, (max-width: 646px) 100vw, 646px\" \/><\/a><\/figure>\n<\/div>\n\n\n\n<div class=\"wp-block-column is-vertically-aligned-center is-layout-flow wp-block-column-is-layout-flow\" style=\"flex-basis:80%\">\n<p class=\"has-orange-color has-text-color has-medium-font-size\"><strong><strong><strong><strong><strong><strong><strong><strong>Museum Blockhaus des Sandes<\/strong><\/strong><\/strong><\/strong><\/strong><\/strong><\/strong><\/strong><\/p>\n\n\n\n<p>Das Blockhaus-Museum ist ein ehemaliges deutsches Lazarett, das seit 1943 unversehrt erhalten geblieben ist. Es befand sich im Zentrum der K\u00e4mpfe einer Seeschlacht vor den Sables d'Olonne. Entdecken Sie mit der Familie die rund 350 m\u00b2 des Geb\u00e4udes, das dem Zweiten Weltkrieg in der Vend\u00e9e gewidmet ist.<\/p>\n\n\n\n<p>Rue de Verdun<br>85 100 LES SABLES D\u2019OLONNE<\/p>\n\n\n\n<p><strong>*Partnerangebot: Kostenloses Museumssouvenir im Wert von 6 \u20ac<\/strong><\/p>\n\n\n\n<p>02 51 32 80 12<br><a href=\"https:\/\/www.blockhaus-sables.com\/\" target=\"_blank\" rel=\"noreferrer noopener\">https:\/\/www.blockhaus-sables.com\/<\/a><\/p>\n<\/div>\n<\/div>\n\n\n\n<div class=\"wp-block-columns alignwide mb-0 has-text-color has-background is-layout-flex wp-container-core-columns-is-layout-28f84493 wp-block-columns-is-layout-flex\" style=\"background-color:#e2edef\">\n<div class=\"wp-block-column is-vertically-aligned-center is-layout-flow wp-block-column-is-layout-flow\" style=\"flex-basis:20%\">\n<figure class=\"wp-block-image alignleft size-full\"><a href=\"https:\/\/mecamax.com\/\" target=\"_blank\" rel=\"noreferrer noopener\"><img loading=\"lazy\" decoding=\"async\" width=\"512\" height=\"512\" src=\"https:\/\/www.mirabel-baiedecayola.com\/wp-content\/uploads\/2023\/05\/karting-quad-vendee-sables-olonne.jpg\" alt=\"Karting und Quad Vend\u00e9e Sables d&#039;Olonne\" class=\"wp-image-13121\" srcset=\"https:\/\/mirabel-baiedecayola.com\/wp-content\/uploads\/2023\/05\/karting-quad-vendee-sables-olonne.jpg 512w, https:\/\/mirabel-baiedecayola.com\/wp-content\/uploads\/2023\/05\/karting-quad-vendee-sables-olonne-300x300.jpg 300w, https:\/\/mirabel-baiedecayola.com\/wp-content\/uploads\/2023\/05\/karting-quad-vendee-sables-olonne-150x150.jpg 150w\" sizes=\"auto, (max-width: 512px) 100vw, 512px\" \/><\/a><\/figure>\n<\/div>\n\n\n\n<div class=\"wp-block-column is-vertically-aligned-center is-layout-flow wp-block-column-is-layout-flow\" style=\"flex-basis:80%\">\n<p class=\"has-orange-color has-text-color has-medium-font-size\"><strong><strong><strong><strong><strong>Mecamax<\/strong><\/strong><\/strong><\/strong><\/strong>*<\/p>\n\n\n\n<p class=\"has-turquoise-color has-text-color\">Treffen Sie sich auf der Multi-Aktivit\u00e4ten-Freizeitanlage 10 Minuten von Les Sables d'Olonne entfernt. Die sch\u00f6nste Kart &amp; Quad-Anlage der Vend\u00e9e<\/p>\n\n\n\n<p class=\"has-turquoise-color has-text-color\">Route de Challans<br>85 340 \u00ceLE D\u2019OLONNE<\/p>\n\n\n\n<p class=\"has-turquoise-color has-text-color\"><strong>*Partnerangebot: 10 %% Rabatt<\/strong><\/p>\n\n\n\n<p class=\"has-turquoise-color has-text-color\">02 51 33 11 82<br><a rel=\"noreferrer noopener\" href=\"https:\/\/mecamax.com\/\" target=\"_blank\">https:\/\/mecamax.com\/<\/a><\/p>\n<\/div>\n<\/div>\n\n\n\n<div class=\"wp-block-columns alignwide mb-0 has-white-color has-turquoise-background-color has-text-color has-background is-layout-flex wp-container-core-columns-is-layout-28f84493 wp-block-columns-is-layout-flex\">\n<div class=\"wp-block-column is-vertically-aligned-center is-layout-flow wp-block-column-is-layout-flow\" style=\"flex-basis:20%\">\n<figure class=\"wp-block-image alignleft size-full is-resized\"><a href=\"https:\/\/cinema-legrandpalace.fr\" target=\"_blank\" rel=\"noopener\"><img loading=\"lazy\" decoding=\"async\" width=\"300\" height=\"300\" src=\"https:\/\/www.mirabel-baiedecayola.com\/wp-content\/uploads\/2022\/04\/cinema-grand-palace.jpeg.crdownload.jpg\" alt=\"\" class=\"wp-image-8911\" style=\"width:200px\" srcset=\"https:\/\/mirabel-baiedecayola.com\/wp-content\/uploads\/2022\/04\/cinema-grand-palace.jpeg.crdownload.jpg 300w, https:\/\/mirabel-baiedecayola.com\/wp-content\/uploads\/2022\/04\/cinema-grand-palace.jpeg.crdownload-150x150.jpg 150w\" sizes=\"auto, (max-width: 300px) 100vw, 300px\" \/><\/a><\/figure>\n<\/div>\n\n\n\n<div class=\"wp-block-column is-vertically-aligned-center is-layout-flow wp-block-column-is-layout-flow\" style=\"flex-basis:80%\">\n<p class=\"has-medium-font-size\"><strong><strong><strong><strong><strong><strong><strong><strong>Cin\u00e9ma Le Grand Palace<\/strong><\/strong><\/strong><\/strong><\/strong><\/strong><\/strong><\/strong><\/p>\n\n\n\n<p>Das Kino bietet das ganze Jahr \u00fcber Animationsfilme f\u00fcr Kinder an. Es ist der ideale Ort, wenn das Wetter nicht mitspielt.<\/p>\n\n\n\n<p>Boulevard des franz\u00f6sischen Erinnerung<br>85 100 LES SABLES D\u2019OLONNE<\/p>\n\n\n\n<p>09 60 18 11 52<br><a href=\"https:\/\/cinema-legrandpalace.fr\/\" target=\"_blank\" rel=\"noreferrer noopener\">https:\/\/cinema-legrandpalace.fr<\/a><\/p>\n<\/div>\n<\/div>\n\n\n\n<div class=\"wp-block-columns alignwide mb-0 has-text-color has-background is-layout-flex wp-container-core-columns-is-layout-28f84493 wp-block-columns-is-layout-flex\" style=\"background-color:#e2edef\">\n<div class=\"wp-block-column is-vertically-aligned-center is-layout-flow wp-block-column-is-layout-flow\" style=\"flex-basis:20%\">\n<figure class=\"wp-block-image alignleft size-full is-resized\"><a href=\"http:\/\/www.chateau-aventuriers.com\" target=\"_blank\" rel=\"noopener\"><img loading=\"lazy\" decoding=\"async\" width=\"300\" height=\"300\" src=\"https:\/\/www.mirabel-baiedecayola.com\/wp-content\/uploads\/2022\/04\/Le-Chateau-des-aventuriers.jpg\" alt=\"\" class=\"wp-image-8914\" style=\"width:200px\" srcset=\"https:\/\/mirabel-baiedecayola.com\/wp-content\/uploads\/2022\/04\/Le-Chateau-des-aventuriers.jpg 300w, https:\/\/mirabel-baiedecayola.com\/wp-content\/uploads\/2022\/04\/Le-Chateau-des-aventuriers-150x150.jpg 150w\" sizes=\"auto, (max-width: 300px) 100vw, 300px\" \/><\/a><\/figure>\n<\/div>\n\n\n\n<div class=\"wp-block-column is-vertically-aligned-center is-layout-flow wp-block-column-is-layout-flow\" style=\"flex-basis:80%\">\n<p class=\"has-turquoise-color has-text-color has-medium-font-size\"><strong><strong><strong><strong><strong>Das Schloss der Abenteurer<\/strong><\/strong><\/strong><\/strong><\/strong><\/p>\n\n\n\n<p class=\"has-turquoise-color has-text-color\">Treffen Sie sich mit Ihren Kindern in diesem Park voller R\u00e4tsel und Geschichte! 4 Routen f\u00fcr Familienerlebnisse: die R\u00e4tselroute im Dino-Wald, das Escape Game im Spukhaus, die interaktive Polizeir\u00e4tsell\u00f6sung des Schlosses und die riesige Schatzsuche!<\/p>\n\n\n\n<p class=\"has-turquoise-color has-text-color\">Route des Sables d\u2019Olonne D949<br>85 440 AVRILLE<\/p>\n\n\n\n<p class=\"has-turquoise-color has-text-color\">02 51 22 33 06<br><a href=\"https:\/\/chateau-aventuriers.com\/\" target=\"_blank\" rel=\"noreferrer noopener\">www.chateau-aventuriers.com<\/a><\/p>\n<\/div>\n<\/div>\n\n\n\n<div class=\"wp-block-columns alignwide mb-0 has-white-color has-turquoise-background-color has-text-color has-background is-layout-flex wp-container-core-columns-is-layout-28f84493 wp-block-columns-is-layout-flex\">\n<div class=\"wp-block-column is-vertically-aligned-center is-layout-flow wp-block-column-is-layout-flow\" style=\"flex-basis:20%\">\n<figure class=\"wp-block-image alignleft size-full is-resized\"><a href=\"http:\/\/www.parc-des-dunes.com\/fr\/notre-parc-dattraction-brem-sur-mer\" target=\"_blank\" rel=\"noopener\"><img loading=\"lazy\" decoding=\"async\" width=\"300\" height=\"300\" src=\"https:\/\/www.mirabel-baiedecayola.com\/wp-content\/uploads\/2022\/04\/parc-des-dunes-alamoureux2.jpg\" alt=\"\" class=\"wp-image-8917\" style=\"width:200px\" srcset=\"https:\/\/mirabel-baiedecayola.com\/wp-content\/uploads\/2022\/04\/parc-des-dunes-alamoureux2.jpg 300w, https:\/\/mirabel-baiedecayola.com\/wp-content\/uploads\/2022\/04\/parc-des-dunes-alamoureux2-150x150.jpg 150w\" sizes=\"auto, (max-width: 300px) 100vw, 300px\" \/><\/a><\/figure>\n<\/div>\n\n\n\n<div class=\"wp-block-column is-vertically-aligned-center is-layout-flow wp-block-column-is-layout-flow\" style=\"flex-basis:80%\">\n<p class=\"has-medium-font-size\"><strong><strong><strong><strong><strong><strong><strong><strong><strong>Der D\u00fcnenpark<\/strong><\/strong><\/strong><\/strong><\/strong><\/strong><\/strong><\/strong><\/strong><\/p>\n\n\n\n<p>40 Attraktionen erwarten Sie f\u00fcr einen spa\u00dfigen und lachenden Tag mit Ihren Liebsten. F\u00fcr die ganze Familie oder mit Freunden.<\/p>\n\n\n\n<p>Rue de l\u2019Ecours<br>85 470 BREM-SUR-MER<\/p>\n\n\n\n<p>02 51 90 54 29<br><a href=\"https:\/\/www.parc-des-dunes.com\/fr\/notre-parc-dattraction-brem-sur-mer\" target=\"_blank\" rel=\"noreferrer noopener\">www.parc-des-dunes.com<\/a><\/p>\n<\/div>\n<\/div>\n\n\n\n<div class=\"wp-block-columns alignwide mb-0 has-text-color has-background is-layout-flex wp-container-core-columns-is-layout-28f84493 wp-block-columns-is-layout-flex\" style=\"background-color:#e2edef\">\n<div class=\"wp-block-column is-vertically-aligned-center is-layout-flow wp-block-column-is-layout-flow\" style=\"flex-basis:20%\">\n<figure class=\"wp-block-image alignleft size-full is-resized\"><a href=\"http:\/\/www.grand-defi.com\" target=\"_blank\" rel=\"noopener\"><img loading=\"lazy\" decoding=\"async\" width=\"1024\" height=\"768\" src=\"https:\/\/www.mirabel-baiedecayola.com\/wp-content\/uploads\/2022\/04\/le-grand-defi-st-julien-des-landes-85-loi-2.jpeg\" alt=\"\" class=\"wp-image-8941\" style=\"width:200px\" srcset=\"https:\/\/mirabel-baiedecayola.com\/wp-content\/uploads\/2022\/04\/le-grand-defi-st-julien-des-landes-85-loi-2.jpeg 1024w, https:\/\/mirabel-baiedecayola.com\/wp-content\/uploads\/2022\/04\/le-grand-defi-st-julien-des-landes-85-loi-2-300x225.jpeg 300w, https:\/\/mirabel-baiedecayola.com\/wp-content\/uploads\/2022\/04\/le-grand-defi-st-julien-des-landes-85-loi-2-768x576.jpeg 768w\" sizes=\"auto, (max-width: 1024px) 100vw, 1024px\" \/><\/a><\/figure>\n<\/div>\n\n\n\n<div class=\"wp-block-column is-vertically-aligned-center is-layout-flow wp-block-column-is-layout-flow\" style=\"flex-basis:80%\">\n<p class=\"has-orange-color has-text-color has-medium-font-size\"><strong><strong><strong><strong><strong>Die gro\u00dfe Herausforderung<\/strong><\/strong><\/strong><\/strong><\/strong>*<\/p>\n\n\n\n<p>Dieser Vergn\u00fcgungspark bietet die M\u00f6glichkeit, die Aktivit\u00e4t Ihrer Wahl auszu\u00fcben: Baumparcours, Ponyreiten, Paintball, ... ganz nach Ihren W\u00fcnschen.<\/p>\n\n\n\n<p>40 Sternenstra\u00dfe<br>85 150 SAINT-JULIEN-DES-LANDES<\/p>\n\n\n\n<p><strong>*Partnerangebot: 10 %% Rabatt<\/strong><\/p>\n\n\n\n<p>02 51 98 79 02<br><a href=\"https:\/\/www.grand-defi.com\/\" target=\"_blank\" rel=\"noreferrer noopener\">www.grand-defi.com<\/a><\/p>\n<\/div>\n<\/div>\n\n\n\n<div class=\"wp-block-columns alignwide mb-0 has-white-color has-turquoise-background-color has-text-color has-background is-layout-flex wp-container-core-columns-is-layout-28f84493 wp-block-columns-is-layout-flex\">\n<div class=\"wp-block-column is-vertically-aligned-center is-layout-flow wp-block-column-is-layout-flow\" style=\"flex-basis:20%\">\n<figure class=\"wp-block-image alignleft size-full is-resized\"><a href=\"https:\/\/www.oglisspark.fr\/\" target=\"_blank\" rel=\"noopener\"><img loading=\"lazy\" decoding=\"async\" width=\"300\" height=\"300\" src=\"https:\/\/www.mirabel-baiedecayola.com\/wp-content\/uploads\/2022\/04\/parc-aquatique-vendee-ogliss.png\" alt=\"\" class=\"wp-image-8920\" style=\"width:200px\" srcset=\"https:\/\/mirabel-baiedecayola.com\/wp-content\/uploads\/2022\/04\/parc-aquatique-vendee-ogliss.png 300w, https:\/\/mirabel-baiedecayola.com\/wp-content\/uploads\/2022\/04\/parc-aquatique-vendee-ogliss-150x150.png 150w\" sizes=\"auto, (max-width: 300px) 100vw, 300px\" \/><\/a><\/figure>\n<\/div>\n\n\n\n<div class=\"wp-block-column is-vertically-aligned-center is-layout-flow wp-block-column-is-layout-flow\" style=\"flex-basis:80%\">\n<p class=\"has-medium-font-size\"><strong><strong><strong><strong><strong><strong><strong><strong><strong>O\u2019Gliss Park<\/strong><\/strong><\/strong><\/strong><\/strong><\/strong><\/strong><\/strong><\/strong><\/p>\n\n\n\n<p>Der gr\u00f6\u00dfte Wasserpark der Vend\u00e9e \u00f6ffnet seine Pforten. Auf dem Programm: Wellenbad, Rutschen f\u00fcr zwei, mit Reifen oder allein, Bereich f\u00fcr Kleinkinder, \u2026<\/p>\n\n\n\n<p>Route de la Tranche-sur-Mer<br>85 560 LE BERNARD<\/p>\n\n\n\n<p>02 51 48 12 12<br><a href=\"https:\/\/oglisspark.fr\/\" target=\"_blank\" rel=\"noreferrer noopener\">www.oglisspark.fr<\/a><\/p>\n<\/div>\n<\/div>\n\n\n\n<div class=\"wp-block-columns alignwide mb-0 has-text-color has-background is-layout-flex wp-container-core-columns-is-layout-28f84493 wp-block-columns-is-layout-flex\" style=\"background-color:#e2edef\">\n<div class=\"wp-block-column is-vertically-aligned-center is-layout-flow wp-block-column-is-layout-flow\" style=\"flex-basis:20%\">\n<figure class=\"wp-block-image alignleft size-full is-resized\"><a href=\"http:\/\/www.lessalines.fr\/balades-en-paddle-canoe-vendee\" target=\"_blank\" rel=\"noopener\"><img loading=\"lazy\" decoding=\"async\" width=\"300\" height=\"300\" src=\"https:\/\/www.mirabel-baiedecayola.com\/wp-content\/uploads\/2022\/04\/Canoes-LES-SALINES.jpg\" alt=\"\" class=\"wp-image-8923\" style=\"width:200px\" srcset=\"https:\/\/mirabel-baiedecayola.com\/wp-content\/uploads\/2022\/04\/Canoes-LES-SALINES.jpg 300w, https:\/\/mirabel-baiedecayola.com\/wp-content\/uploads\/2022\/04\/Canoes-LES-SALINES-150x150.jpg 150w\" sizes=\"auto, (max-width: 300px) 100vw, 300px\" \/><\/a><\/figure>\n<\/div>\n\n\n\n<div class=\"wp-block-column is-vertically-aligned-center is-layout-flow wp-block-column-is-layout-flow\" style=\"flex-basis:80%\">\n<p class=\"has-orange-color has-text-color has-medium-font-size\"><strong><strong><strong><strong><strong>Les Salines Kanu-Freizeit<\/strong><\/strong><\/strong><\/strong><\/strong>*<\/p>\n\n\n\n<p>Entdecken Sie das Marais d\u2019Olonne vom Wasser aus an Bord Ihres Kanus. Eine Wanderung auf dem Salzfluss, die man ausprobieren muss!<\/p>\n\n\n\n<p>Route de l\u2019Aubraie<br>85 100 LES SABLES D\u2019OLONNE<\/p>\n\n\n\n<p><strong>Partnerangebot: 2 \u20ac Rabatt pro Erwachsenen und 1 \u20ac pro Kind<\/strong><\/p>\n\n\n\n<p>02 51 21 01 19<br><a href=\"https:\/\/www.lessalines.fr\/fr\/\" target=\"_blank\" rel=\"noreferrer noopener\">www.lessalines.fr\/balades-en-paddle-canoe-vendee<\/a><\/p>\n<\/div>\n<\/div>\n\n\n\n<div class=\"wp-block-columns alignwide mb-0 has-white-color has-turquoise-background-color has-text-color has-background is-layout-flex wp-container-core-columns-is-layout-28f84493 wp-block-columns-is-layout-flex\">\n<div class=\"wp-block-column is-vertically-aligned-center is-layout-flow wp-block-column-is-layout-flow\" style=\"flex-basis:20%\">\n<figure class=\"wp-block-image alignleft size-large\"><a href=\"https:\/\/www.laroutedusel.com\/\" target=\"_blank\" rel=\"noopener\"><img loading=\"lazy\" decoding=\"async\" width=\"1024\" height=\"1024\" src=\"https:\/\/www.mirabel-baiedecayola.com\/wp-content\/uploads\/2023\/05\/route-du-sel-randonnee-decouverte-1024x1024.jpg\" alt=\"\" class=\"wp-image-13091\" srcset=\"https:\/\/mirabel-baiedecayola.com\/wp-content\/uploads\/2023\/05\/route-du-sel-randonnee-decouverte-1024x1024.jpg 1024w, https:\/\/mirabel-baiedecayola.com\/wp-content\/uploads\/2023\/05\/route-du-sel-randonnee-decouverte-300x300.jpg 300w, https:\/\/mirabel-baiedecayola.com\/wp-content\/uploads\/2023\/05\/route-du-sel-randonnee-decouverte-150x150.jpg 150w, https:\/\/mirabel-baiedecayola.com\/wp-content\/uploads\/2023\/05\/route-du-sel-randonnee-decouverte-768x768.jpg 768w, https:\/\/mirabel-baiedecayola.com\/wp-content\/uploads\/2023\/05\/route-du-sel-randonnee-decouverte.jpg 1357w\" sizes=\"auto, (max-width: 1024px) 100vw, 1024px\" \/><\/a><\/figure>\n<\/div>\n\n\n\n<div class=\"wp-block-column is-vertically-aligned-center is-layout-flow wp-block-column-is-layout-flow\" style=\"flex-basis:80%\">\n<p class=\"has-orange-color has-text-color has-medium-font-size\"><strong><strong><strong><strong><strong><strong><strong><strong><strong>Die Salzstra\u00dfe<\/strong><\/strong><\/strong><\/strong><\/strong><\/strong><\/strong><\/strong><\/strong><\/p>\n\n\n\n<p>Erleben Sie ein Outdoor-Abenteuer im Kanu, auf dem Fahrrad oder zu Fu\u00df mit unseren einzigartigen Entdeckertouren. <\/p>\n\n\n\n<p>49 Rue de Verdun<br>85 300 SALLERTAINE<\/p>\n\n\n\n<p><strong>*Partnerangebot: 2 \u20ac Rabatt f\u00fcr Erwachsene (ab 12 Jahren)<\/strong><\/p>\n\n\n\n<p>02 51 93 03 40<br><a href=\"https:\/\/www.laroutedusel.com\/\" target=\"_blank\" rel=\"noreferrer noopener\">https:\/\/www.laroutedusel.com\/<\/a><\/p>\n<\/div>\n<\/div>\n\n\n\n<div class=\"wp-block-columns alignwide mb-0 has-text-color has-background is-layout-flex wp-container-core-columns-is-layout-28f84493 wp-block-columns-is-layout-flex\" style=\"background-color:#e2edef\">\n<div class=\"wp-block-column is-vertically-aligned-center is-layout-flow wp-block-column-is-layout-flow\" style=\"flex-basis:20%\">\n<figure class=\"wp-block-image alignleft size-full\"><a href=\"https:\/\/cairn-prehistoire.com\/\" target=\"_blank\" rel=\"noopener\"><img loading=\"lazy\" decoding=\"async\" width=\"680\" height=\"681\" src=\"https:\/\/www.mirabel-baiedecayola.com\/wp-content\/uploads\/2023\/05\/prehistosite-musee-vendee-tourisme.jpg\" alt=\"Museum Vorgeschichte Neolithikum Vend\u00e9e Tourismus\" class=\"wp-image-13143\" srcset=\"https:\/\/mirabel-baiedecayola.com\/wp-content\/uploads\/2023\/05\/prehistosite-musee-vendee-tourisme.jpg 680w, https:\/\/mirabel-baiedecayola.com\/wp-content\/uploads\/2023\/05\/prehistosite-musee-vendee-tourisme-300x300.jpg 300w, https:\/\/mirabel-baiedecayola.com\/wp-content\/uploads\/2023\/05\/prehistosite-musee-vendee-tourisme-150x150.jpg 150w\" sizes=\"auto, (max-width: 680px) 100vw, 680px\" \/><\/a><\/figure>\n<\/div>\n\n\n\n<div class=\"wp-block-column is-vertically-aligned-center is-layout-flow wp-block-column-is-layout-flow\" style=\"flex-basis:80%\">\n<p class=\"has-orange-color has-text-color has-medium-font-size\"><strong><strong><strong><strong><strong>Pr\u00e4historische St\u00e4tte Cairn<\/strong><\/strong><\/strong><\/strong>*<\/strong><\/p>\n\n\n\n<p>Willkommen im Land der Megalithen, 20 Minuten von Sables d'Olonne entfernt. Der Pr\u00e9histo\u2019site entf\u00fchrt Sie durch spielerische und lehrreiche Umgebungen ins Herz des Neolithikums.<\/p>\n\n\n\n<p>17 Courolle Stra\u00dfe<br>85 440 SAINT-HILAIRE-LA-FORET<\/p>\n\n\n\n<p><strong>*Partnerangebot: 10 %% Rabatt<\/strong><\/p>\n\n\n\n<p>02 51 33 38 38<br><a rel=\"noreferrer noopener\" href=\"https:\/\/cairn-prehistoire.com\/\" target=\"_blank\">https:\/\/cairn-prehistoire.com\/<\/a><\/p>\n<\/div>\n<\/div>\n\n\n\n<div style=\"height:80px\" aria-hidden=\"true\" class=\"wp-block-spacer\"><\/div>\n\n\n\n<p class=\"has-medium-font-size\"><strong>Weniger als 1 Stunde vom Campingplatz entfernt<\/strong><\/p>\n\n\n\n<figure class=\"wp-block-image size-full\"><img decoding=\"async\" src=\"https:\/\/www.campinglarenaudiere.com\/wp-content\/uploads\/2022\/01\/barre-bleue.png\" alt=\"\" class=\"wp-image-2382\"\/><\/figure>\n\n\n\n<div class=\"wp-block-columns alignwide mb-0 has-turquoise-background-color has-background is-layout-flex wp-container-core-columns-is-layout-28f84493 wp-block-columns-is-layout-flex\">\n<div class=\"wp-block-column is-vertically-aligned-center is-layout-flow wp-block-column-is-layout-flow\" style=\"flex-basis:20%\">\n<figure class=\"wp-block-image alignleft size-full\"><a href=\"https:\/\/www.lacourtdaron.com\/\" target=\"_blank\" rel=\"noopener\"><img loading=\"lazy\" decoding=\"async\" width=\"301\" height=\"300\" src=\"https:\/\/www.mirabel-baiedecayola.com\/wp-content\/uploads\/2023\/05\/court-aron-parc-floral.jpg\" alt=\"Parc Floral de la Court d&#039;Aron, Vend\u00e9e\" class=\"wp-image-13136\" srcset=\"https:\/\/mirabel-baiedecayola.com\/wp-content\/uploads\/2023\/05\/court-aron-parc-floral.jpg 301w, https:\/\/mirabel-baiedecayola.com\/wp-content\/uploads\/2023\/05\/court-aron-parc-floral-150x150.jpg 150w\" sizes=\"auto, (max-width: 301px) 100vw, 301px\" \/><\/a><\/figure>\n<\/div>\n\n\n\n<div class=\"wp-block-column is-vertically-aligned-center has-white-color has-text-color is-layout-flow wp-block-column-is-layout-flow\" style=\"flex-basis:80%\">\n<p class=\"has-orange-color has-text-color has-medium-font-size\"><strong><strong><strong><strong><strong><strong><strong><strong><strong>Blumengarten des Hofes von Aron<\/strong><\/strong><\/strong><\/strong><\/strong><\/strong><\/strong><\/strong><\/strong><\/p>\n\n\n\n<p>Auf einem \u00fcber 10 Hektar gro\u00dfen Naturgel\u00e4nde erkunden Sie mit Ihren Kindern und Enkeln die verschiedenen Parks und entdecken das riesige botanische Erbe, das seit \u00fcber 40 Jahren aufgebaut wurde.<\/p>\n\n\n\n<p>Blumengarten Cour d'Aron<br>85 540 SAINT CYR EN TALMONDAIS<\/p>\n\n\n\n<p><strong>Partnerangebot: 2 \u20ac Nachlass pro Erwachsenem<\/strong><\/p>\n\n\n\n<p>02 28 14 11 10<br><a rel=\"noreferrer noopener\" href=\"https:\/\/www.lacourtdaron.com\/\" target=\"_blank\">https:\/\/www.lacourtdaron.com\/<\/a><\/p>\n<\/div>\n<\/div>\n\n\n\n<div class=\"wp-block-columns alignwide mb-0 has-turquoise-color has-text-color has-background is-layout-flex wp-container-core-columns-is-layout-28f84493 wp-block-columns-is-layout-flex\" style=\"background-color:#e2edef\">\n<div class=\"wp-block-column is-vertically-aligned-center is-layout-flow wp-block-column-is-layout-flow\" style=\"flex-basis:20%\">\n<figure class=\"wp-block-image alignleft size-full\"><a href=\"https:\/\/potagerextraordinaire.com\/\" target=\"_blank\" rel=\"noopener\"><img loading=\"lazy\" decoding=\"async\" width=\"669\" height=\"669\" src=\"https:\/\/www.mirabel-baiedecayola.com\/wp-content\/uploads\/2023\/05\/potager-extraordinaire-roche-yon.jpg\" alt=\"Potager extraordinaire Roche sur Yon Vend\u00e9e\" class=\"wp-image-13114\" srcset=\"https:\/\/mirabel-baiedecayola.com\/wp-content\/uploads\/2023\/05\/potager-extraordinaire-roche-yon.jpg 669w, https:\/\/mirabel-baiedecayola.com\/wp-content\/uploads\/2023\/05\/potager-extraordinaire-roche-yon-300x300.jpg 300w, https:\/\/mirabel-baiedecayola.com\/wp-content\/uploads\/2023\/05\/potager-extraordinaire-roche-yon-150x150.jpg 150w\" sizes=\"auto, (max-width: 669px) 100vw, 669px\" \/><\/a><\/figure>\n<\/div>\n\n\n\n<div class=\"wp-block-column is-vertically-aligned-center is-layout-flow wp-block-column-is-layout-flow\" style=\"flex-basis:80%\">\n<p class=\"has-orange-color has-text-color has-medium-font-size\"><strong><strong><strong><strong><strong><strong><strong><strong><strong>Der Au\u00dfergew\u00f6hnliche Gem\u00fcsegarten<\/strong><\/strong><\/strong><\/strong><\/strong><\/strong><\/strong><\/strong><\/strong>*<\/p>\n\n\n\n<p>F\u00fcr Naturliebhaber, willkommen auf diesen 7 Hektar voller pflanzlicher Entdeckungen. Mehrere einzigartige und ebenso \u00fcberraschende Welten erwarten Sie w\u00e4hrend Ihres Besuchs.<\/p>\n\n\n\n<p>Route de Beautour, Curzais<br>85 000 LA ROCHE SUR YON<\/p>\n\n\n\n<p><strong>*Partnerangebot: 2 \u20ac Rabatt<\/strong><\/p>\n\n\n\n<p>02 51 46 67 83<br><a href=\"https:\/\/potagerextraordinaire.com\/\" target=\"_blank\" rel=\"noreferrer noopener\">https:\/\/potagerextraordinaire.com\/<\/a><\/p>\n<\/div>\n<\/div>\n\n\n\n<div class=\"wp-block-columns alignwide mb-0 has-turquoise-background-color has-background is-layout-flex wp-container-core-columns-is-layout-28f84493 wp-block-columns-is-layout-flex\">\n<div class=\"wp-block-column is-vertically-aligned-center is-layout-flow wp-block-column-is-layout-flow\" style=\"flex-basis:20%\">\n<figure class=\"wp-block-image alignleft size-full is-resized\"><a href=\"https:\/\/www.vendee-miniature.fr\/\" target=\"_blank\" rel=\"noopener\"><img loading=\"lazy\" decoding=\"async\" width=\"300\" height=\"300\" src=\"https:\/\/www.mirabel-baiedecayola.com\/wp-content\/uploads\/2022\/04\/vendee_miniature_moulin_colline.jpg\" alt=\"\" class=\"wp-image-8926\" style=\"width:200px\" srcset=\"https:\/\/mirabel-baiedecayola.com\/wp-content\/uploads\/2022\/04\/vendee_miniature_moulin_colline.jpg 300w, https:\/\/mirabel-baiedecayola.com\/wp-content\/uploads\/2022\/04\/vendee_miniature_moulin_colline-150x150.jpg 150w\" sizes=\"auto, (max-width: 300px) 100vw, 300px\" \/><\/a><\/figure>\n<\/div>\n\n\n\n<div class=\"wp-block-column is-vertically-aligned-center has-white-color has-text-color is-layout-flow wp-block-column-is-layout-flow\" style=\"flex-basis:80%\">\n<p class=\"has-medium-font-size\"><strong><strong><strong><strong><strong><strong><strong><strong><strong>Vend\u00e9e Miniature<\/strong><\/strong><\/strong><\/strong><\/strong><\/strong><\/strong><\/strong><\/strong><\/p>\n\n\n\n<p>Ein kleines, vollst\u00e4ndig restauriertes Dorf wartet darauf, mit Details und Authentizit\u00e4t entdeckt zu werden.<\/p>\n\n\n\n<p>50 rue du Pregneau<br>85 470 BRETIGNOLLES-SUR-MER<\/p>\n\n\n\n<p>02 51 22 47 50<br><a href=\"https:\/\/www.vendee-miniature.fr\/\" target=\"_blank\" rel=\"noreferrer noopener\">www.vendee-miniature.fr<\/a><\/p>\n<\/div>\n<\/div>\n\n\n\n<div class=\"wp-block-columns alignwide mb-0 has-turquoise-color has-text-color has-background is-layout-flex wp-container-core-columns-is-layout-28f84493 wp-block-columns-is-layout-flex\" style=\"background-color:#e2edef\">\n<div class=\"wp-block-column is-vertically-aligned-center is-layout-flow wp-block-column-is-layout-flow\" style=\"flex-basis:20%\">\n<figure class=\"wp-block-image alignleft size-full is-resized\"><a href=\"https:\/\/www.larochesuryon.fr\/maison-des-libellules\/\" target=\"_blank\" rel=\"noopener\"><img loading=\"lazy\" decoding=\"async\" width=\"300\" height=\"300\" src=\"https:\/\/www.mirabel-baiedecayola.com\/wp-content\/uploads\/2022\/04\/maisons-des-libellules-lamoureux-libellule-rouge.jpg\" alt=\"\" class=\"wp-image-8929\" style=\"width:200px\" srcset=\"https:\/\/mirabel-baiedecayola.com\/wp-content\/uploads\/2022\/04\/maisons-des-libellules-lamoureux-libellule-rouge.jpg 300w, https:\/\/mirabel-baiedecayola.com\/wp-content\/uploads\/2022\/04\/maisons-des-libellules-lamoureux-libellule-rouge-150x150.jpg 150w\" sizes=\"auto, (max-width: 300px) 100vw, 300px\" \/><\/a><\/figure>\n<\/div>\n\n\n\n<div class=\"wp-block-column is-vertically-aligned-center is-layout-flow wp-block-column-is-layout-flow\" style=\"flex-basis:80%\">\n<p class=\"has-medium-font-size\"><strong><strong><strong><strong><strong><strong><strong><strong><strong>Das Libellenhaus<\/strong><\/strong><\/strong><\/strong><\/strong><\/strong><\/strong><\/strong><\/strong><\/p>\n\n\n\n<p>Dieses kleine Haus entf\u00fchrt Sie in die besondere Welt der Libellen. 400 m\u00b2 Ausstellungsfl\u00e4che und 2 Hektar naturbelassener Garten laden Sie zu einem Spaziergang zwischen Naturerbe, Geschichte und Handwerk ein.<\/p>\n\n\n\n<p>9 Kirchenplatz<br>85 310 YON-UFER<\/p>\n\n\n\n<p>02 51 06 03 15<br><a href=\"https:\/\/www.larochesuryon.fr\/maison-des-libellules\/\" target=\"_blank\" rel=\"noreferrer noopener\">www.larochesuryon.fr\/maison-des-libellules<\/a><\/p>\n<\/div>\n<\/div>\n\n\n\n<div class=\"wp-block-columns alignwide mb-0 has-turquoise-background-color has-background is-layout-flex wp-container-core-columns-is-layout-28f84493 wp-block-columns-is-layout-flex\">\n<div class=\"wp-block-column is-vertically-aligned-center is-layout-flow wp-block-column-is-layout-flow\" style=\"flex-basis:20%\">\n<figure class=\"wp-block-image alignleft size-full\"><a href=\"https:\/\/lacoursecontrelamontre.fr\/\" target=\"_blank\" rel=\"noopener\"><img loading=\"lazy\" decoding=\"async\" width=\"490\" height=\"489\" src=\"https:\/\/www.mirabel-baiedecayola.com\/wp-content\/uploads\/2023\/05\/course-contre-la-montre-escape-game.jpg\" alt=\"Escape Game Vend\u00e9e - Das Rennen gegen die Zeit\" class=\"wp-image-13073\" srcset=\"https:\/\/mirabel-baiedecayola.com\/wp-content\/uploads\/2023\/05\/course-contre-la-montre-escape-game.jpg 490w, https:\/\/mirabel-baiedecayola.com\/wp-content\/uploads\/2023\/05\/course-contre-la-montre-escape-game-300x300.jpg 300w, https:\/\/mirabel-baiedecayola.com\/wp-content\/uploads\/2023\/05\/course-contre-la-montre-escape-game-150x150.jpg 150w\" sizes=\"auto, (max-width: 490px) 100vw, 490px\" \/><\/a><\/figure>\n<\/div>\n\n\n\n<div class=\"wp-block-column is-vertically-aligned-center has-white-color has-text-color is-layout-flow wp-block-column-is-layout-flow\" style=\"flex-basis:80%\">\n<p class=\"has-orange-color has-text-color has-medium-font-size\"><strong><strong><strong><strong><strong><strong><strong><strong><strong>Der Wettlauf gegen die Zeit<\/strong><\/strong><\/strong><\/strong><\/strong><\/strong><\/strong><\/strong><\/strong><\/p>\n\n\n\n<p>Tauchen Sie ein in eines unserer Szenarien mit immersiven Schaupl\u00e4tzen. Sie haben 60 Minuten Zeit, um Hinweise zu finden, unsere originellen R\u00e4tsel zu l\u00f6sen und Ihre Freiheit wiederzuerlangen.<\/p>\n\n\n\n<p>31 Rue de Lorraine<br>85 000 LA ROCHE SUR YON<\/p>\n\n\n\n<p><strong>Partnerangebot: 10% Rabatt bei Buchung<\/strong><\/p>\n\n\n\n<p>02 51 06 16 72<br><a href=\"https:\/\/lacoursecontrelamontre.fr\/\" target=\"_blank\" rel=\"noreferrer noopener\">https:\/\/lacoursecontrelamontre.fr\/<\/a><\/p>\n<\/div>\n<\/div>\n\n\n\n<div class=\"wp-block-columns alignwide mb-0 has-turquoise-color has-text-color has-background is-layout-flex wp-container-core-columns-is-layout-28f84493 wp-block-columns-is-layout-flex\" style=\"background-color:#e2edef\">\n<div class=\"wp-block-column is-vertically-aligned-center is-layout-flow wp-block-column-is-layout-flow\" style=\"flex-basis:20%\">\n<figure class=\"wp-block-image alignleft size-full\"><a href=\"https:\/\/dinos-park.com\/\" target=\"_blank\" rel=\"noopener\"><img loading=\"lazy\" decoding=\"async\" width=\"328\" height=\"324\" src=\"https:\/\/www.mirabel-baiedecayola.com\/wp-content\/uploads\/2023\/05\/loisirs-camping-vendee-parc-dinosaure.jpg\" alt=\"Dinopark Dinosaurier und Urzeit Freizeitpark\" class=\"wp-image-13070\" srcset=\"https:\/\/mirabel-baiedecayola.com\/wp-content\/uploads\/2023\/05\/loisirs-camping-vendee-parc-dinosaure.jpg 328w, https:\/\/mirabel-baiedecayola.com\/wp-content\/uploads\/2023\/05\/loisirs-camping-vendee-parc-dinosaure-300x296.jpg 300w\" sizes=\"auto, (max-width: 328px) 100vw, 328px\" \/><\/a><\/figure>\n<\/div>\n\n\n\n<div class=\"wp-block-column is-vertically-aligned-center is-layout-flow wp-block-column-is-layout-flow\" style=\"flex-basis:80%\">\n<p class=\"has-orange-color has-text-color has-medium-font-size\"><strong><strong><strong><strong><strong><strong><strong><strong><strong>Dinos Park<\/strong><\/strong><\/strong><\/strong><\/strong><\/strong><\/strong><\/strong><\/strong><\/p>\n\n\n\n<p>In einer nat\u00fcrlichen Umgebung, lassen Sie sich von Dinosauriern \u00fcberraschen! Beobachten Sie sie sich bewegen, br\u00fcllen, atmen!&nbsp;<\/p>\n\n\n\n<p>63 avenue de la Faye, 85270 SAINT HILAIRE DE RIEZ<\/p>\n\n\n\n<p><strong>Partnerangebot: 1\u20ac Rabatt<\/strong><\/p>\n\n\n\n<p>02 51 60 18 57 \/ 06 13 63 27 47<br><a href=\"https:\/\/dinos-park.com\/\" target=\"_blank\" rel=\"noreferrer noopener\">https:\/\/dinos-park.com\/<\/a><\/p>\n<\/div>\n<\/div>\n\n\n\n<div class=\"wp-block-columns alignwide mb-0 has-white-color has-turquoise-background-color has-text-color has-background is-layout-flex wp-container-core-columns-is-layout-28f84493 wp-block-columns-is-layout-flex\">\n<div class=\"wp-block-column is-vertically-aligned-center is-layout-flow wp-block-column-is-layout-flow\" style=\"flex-basis:20%\">\n<figure class=\"wp-block-image alignleft size-full is-resized\"><a href=\"http:\/\/www.moulin-gourmands.fr\" target=\"_blank\" rel=\"noopener\"><img loading=\"lazy\" decoding=\"async\" width=\"300\" height=\"300\" src=\"https:\/\/www.mirabel-baiedecayola.com\/wp-content\/uploads\/2022\/04\/Moulin-gourmand-vendee.jpg\" alt=\"\" class=\"wp-image-8932\" style=\"width:200px\" srcset=\"https:\/\/mirabel-baiedecayola.com\/wp-content\/uploads\/2022\/04\/Moulin-gourmand-vendee.jpg 300w, https:\/\/mirabel-baiedecayola.com\/wp-content\/uploads\/2022\/04\/Moulin-gourmand-vendee-150x150.jpg 150w\" sizes=\"auto, (max-width: 300px) 100vw, 300px\" \/><\/a><\/figure>\n<\/div>\n\n\n\n<div class=\"wp-block-column is-vertically-aligned-center is-layout-flow wp-block-column-is-layout-flow\" style=\"flex-basis:80%\">\n<p class=\"has-medium-font-size\"><strong><strong><strong><strong><strong><strong><strong><strong><strong><strong>Die M\u00fchle der Feinschmecker<\/strong><\/strong><\/strong><\/strong><\/strong><\/strong><\/strong><\/strong><\/strong><\/strong><\/p>\n\n\n\n<p>Seit 1842 immer noch in Betrieb, produziert er noch heute Mehl, das Ihre Kinder entdecken k\u00f6nnen. Im Park der M\u00fchle wurden Spiele aufgestellt, ebenso wie ein Esel, ein Labyrinth, ...<\/p>\n\n\n\n<p>Rue Ren\u00e9 Bazin<br>85 220 Saint-R\u00e9v\u00e9rend<\/p>\n\n\n\n<p>02 51 60 16 72<br><a href=\"http:\/\/www.moulin-gourmands.fr\" target=\"_blank\" rel=\"noreferrer noopener\">www.moulin-<\/a><a href=\"https:\/\/www.moulin-gourmands.fr\/\" target=\"_blank\" rel=\"noreferrer noopener\">g<\/a><a href=\"http:\/\/www.moulin-gourmands.fr\" target=\"_blank\" rel=\"noreferrer noopener\">ourmands.fr<\/a><\/p>\n<\/div>\n<\/div>\n\n\n\n<div style=\"height:80px\" aria-hidden=\"true\" class=\"wp-block-spacer\"><\/div>\n\n\n\n<p class=\"has-medium-font-size\"><strong>Mehr als eine Stunde vom Campingplatz entfernt<\/strong><\/p>\n\n\n\n<figure class=\"wp-block-image size-full\"><img decoding=\"async\" src=\"https:\/\/www.campinglarenaudiere.com\/wp-content\/uploads\/2022\/01\/barre-bleue.png\" alt=\"\" class=\"wp-image-2382\"\/><\/figure>\n\n\n\n<div class=\"wp-block-columns alignwide mb-0 has-white-color has-turquoise-background-color has-text-color has-background is-layout-flex wp-container-core-columns-is-layout-28f84493 wp-block-columns-is-layout-flex\">\n<div class=\"wp-block-column is-vertically-aligned-center is-layout-flow wp-block-column-is-layout-flow\" style=\"flex-basis:20%\">\n<figure class=\"wp-block-image alignleft size-full is-resized\"><a href=\"http:\/\/www.puydufou.com\/france\/fr\" target=\"_blank\" rel=\"noopener\"><img loading=\"lazy\" decoding=\"async\" width=\"300\" height=\"300\" src=\"https:\/\/www.mirabel-baiedecayola.com\/wp-content\/uploads\/2022\/04\/puy-du-fou.jpg\" alt=\"\" class=\"wp-image-8935\" style=\"width:200px\" srcset=\"https:\/\/mirabel-baiedecayola.com\/wp-content\/uploads\/2022\/04\/puy-du-fou.jpg 300w, https:\/\/mirabel-baiedecayola.com\/wp-content\/uploads\/2022\/04\/puy-du-fou-150x150.jpg 150w\" sizes=\"auto, (max-width: 300px) 100vw, 300px\" \/><\/a><\/figure>\n<\/div>\n\n\n\n<div class=\"wp-block-column is-vertically-aligned-center is-layout-flow wp-block-column-is-layout-flow\" style=\"flex-basis:80%\">\n<p class=\"has-medium-font-size\"><strong>Le Puy du Fou<\/strong><\/p>\n\n\n\n<p>Mehrmals zum besten Park der Welt gek\u00fcrt, ist er ein Muss in der Region. Eine Reitshow, ein Gladiatorenkampf, ein untergetauchtes Wikingerschiff \u2013 Sie werden daraus nicht mehr herauskommen! Ein Erlebnis f\u00fcr die ganze Familie.<\/p>\n\n\n\n<p>CS 70 025<br>85 590 LES EPESSES<\/p>\n\n\n\n<p>08 20 09 10 10<br><a href=\"https:\/\/www.puydufou.com\/france\/fr\" target=\"_blank\" rel=\"noreferrer noopener\">www.puydufou.com\/france\/fr<\/a><\/p>\n<\/div>\n<\/div>\n\n\n\n<div class=\"wp-block-columns alignwide mb-0 has-text-color has-background is-layout-flex wp-container-core-columns-is-layout-28f84493 wp-block-columns-is-layout-flex\" style=\"background-color:#e2edef\">\n<div class=\"wp-block-column is-vertically-aligned-center is-layout-flow wp-block-column-is-layout-flow\" style=\"flex-basis:20%\">\n<figure class=\"wp-block-image alignleft size-full is-resized\"><a href=\"http:\/\/www.futuroscope.com\/fr\" target=\"_blank\" rel=\"noopener\"><img loading=\"lazy\" decoding=\"async\" width=\"300\" height=\"300\" src=\"https:\/\/www.mirabel-baiedecayola.com\/wp-content\/uploads\/2022\/04\/futuroscope-camping-vendee.jpg\" alt=\"\" class=\"wp-image-8938\" style=\"width:200px\" srcset=\"https:\/\/mirabel-baiedecayola.com\/wp-content\/uploads\/2022\/04\/futuroscope-camping-vendee.jpg 300w, https:\/\/mirabel-baiedecayola.com\/wp-content\/uploads\/2022\/04\/futuroscope-camping-vendee-150x150.jpg 150w\" sizes=\"auto, (max-width: 300px) 100vw, 300px\" \/><\/a><\/figure>\n<\/div>\n\n\n\n<div class=\"wp-block-column is-vertically-aligned-center is-layout-flow wp-block-column-is-layout-flow\" style=\"flex-basis:80%\">\n<p class=\"has-turquoise-color has-text-color has-medium-font-size\"><strong>Le Futuroscope<\/strong><\/p>\n\n\n\n<p>Zwischen Reisen, Nervenkitzel und lustigen Spielen ist der Futuroscope Park eine au\u00dfergew\u00f6hnliche Reise: 3D- und 4D-Erlebnisse, Sound- und Lichtshows usw.<\/p>\n\n\n\n<p>Futuroscope<br>Cs 52000<br>86 133 JAUNAY-CLAN CEDEX<\/p>\n\n\n\n<p>05 49 49 11 12<br><a href=\"https:\/\/www.futuroscope.com\/fr\/\" target=\"_blank\" rel=\"noreferrer noopener\">www.futuroscope.com\/de<\/a><\/p>\n<\/div>\n<\/div>\n\n\n\n<div class=\"wp-block-columns alignwide mb-0 has-white-color has-turquoise-background-color has-text-color has-background is-layout-flex wp-container-core-columns-is-layout-28f84493 wp-block-columns-is-layout-flex\">\n<div class=\"wp-block-column is-vertically-aligned-center is-layout-flow wp-block-column-is-layout-flow\" style=\"flex-basis:20%\">\n<figure class=\"wp-block-image alignleft size-full\"><a href=\"https:\/\/larouelibre.veloyeu.fr\/\" target=\"_blank\" rel=\"noopener\"><img loading=\"lazy\" decoding=\"async\" width=\"275\" height=\"275\" src=\"https:\/\/www.mirabel-baiedecayola.com\/wp-content\/uploads\/2023\/05\/location-velo-electrique-ile-d-yeu.jpg\" alt=\"Fahrradverleih \u00cele d&#039;Yeu\" class=\"wp-image-13081\" srcset=\"https:\/\/mirabel-baiedecayola.com\/wp-content\/uploads\/2023\/05\/location-velo-electrique-ile-d-yeu.jpg 275w, https:\/\/mirabel-baiedecayola.com\/wp-content\/uploads\/2023\/05\/location-velo-electrique-ile-d-yeu-150x150.jpg 150w\" sizes=\"auto, (max-width: 275px) 100vw, 275px\" \/><\/a><\/figure>\n<\/div>\n\n\n\n<div class=\"wp-block-column is-vertically-aligned-center is-layout-flow wp-block-column-is-layout-flow\" style=\"flex-basis:80%\">\n<p class=\"has-orange-color has-text-color has-medium-font-size\"><strong>Das Freie Rad<\/strong><\/p>\n\n\n\n<p>Fahrradverleih auf der \u00cele d\u2019Yeu. Mit einem gemieteten Fahrrad erreichen Sie bequem alle Sehensw\u00fcrdigkeiten der Insel.<\/p>\n\n\n\n<p>4 Calypso-Stra\u00dfe,<br>85350 PORT JOINVILLE, \u00ceLE D\u2019YEU<\/p>\n\n\n\n<p><strong>Partnerangebot: 10% Rabatt auf Ihre Online-Buchung (au\u00dfer Fatbike und Lastenrad)<\/strong><\/p>\n\n\n\n<p>02 52 59 20 70<br><a href=\"https:\/\/larouelibre.veloyeu.fr\/\" target=\"_blank\" rel=\"noreferrer noopener\">https:\/\/larouelibre.veloyeu.fr\/<\/a><br><\/p>\n<\/div>\n<\/div>\n\n\n\n<p><\/p>","protected":false},"excerpt":{"rendered":"<p>O\u00f9 sortir pendant vos vacances aux Sables d&rsquo;Olonne&nbsp;? De nombreuses activit\u00e9s \u00e0 faire \u00e0 proximit\u00e9 du camping Le Camping Mirabel [&hellip;]<\/p>\n","protected":false},"author":3,"featured_media":0,"parent":0,"menu_order":0,"comment_status":"closed","ping_status":"closed","template":"","meta":{"_seopress_robots_primary_cat":"","_seopress_titles_title":"D\u00e9couvrez les activit\u00e9s \u00e0 faire au camping","_seopress_titles_desc":"Prenez le temps de d\u00e9couvrir les activit\u00e9s \u00e0 faire autour de votre camping pour organiser votre s\u00e9jour","_seopress_robots_index":"","footnotes":""},"class_list":["post-8674","page","type-page","status-publish","hentry"],"_links":{"self":[{"href":"https:\/\/mirabel-baiedecayola.com\/de\/wp-json\/wp\/v2\/pages\/8674","targetHints":{"allow":["GET"]}}],"collection":[{"href":"https:\/\/mirabel-baiedecayola.com\/de\/wp-json\/wp\/v2\/pages"}],"about":[{"href":"https:\/\/mirabel-baiedecayola.com\/de\/wp-json\/wp\/v2\/types\/page"}],"author":[{"embeddable":true,"href":"https:\/\/mirabel-baiedecayola.com\/de\/wp-json\/wp\/v2\/users\/3"}],"replies":[{"embeddable":true,"href":"https:\/\/mirabel-baiedecayola.com\/de\/wp-json\/wp\/v2\/comments?post=8674"}],"version-history":[{"count":94,"href":"https:\/\/mirabel-baiedecayola.com\/de\/wp-json\/wp\/v2\/pages\/8674\/revisions"}],"predecessor-version":[{"id":17029,"href":"https:\/\/mirabel-baiedecayola.com\/de\/wp-json\/wp\/v2\/pages\/8674\/revisions\/17029"}],"wp:attachment":[{"href":"https:\/\/mirabel-baiedecayola.com\/de\/wp-json\/wp\/v2\/media?parent=8674"}],"curies":[{"name":"wp","href":"https:\/\/api.w.org\/{rel}","templated":true}]}}