{"id":9,"date":"2021-12-09T16:22:05","date_gmt":"2021-12-09T15:22:05","guid":{"rendered":"https:\/\/www.campinglarenaudiere.com\/?page_id=9"},"modified":"2025-10-30T11:23:15","modified_gmt":"2025-10-30T10:23:15","slug":"accueil","status":"publish","type":"page","link":"https:\/\/mirabel-baiedecayola.com\/de\/","title":{"rendered":"Startseite"},"content":{"rendered":"<div class=\"wp-block-group front-page-section grey is-layout-flow wp-block-group-is-layout-flow\">\n<p class=\"h1-like\" id=\"camping\">Willkommen auf dem Campingplatz Mirabel La Baie de Cayola<\/p>\n\n\n\n<div style=\"height:10px\" aria-hidden=\"true\" class=\"wp-block-spacer\"><\/div>\n\n\n\n<div class=\"wp-block-columns is-layout-flex wp-container-core-columns-is-layout-28f84493 wp-block-columns-is-layout-flex\">\n<div class=\"wp-block-column is-layout-flow wp-block-column-is-layout-flow\">\n<div class=\"wp-block-create-block-sevgutenberg\"><aside class=\"encart-sev moyen arrondi\"><a href=\"https:\/\/mirabel-baiedecayola.com\/de\/camping-vendee-aktivitaten\/\" class=\"d-flex flex-column align-items-center\"><div class=\"encart-title\"><h3>Sport und Freizeit<\/h3><\/div><div class=\"vague\"><\/div><img decoding=\"async\" src=\"https:\/\/www.mirabel-baiedecayola.com\/wp-content\/uploads\/2023\/02\/multisports-basket-panier-sport.jpg\" alt=\"Teil Basketball Multisport Korb\"\/><div class=\"ligne\"><\/div><div class=\"hover\"><\/div><\/a><\/aside><\/div>\n<\/div>\n\n\n\n<div class=\"wp-block-column espaceaquatique is-layout-flow wp-block-column-is-layout-flow\">\n<div class=\"wp-block-create-block-sevgutenberg\"><aside class=\"encart-sev moyen arrondi\"><a href=\"https:\/\/mirabel-baiedecayola.com\/de\/wasserpark\/\" class=\"d-flex flex-column align-items-center\"><div class=\"encart-title\"><h3>Wasserraum<\/h3><\/div><div class=\"vague\"><\/div><img decoding=\"async\" src=\"https:\/\/mirabel-baiedecayola.com\/wp-content\/uploads\/2024\/01\/encart-piscine-jeux-camping-sables.jpg\" alt=\"Schwimmbad mit Rutschen auf dem Campingplatz in Les Sables d&#039;Olonne\"\/><div class=\"ligne\"><\/div><div class=\"hover\"><\/div><\/a><\/aside><\/div>\n<\/div>\n\n\n\n<div class=\"wp-block-column is-layout-flow wp-block-column-is-layout-flow\">\n<div class=\"wp-block-create-block-sevgutenberg\"><aside class=\"encart-sev moyen arrondi\"><a href=\"https:\/\/mirabel-baiedecayola.com\/de\/animationen-juli-august\/\" class=\"d-flex flex-column align-items-center\"><div class=\"encart-title\"><h3>Animationen und Abendveranstaltungen<\/h3><\/div><div class=\"vague\"><\/div><img decoding=\"async\" src=\"https:\/\/www.mirabel-baiedecayola.com\/wp-content\/uploads\/2022\/05\/CHANTEUR_GUITARISTE_CAYOLA.jpg\" alt=\"camping mit animationen\"\/><div class=\"ligne\"><\/div><div class=\"hover\"><\/div><\/a><\/aside><\/div>\n<\/div>\n\n\n\n<div class=\"wp-block-column is-layout-flow wp-block-column-is-layout-flow\">\n<div class=\"wp-block-create-block-sevgutenberg\"><aside class=\"encart-sev moyen arrondi\"><a href=\"https:\/\/mirabel-baiedecayola.com\/de\/camping-les-sables-dolonne\/\" class=\"d-flex flex-column align-items-center\"><div class=\"encart-title\"><h3>Les Sables d'Olonne<\/h3><\/div><div class=\"vague\"><\/div><img decoding=\"async\" src=\"https:\/\/www.mirabel-baiedecayola.com\/wp-content\/uploads\/2022\/04\/les-sables-dolonne.jpg\" alt=\"camping aux Sables d&#039;Olonne\"\/><div class=\"ligne\"><\/div><div class=\"hover\"><\/div><\/a><\/aside><\/div>\n<\/div>\n\n\n\n<div class=\"wp-block-column is-layout-flow wp-block-column-is-layout-flow\">\n<div class=\"wp-block-create-block-sevgutenberg\"><aside class=\"encart-sev moyen arrondi\"><a href=\"https:\/\/mirabel-baiedecayola.com\/de\/die-erfahrungen\/\" class=\"d-flex flex-column align-items-center\"><div class=\"encart-title\"><h3>Erfahrungen<\/h3><\/div><div class=\"vague\"><\/div><img decoding=\"async\" src=\"https:\/\/www.mirabel-baiedecayola.com\/wp-content\/uploads\/2022\/04\/huitre-degustation-aperitif.jpg\" alt=\"\"\/><div class=\"ligne\"><\/div><div class=\"hover\"><\/div><\/a><\/aside><\/div>\n<\/div>\n<\/div>\n<\/div>\n\n\n\n<h1 class=\"wp-block-heading\" id=\"votre-camping-a-cote-de-la-plage-de-ouistreham-riva-bella\">Ihr Campingplatz am Meer in Les Sables d'Olonne in der Vend\u00e9e<\/h1>\n\n\n\n<div class=\"wp-block-columns is-layout-flex wp-container-core-columns-is-layout-28f84493 wp-block-columns-is-layout-flex\">\n<div class=\"wp-block-column mr-md-4 is-layout-flow wp-block-column-is-layout-flow\">\n<h2 class=\"wp-block-heading has-text-color has-medium-font-size\" id=\"un-camping-ou-tout-est-accessible-a-pied-et-a-velo\" style=\"color:#266674\">Ein ruhiger Campingplatz mit Blick auf den Atlantischen Ozean<\/h2>\n\n\n\n<p>Angesiedelt in Ch\u00e2teau d'Olonne, an der wilden K\u00fcste zwischen <a href=\"https:\/\/mirabel-baiedecayola.com\/de\/camping-talmont-saint-hilaire\/\" data-type=\"page\" data-id=\"69\">Talmont Saint Hilaire<\/a> und dem Puits d'Enfer, mit Blick auf den Ozean (100 m), ist der Campingplatz Mirabel La Baie de Cayola ideal, um die <a href=\"https:\/\/mirabel-baiedecayola.com\/de\/camping-vendee-tourismus\/\" data-type=\"page\" data-id=\"73\">Vend\u00e9e<\/a>. Das Hotel liegt weniger als 10 km vom Stadtzentrum der <a href=\"https:\/\/mirabel-baiedecayola.com\/de\/camping-les-sables-dolonne\/\" data-type=\"page\" data-id=\"67\">Sables d'Olonne<\/a>, Die Lage ist ideal, um die Stadt zu genie\u00dfen. <strong>Badeort<\/strong> und seine Freizeit- und Serviceangebote. F\u00fcr Ihren Aufenthalt mit der Familie oder mit Freunden stellen Sie Ihre Koffer auf unserem Campingplatz ab<strong> zwischen Meer und Wald<\/strong> und lassen Sie sich von der sanften Lebensart dieser sch\u00f6nen Region tragen.<\/p>\n<\/div>\n\n\n\n<div class=\"wp-block-column order-2 order-md-3 is-layout-flow wp-block-column-is-layout-flow\">\n<h2 class=\"wp-block-heading has-text-color has-medium-font-size\" id=\"un-espace-aquatique-avec-piscine-couverte-et-balneo\" style=\"color:#266674\">Ihre Vermietung einer Wohnung mit hohem Komfort in der Vend\u00e9e<\/h2>\n\n\n\n<p>Sie m\u00f6gen die Atmosph\u00e4re eines Campingplatzes, wollen aber w\u00e4hrend Ihres Urlaubs nicht auf den Komfort Ihrer Unterkunft verzichten? In La Baie de Cayola k\u00f6nnen Sie mieten <a href=\"https:\/\/mirabel-baiedecayola.com\/de\/vermietung-wohnung-les-sables-d-olonne\/\" data-type=\"page\" data-id=\"8716\">hochklassige Wohnungen<\/a> in k\u00fcrzlich renovierten Geb\u00e4uden. <strong>Von 50m<sup>2<\/sup> in 90m<sup>2<\/sup><\/strong>, Die K\u00fcche ist komplett ausgestattet und eingerichtet. Diese <strong>Wohnungen<\/strong> mit Blick auf den Ozean bieten Platz f\u00fcr bis zu 6 Personen. Probieren Sie sie aus...<\/p>\n<\/div>\n<\/div>\n\n\n\n<div class=\"wp-block-columns is-layout-flex wp-container-core-columns-is-layout-28f84493 wp-block-columns-is-layout-flex\">\n<div class=\"wp-block-column mr-md-4 is-layout-flow wp-block-column-is-layout-flow\">\n<h2 class=\"wp-block-heading has-text-color has-medium-font-size\" id=\"votre-location-de-vacances-dans-un-camping-anime\" style=\"color:#266674\">Hallenbad und Rutschen f\u00fcr alle<\/h2>\n\n\n\n<p>Der Campingplatz verf\u00fcgt \u00fcber eine <strong>Hallenbad<\/strong> beheizten Pool mit Whirlpool, der im Sommer bei gutem Wetter entdeckt werden kann. L\u2019<a href=\"https:\/\/mirabel-baiedecayola.com\/de\/wasserpark\/\" data-type=\"page\" data-id=\"54\">Wasserraum<\/a> besteht ebenfalls aus einem <strong>Au\u00dfenpool mit Planschbecken<\/strong> f\u00fcr die Kleinen und zwei <strong>Rutschen<\/strong> f\u00fcr alle, die gerne rutschen! Wer sich lieber dem Lesen widmen m\u00f6chte, macht es sich auf unseren <strong>Liegest\u00fchle am Wasser<\/strong> und tauchen Sie in Ihren Lieblingsroman ein, w\u00e4hrend die Kinder sich am\u00fcsieren!<\/p>\n<\/div>\n\n\n\n<div class=\"wp-block-column is-layout-flow wp-block-column-is-layout-flow\">\n<h2 class=\"wp-block-heading has-text-color has-medium-font-size\" id=\"des-vacances-actives-sur-les-plages-normandes\" style=\"color:#266674\">Ihr Familienurlaub in Les Sables d'Olonne<\/h2>\n\n\n\n<p>Unser Familiencampingplatz verf\u00fcgt \u00fcber 147 Parzellen und zahlreiche Einrichtungen f\u00fcr kleine und gro\u00dfe Kinder. <a href=\"https:\/\/mirabel-baiedecayola.com\/de\/camping-vendee-aktivitaten\/\" data-type=\"page\" data-id=\"43\">Multisportpl\u00e4tze<\/a>, Es gibt eine Tischtennisplatte und einen Boulodrome f\u00fcr Sportler und Boulespieler. <strong>Spielplatz, H\u00fcpfburg, Spielzimmer<\/strong> innen f\u00fcr Jugendliche. <strong>Im Sommer,<\/strong> die <strong><a href=\"https:\/\/mirabel-baiedecayola.com\/de\/animationen-juli-august\/\" data-type=\"page\" data-id=\"46\">Kinderclub<\/a><\/strong> \u00f6ffnet seine T\u00fcren und das Animationsteam bereitet spielerische und abwechslungsreiche Aktivit\u00e4ten f\u00fcr Sie vor. Denken Sie daran, sich anzumelden!<\/p>\n<\/div>\n<\/div>\n\n\n\n<div class=\"wp-block-group front-page-section grey is-layout-flow wp-block-group-is-layout-flow\">\n<p class=\"h1-like-rond\">Mein gem\u00fctliches Nest!<\/p>\n\n\n\n<h2 class=\"wp-block-heading has-text-align-center has-medium-font-size\" id=\"hebergements\">Feriendomizile in Les Sables-d'Olonne&nbsp;<\/h2>\n\n\n\n<div class=\"wp-block-columns is-layout-flex wp-container-core-columns-is-layout-28f84493 wp-block-columns-is-layout-flex\">\n<div class=\"wp-block-column is-layout-flow wp-block-column-is-layout-flow\">\n<div class=\"wp-block-create-block-sevgutenberg\"><aside class=\"encart-sev big carre\"><a href=\"https:\/\/mirabel-baiedecayola.com\/de\/unterkunft\/wohnung-4-pers\/\" class=\"d-flex flex-column align-items-center\"><div class=\"encart-title\"><h3>Die Wohnungen 4 Personen<\/h3><\/div><div class=\"vague\"><\/div><img decoding=\"async\" src=\"https:\/\/mirabel-baiedecayola.com\/wp-content\/uploads\/2023\/07\/Cayola-chambre-duplex3ch.jpg\" alt=\"vermietung meerblick Vend\u00e9e\"\/><div class=\"ligne\"><\/div><div class=\"hover\"><\/div><\/a><\/aside><\/div>\n<\/div>\n\n\n\n<div class=\"wp-block-column is-layout-flow wp-block-column-is-layout-flow\">\n<div class=\"wp-block-create-block-sevgutenberg\"><aside class=\"encart-sev big carre\"><a href=\"https:\/\/mirabel-baiedecayola.com\/de\/unterkunft\/duplex-wohnung-6-pers\/\" class=\"d-flex flex-column align-items-center\"><div class=\"encart-title\"><h3>Die Wohnungen 6 Personen<\/h3><\/div><div class=\"vague\"><\/div><img decoding=\"async\" src=\"https:\/\/mirabel-baiedecayola.com\/wp-content\/uploads\/2025\/02\/appartement-location-vacances-terrasse.jpg\" alt=\"Terrasse Wohnung 6 Personen\"\/><div class=\"ligne\"><\/div><div class=\"hover\"><\/div><\/a><\/aside><\/div>\n<\/div>\n<\/div>\n<\/div>\n\n\n\n<p class=\"h1-like-rond\"> Werden Sie Eigent\u00fcmer<\/p>\n\n\n\n<div class=\"wp-block-group front-page-section proprio mb-0 is-layout-flow wp-block-group-is-layout-flow\">\n<div class=\"wp-block-group texte-proprio is-layout-flow wp-block-group-is-layout-flow\">\n<p class=\"has-text-align-center\" style=\"font-size:28px\"><strong>Auf der Suche nach Ihrem Zweitwohnsitz?<\/strong><\/p>\n\n\n\n<p>Hier k\u00f6nnen Sie Eigent\u00fcmer Ihres Mobilheims werden.<\/p>\n\n\n\n<p>Es stehen Ihnen viele M\u00f6glichkeiten offen, um Ihr zweites kleines Haus in der N\u00e4he des Ozeans f\u00fcr Ihre Wochenenden oder Ihren Urlaub einzurichten. W\u00e4hlen Sie die Ausstattung, die Ihnen gef\u00e4llt: 1 bis 3 Schlafzimmer, voll ausgestattete K\u00fcche, 1 oder 2 B\u00e4der, Terrasse, Gartenhaus... Gestalten Sie den Raum, der Ihnen gef\u00e4llt!<\/p>\n\n\n\n<figure class=\"wp-block-image size-full plus\"><a href=\"https:\/\/mirabel-baiedecayola.com\/de\/zweitwohnsitz-vendee\/\"><img loading=\"lazy\" decoding=\"async\" width=\"41\" height=\"41\" src=\"https:\/\/www.mirabel-baiedecayola.com\/wp-content\/uploads\/2022\/01\/plus-1.png\" alt=\"\" class=\"wp-image-3062\"\/><\/a><\/figure>\n<\/div>\n<\/div>\n\n\n\n<div class=\"wp-block-group front-page-section grey is-layout-flow wp-block-group-is-layout-flow\">\n<p class=\"h1-like\">Nachrichten<\/p>\n\n\n\n<div class=\"wp-block-columns is-layout-flex wp-container-core-columns-is-layout-28f84493 wp-block-columns-is-layout-flex\">\n<div class=\"wp-block-column is-layout-flow wp-block-column-is-layout-flow\"><div id=\"carouselActus\" data-interval=\"6000\" data-wrap=\"true\" class=\"carousel slide\"><div class=\"carousel-inner\"><div class=\"carousel-item active\"><div class=\"actus\">\r\n<a href=\"https:\/\/mirabel-baiedecayola.com\/de\/la-piscine-est-ouverte-pour-paques-a-la-baie-de-cayola\/\" class=\"multiple-actu\">\r\n\t<div class=\"d-flex flex-column infos\">\r\n\t\t<div class=\"date\">03\/04\/2026<\/div>\r\n\t\t<div class=\"titre\">Das Schwimmbad ist zu Ostern in der Cayola Bay ge\u00f6ffnet!<\/div>\r\n\r\n\t\t<span class=\"plus\"><img decoding=\"async\" src=\"https:\/\/mirabel-baiedecayola.com\/wp-content\/themes\/mirabel-site\/assets\/img\/plus.png\"><\/span>\r\n\t<\/div>\r\n\t<div class=\"img\">\r\n\t\t<img decoding=\"async\" src=\"https:\/\/mirabel-baiedecayola.com\/wp-content\/uploads\/2023\/04\/piscine-camping-ouverte-300x300.jpg\" alt=\"Das Schwimmbad ist zu Ostern in der Cayola Bay ge\u00f6ffnet!\" loading=\"lazy\">\r\n\t<\/div>\r\n<\/a>\r\n\r\n<a href=\"https:\/\/mirabel-baiedecayola.com\/de\/programme-des-vacances-de-paques\/\" class=\"multiple-actu\">\r\n\t<div class=\"d-flex flex-column infos\">\r\n\t\t<div class=\"date\">25\/03\/2026<\/div>\r\n\t\t<div class=\"titre\">Osterferienprogramme in Les Sables d'Olonne<\/div>\r\n\r\n\t\t<span class=\"plus\"><img decoding=\"async\" src=\"https:\/\/mirabel-baiedecayola.com\/wp-content\/themes\/mirabel-site\/assets\/img\/plus.png\"><\/span>\r\n\t<\/div>\r\n\t<div class=\"img\">\r\n\t\t<img decoding=\"async\" src=\"https:\/\/mirabel-baiedecayola.com\/wp-content\/uploads\/2023\/03\/programme-vacances-paques-A-300x257.jpg\" alt=\"Osterferienprogramme in Les Sables d&#039;Olonne\" loading=\"lazy\">\r\n\t<\/div>\r\n<\/a>\r\n\r\n<a href=\"https:\/\/mirabel-baiedecayola.com\/de\/on-recrute-a-la-baie-de-cayola\/\" class=\"multiple-actu\">\r\n\t<div class=\"d-flex flex-column infos\">\r\n\t\t<div class=\"date\">13\/01\/2026<\/div>\r\n\t\t<div class=\"titre\">Saisonjobs 2026 auf dem Campingplatz in Les Sables d'Olonne<\/div>\r\n\r\n\t\t<span class=\"plus\"><img decoding=\"async\" src=\"https:\/\/mirabel-baiedecayola.com\/wp-content\/themes\/mirabel-site\/assets\/img\/plus.png\"><\/span>\r\n\t<\/div>\r\n\t<div class=\"img\">\r\n\t\t<img decoding=\"async\" src=\"https:\/\/mirabel-baiedecayola.com\/wp-content\/uploads\/2023\/08\/cayola-animations-fin-ete-300x168.jpg\" alt=\"Saisonjobs 2026 auf dem Campingplatz in Les Sables d&#039;Olonne\" loading=\"lazy\">\r\n\t<\/div>\r\n<\/a>\r\n<\/div><\/div><div class=\"carousel-item\"><div class=\"actus\">\r\n<a href=\"https:\/\/mirabel-baiedecayola.com\/de\/reservations-ouvertes-pour-2026-vos-vacances-aux-sables-dolonne\/\" class=\"multiple-actu\">\r\n\t<div class=\"d-flex flex-column infos\">\r\n\t\t<div class=\"date\">28\/11\/2025<\/div>\r\n\t\t<div class=\"titre\">Buchungen f\u00fcr 2026 ge\u00f6ffnet - Ihr Urlaub in Les Sables d'Olonne<\/div>\r\n\r\n\t\t<span class=\"plus\"><img decoding=\"async\" src=\"https:\/\/mirabel-baiedecayola.com\/wp-content\/themes\/mirabel-site\/assets\/img\/plus.png\"><\/span>\r\n\t<\/div>\r\n\t<div class=\"img\">\r\n\t\t<img decoding=\"async\" src=\"https:\/\/mirabel-baiedecayola.com\/wp-content\/uploads\/2024\/10\/ouverture-resa-Cayola-2026-300x300.jpg\" alt=\"Buchungen f\u00fcr 2026 ge\u00f6ffnet - Ihr Urlaub in Les Sables d&#039;Olonne\" loading=\"lazy\">\r\n\t<\/div>\r\n<\/a>\r\n\r\n<a href=\"https:\/\/mirabel-baiedecayola.com\/de\/vacances-de-la-toussaint-aux-sables-dolonne\/\" class=\"multiple-actu\">\r\n\t<div class=\"d-flex flex-column infos\">\r\n\t\t<div class=\"date\">30\/09\/2025<\/div>\r\n\t\t<div class=\"titre\">Allerheiligenferien in Les Sables d'Olonne<\/div>\r\n\r\n\t\t<span class=\"plus\"><img decoding=\"async\" src=\"https:\/\/mirabel-baiedecayola.com\/wp-content\/themes\/mirabel-site\/assets\/img\/plus.png\"><\/span>\r\n\t<\/div>\r\n\t<div class=\"img\">\r\n\t\t<img decoding=\"async\" src=\"https:\/\/mirabel-baiedecayola.com\/wp-content\/uploads\/2025\/09\/halloween-animation-camping-2025-300x200.jpg\" alt=\"Allerheiligenferien in Les Sables d&#039;Olonne\" loading=\"lazy\">\r\n\t<\/div>\r\n<\/a>\r\n\r\n<a href=\"https:\/\/mirabel-baiedecayola.com\/de\/vacances-de-septembre-en-vendee\/\" class=\"multiple-actu\">\r\n\t<div class=\"d-flex flex-column infos\">\r\n\t\t<div class=\"date\">28\/08\/2025<\/div>\r\n\t\t<div class=\"titre\">Septemberferien in der Vend\u00e9e<\/div>\r\n\r\n\t\t<span class=\"plus\"><img decoding=\"async\" src=\"https:\/\/mirabel-baiedecayola.com\/wp-content\/themes\/mirabel-site\/assets\/img\/plus.png\"><\/span>\r\n\t<\/div>\r\n\t<div class=\"img\">\r\n\t\t<img decoding=\"async\" src=\"https:\/\/mirabel-baiedecayola.com\/wp-content\/uploads\/2024\/08\/plage-maree-vendee-300x226.jpg\" alt=\"Septemberferien in der Vend\u00e9e\" loading=\"lazy\">\r\n\t<\/div>\r\n<\/a>\r\n<\/div><\/div><div class=\"carousel-item\"><div class=\"actus\">\r\n<a href=\"https:\/\/mirabel-baiedecayola.com\/de\/les-animations-reprennent\/\" class=\"multiple-actu\">\r\n\t<div class=\"d-flex flex-column infos\">\r\n\t\t<div class=\"date\">27\/06\/2025<\/div>\r\n\t\t<div class=\"titre\">Die Animationen beginnen wieder auf dem Campingplatz f\u00fcr den ganzen Sommer<\/div>\r\n\r\n\t\t<span class=\"plus\"><img decoding=\"async\" src=\"https:\/\/mirabel-baiedecayola.com\/wp-content\/themes\/mirabel-site\/assets\/img\/plus.png\"><\/span>\r\n\t<\/div>\r\n\t<div class=\"img\">\r\n\t\t<img decoding=\"async\" src=\"https:\/\/mirabel-baiedecayola.com\/wp-content\/uploads\/2022\/05\/CHANTEUR_GUITARISTE_CAYOLA-225x300.jpg\" alt=\"Die Animationen beginnen wieder auf dem Campingplatz f\u00fcr den ganzen Sommer\" loading=\"lazy\">\r\n\t<\/div>\r\n<\/a>\r\n\r\n<a href=\"https:\/\/mirabel-baiedecayola.com\/de\/nouveau-la-borne-de-recharge-electrique\/\" class=\"multiple-actu\">\r\n\t<div class=\"d-flex flex-column infos\">\r\n\t\t<div class=\"date\">29\/04\/2025<\/div>\r\n\t\t<div class=\"titre\">NEU: Die elektrische Ladestation<\/div>\r\n\r\n\t\t<span class=\"plus\"><img decoding=\"async\" src=\"https:\/\/mirabel-baiedecayola.com\/wp-content\/themes\/mirabel-site\/assets\/img\/plus.png\"><\/span>\r\n\t<\/div>\r\n\t<div class=\"img\">\r\n\t\t<img decoding=\"async\" src=\"https:\/\/mirabel-baiedecayola.com\/wp-content\/uploads\/2025\/04\/recharger-sa-voiture-au-camping-300x251.jpg\" alt=\"NEU: Die elektrische Ladestation\" loading=\"lazy\">\r\n\t<\/div>\r\n<\/a>\r\n\r\n<a href=\"https:\/\/mirabel-baiedecayola.com\/de\/cadeau-special-pour-les-mamans\/\" class=\"multiple-actu\">\r\n\t<div class=\"d-flex flex-column infos\">\r\n\t\t<div class=\"date\">21\/05\/2024<\/div>\r\n\t\t<div class=\"titre\">Besonderes Geschenk f\u00fcr V\u00e4ter und M\u00fctter<\/div>\r\n\r\n\t\t<span class=\"plus\"><img decoding=\"async\" src=\"https:\/\/mirabel-baiedecayola.com\/wp-content\/themes\/mirabel-site\/assets\/img\/plus.png\"><\/span>\r\n\t<\/div>\r\n\t<div class=\"img\">\r\n\t\t<img decoding=\"async\" src=\"https:\/\/mirabel-baiedecayola.com\/wp-content\/uploads\/2024\/06\/cadeau-fete-peres-CAYOLA-300x300.jpg\" alt=\"Besonderes Geschenk f\u00fcr V\u00e4ter und M\u00fctter\" loading=\"lazy\">\r\n\t<\/div>\r\n<\/a>\r\n<\/div><\/div><div class=\"carousel-item\"><div class=\"actus\">\r\n<a href=\"https:\/\/mirabel-baiedecayola.com\/de\/votez-pour-votre-clip-de-lete-prefere\/\" class=\"multiple-actu\">\r\n\t<div class=\"d-flex flex-column infos\">\r\n\t\t<div class=\"date\">17\/08\/2023<\/div>\r\n\t\t<div class=\"titre\">Intercamping-Herausforderung: Der Clip f\u00fcr den Sommer 2023!<\/div>\r\n\r\n\t\t<span class=\"plus\"><img decoding=\"async\" src=\"https:\/\/mirabel-baiedecayola.com\/wp-content\/themes\/mirabel-site\/assets\/img\/plus.png\"><\/span>\r\n\t<\/div>\r\n\t<div class=\"img\">\r\n\t\t<img decoding=\"async\" src=\"https:\/\/mirabel-baiedecayola.com\/wp-content\/uploads\/2023\/07\/WEB-Challenge-clip-video-2023-212x300.jpg\" alt=\"Intercamping-Herausforderung: Der Clip f\u00fcr den Sommer 2023!\" loading=\"lazy\">\r\n\t<\/div>\r\n<\/a>\r\n\r\n<a href=\"https:\/\/mirabel-baiedecayola.com\/de\/les-animations-jusquau-31-aout-au-camping-mirabel-la-baie-de-cayola\/\" class=\"multiple-actu\">\r\n\t<div class=\"d-flex flex-column infos\">\r\n\t\t<div class=\"date\">09\/08\/2023<\/div>\r\n\t\t<div class=\"titre\">Animationen bis zum 31. August auf dem Campingplatz Mirabel La Baie de Cayola<\/div>\r\n\r\n\t\t<span class=\"plus\"><img decoding=\"async\" src=\"https:\/\/mirabel-baiedecayola.com\/wp-content\/themes\/mirabel-site\/assets\/img\/plus.png\"><\/span>\r\n\t<\/div>\r\n\t<div class=\"img\">\r\n\t\t<img decoding=\"async\" src=\"https:\/\/mirabel-baiedecayola.com\/wp-content\/uploads\/2023\/08\/cayola-animations-fin-ete-300x168.jpg\" alt=\"Animationen bis zum 31. August auf dem Campingplatz Mirabel La Baie de Cayola\" loading=\"lazy\">\r\n\t<\/div>\r\n<\/a>\r\n\r\n<a href=\"https:\/\/mirabel-baiedecayola.com\/de\/profitez-des-ponts-du-mois-de-mai\/\" class=\"multiple-actu\">\r\n\t<div class=\"d-flex flex-column infos\">\r\n\t\t<div class=\"date\">16\/03\/2023<\/div>\r\n\t\t<div class=\"titre\">Im Mai: Genie\u00dfen Sie 3 N\u00e4chte ab 188\u20ac.<\/div>\r\n\r\n\t\t<span class=\"plus\"><img decoding=\"async\" src=\"https:\/\/mirabel-baiedecayola.com\/wp-content\/themes\/mirabel-site\/assets\/img\/plus.png\"><\/span>\r\n\t<\/div>\r\n\t<div class=\"img\">\r\n\t\t<img decoding=\"async\" src=\"https:\/\/mirabel-baiedecayola.com\/wp-content\/uploads\/2023\/03\/Ponts-de-mai-Mirabel-2-300x300.jpg\" alt=\"Im Mai: Genie\u00dfen Sie 3 N\u00e4chte ab 188\u20ac.\" loading=\"lazy\">\r\n\t<\/div>\r\n<\/a>\r\n<\/div><\/div><div class=\"carousel-item\"><div class=\"actus\">\r\n<a href=\"https:\/\/mirabel-baiedecayola.com\/de\/j-7-avant-la-reouverture\/\" class=\"multiple-actu\">\r\n\t<div class=\"d-flex flex-column infos\">\r\n\t\t<div class=\"date\">08\/03\/2023<\/div>\r\n\t\t<div class=\"titre\">J-7 vor der Wiederer\u00f6ffnung f\u00fcr unsere Bewohnerinnen und Bewohner<\/div>\r\n\r\n\t\t<span class=\"plus\"><img decoding=\"async\" src=\"https:\/\/mirabel-baiedecayola.com\/wp-content\/themes\/mirabel-site\/assets\/img\/plus.png\"><\/span>\r\n\t<\/div>\r\n\t<div class=\"img\">\r\n\t\t<img decoding=\"async\" src=\"https:\/\/mirabel-baiedecayola.com\/wp-content\/uploads\/2023\/03\/maison-vacances-cayola-300x300.jpg\" alt=\"J-7 vor der Wiederer\u00f6ffnung f\u00fcr unsere Bewohnerinnen und Bewohner\" loading=\"lazy\">\r\n\t<\/div>\r\n<\/a>\r\n\r\n<a href=\"https:\/\/mirabel-baiedecayola.com\/de\/a-lannee-prochaine\/\" class=\"multiple-actu\">\r\n\t<div class=\"d-flex flex-column infos\">\r\n\t\t<div class=\"date\">17\/11\/2022<\/div>\r\n\t\t<div class=\"titre\">Bis zum n\u00e4chsten Jahr!<\/div>\r\n\r\n\t\t<span class=\"plus\"><img decoding=\"async\" src=\"https:\/\/mirabel-baiedecayola.com\/wp-content\/themes\/mirabel-site\/assets\/img\/plus.png\"><\/span>\r\n\t<\/div>\r\n\t<div class=\"img\">\r\n\t\t<img decoding=\"async\" src=\"https:\/\/mirabel-baiedecayola.com\/wp-content\/uploads\/2022\/11\/A-bientot-fermeture-300x300.jpg\" alt=\"Bis zum n\u00e4chsten Jahr!\" loading=\"lazy\">\r\n\t<\/div>\r\n<\/a>\r\n\r\n<a href=\"https:\/\/mirabel-baiedecayola.com\/de\/defi-inter-camping\/\" class=\"multiple-actu\">\r\n\t<div class=\"d-flex flex-column infos\">\r\n\t\t<div class=\"date\">08\/08\/2022<\/div>\r\n\t\t<div class=\"titre\">Intercamping-Herausforderung<\/div>\r\n\r\n\t\t<span class=\"plus\"><img decoding=\"async\" src=\"https:\/\/mirabel-baiedecayola.com\/wp-content\/themes\/mirabel-site\/assets\/img\/plus.png\"><\/span>\r\n\t<\/div>\r\n\t<div class=\"img\">\r\n\t\t<img decoding=\"async\" src=\"https:\/\/mirabel-baiedecayola.com\/wp-content\/uploads\/2022\/08\/Challenge-panneau-fin-aout2-212x300.jpg\" alt=\"Intercamping-Herausforderung\" loading=\"lazy\">\r\n\t<\/div>\r\n<\/a>\r\n<\/div><\/div><div class=\"carousel-item\"><div class=\"actus\">\r\n<a href=\"https:\/\/mirabel-baiedecayola.com\/de\/grand-concours-de-deguisement-mirabel-2022\/\" class=\"multiple-actu\">\r\n\t<div class=\"d-flex flex-column infos\">\r\n\t\t<div class=\"date\">15\/07\/2022<\/div>\r\n\t\t<div class=\"titre\">Gro\u00dfer Verkleidungswettbewerb Mirabel 2022<\/div>\r\n\r\n\t\t<span class=\"plus\"><img decoding=\"async\" src=\"https:\/\/mirabel-baiedecayola.com\/wp-content\/themes\/mirabel-site\/assets\/img\/plus.png\"><\/span>\r\n\t<\/div>\r\n\t<div class=\"img\">\r\n\t\t<img decoding=\"async\" src=\"https:\/\/mirabel-baiedecayola.com\/wp-content\/uploads\/2022\/07\/Journee-deguisee-20juillet-212x300.jpg\" alt=\"Gro\u00dfer Verkleidungswettbewerb Mirabel 2022\" loading=\"lazy\">\r\n\t<\/div>\r\n<\/a>\r\n\r\n<a href=\"https:\/\/mirabel-baiedecayola.com\/de\/poste-a-pourvoir-au-camping\/\" class=\"multiple-actu\">\r\n\t<div class=\"d-flex flex-column infos\">\r\n\t\t<div class=\"date\">05\/07\/2022<\/div>\r\n\t\t<div class=\"titre\">Stelle auf dem Campingplatz zu besetzen!<\/div>\r\n\r\n\t\t<span class=\"plus\"><img decoding=\"async\" src=\"https:\/\/mirabel-baiedecayola.com\/wp-content\/themes\/mirabel-site\/assets\/img\/plus.png\"><\/span>\r\n\t<\/div>\r\n\t<div class=\"img\">\r\n\t\t<img decoding=\"async\" src=\"https:\/\/mirabel-baiedecayola.com\/wp-content\/uploads\/2022\/07\/recrutement-technicien-300x300.jpg\" alt=\"Stelle auf dem Campingplatz zu besetzen!\" loading=\"lazy\">\r\n\t<\/div>\r\n<\/a>\r\n\r\n<a href=\"https:\/\/mirabel-baiedecayola.com\/de\/fin-du-port-du-masque-et-du-pass-vaccinal\/\" class=\"multiple-actu\">\r\n\t<div class=\"d-flex flex-column infos\">\r\n\t\t<div class=\"date\">14\/03\/2022<\/div>\r\n\t\t<div class=\"titre\">Ende des Maskentragens und des Impfpasses<\/div>\r\n\r\n\t\t<span class=\"plus\"><img decoding=\"async\" src=\"https:\/\/mirabel-baiedecayola.com\/wp-content\/themes\/mirabel-site\/assets\/img\/plus.png\"><\/span>\r\n\t<\/div>\r\n\t<div class=\"img\">\r\n\t\t<img decoding=\"async\" src=\"https:\/\/mirabel-baiedecayola.com\/wp-content\/uploads\/2024\/04\/fin-interdiction-masque-mars2022-1024x1024-1-300x300.jpg\" alt=\"Ende des Maskentragens und des Impfpasses\" loading=\"lazy\">\r\n\t<\/div>\r\n<\/a>\r\n<\/div><\/div><div class=\"carousel-item\"><div class=\"actus\">\r\n<a href=\"https:\/\/mirabel-baiedecayola.com\/de\/reouverture-du-camping\/\" class=\"multiple-actu\">\r\n\t<div class=\"d-flex flex-column infos\">\r\n\t\t<div class=\"date\">09\/03\/2022<\/div>\r\n\t\t<div class=\"titre\">Wiederer\u00f6ffnung des Campingplatzes am 15. M\u00e4rz 2022<\/div>\r\n\r\n\t\t<span class=\"plus\"><img decoding=\"async\" src=\"https:\/\/mirabel-baiedecayola.com\/wp-content\/themes\/mirabel-site\/assets\/img\/plus.png\"><\/span>\r\n\t<\/div>\r\n\t<div class=\"img\">\r\n\t\t<img decoding=\"async\" src=\"https:\/\/mirabel-baiedecayola.com\/wp-content\/uploads\/2022\/03\/re\u0301ouverture-camping-1-avril-300x300.png\" alt=\"Wiederer\u00f6ffnung des Campingplatzes am 15. M\u00e4rz 2022\" loading=\"lazy\">\r\n\t<\/div>\r\n<\/a>\r\n\r\n<a href=\"https:\/\/mirabel-baiedecayola.com\/de\/bonne-annee\/\" class=\"multiple-actu\">\r\n\t<div class=\"d-flex flex-column infos\">\r\n\t\t<div class=\"date\">01\/01\/2022<\/div>\r\n\t\t<div class=\"titre\">Gutes Neues Jahr<\/div>\r\n\r\n\t\t<span class=\"plus\"><img decoding=\"async\" src=\"https:\/\/mirabel-baiedecayola.com\/wp-content\/themes\/mirabel-site\/assets\/img\/plus.png\"><\/span>\r\n\t<\/div>\r\n\t<div class=\"img\">\r\n\t\t<img decoding=\"async\" src=\"https:\/\/mirabel-baiedecayola.com\/wp-content\/uploads\/2022\/01\/bonne-annee-300x300.jpg\" alt=\"Gutes Neues Jahr\" loading=\"lazy\">\r\n\t<\/div>\r\n<\/a>\r\n<\/div><\/div><\/div><div class=\"d-flex justify-content-center\"><button class=\"carousel-control carousel-control-prev\" type=\"button\" data-target=\"#carouselActus\" data-slide=\"prev\">\r\n\t\t\t\t\t<i class=\"fa fa-chevron-left\" aria-hidden=\"true\"><\/i>\r\n\t\t\t\t\t<span class=\"sr-only\">Previous<\/span>\r\n\t\t\t\t<\/button>\r\n\t\t\t\t<button class=\"carousel-control carousel-control-next\" type=\"button\" data-target=\"#carouselActus\" data-slide=\"next\">\r\n\t\t\t\t\t<i class=\"fa fa-chevron-right\" aria-hidden=\"true\"><\/i>\r\n\t\t\t\t\t<span class=\"sr-only\">Next<\/span>\r\n\t\t\t\t<\/button><\/div><\/div>\n<\/div>\n<\/div>\n<\/div>\n\n\n\n<p class=\"h1-like\">Praktische Infos<\/p>\n\n\n<div class=\"sidebar sidebar-post sidebar-post d-flex flex-wrap\">\t\t\r\n\t\t<div class=\"col-12 col-sm-12 col-md-4 col-lg-4 col-xl-4\">\r\n\r\n\t\t\t\t\t\r\n\t\t\t<aside class=\"reviews\">\r\n\r\n\t\t\t\t\t\t\t\r\n\t\t<div class=\"widget-title\">\r\n\t\t\t<span>On parle de nous !<\/span>\r\n\t\t\t\r\n\t\t\t\r\n\t\t<\/div>\r\n\t\t\r\n\t\t\t\t<div class=\"content\">\r\n\r\n\t\t\t\t\t<ctv-reviews-list ><\/ctv-reviews-list>\r\n\t\t\t\t<\/div>\r\n\r\n\t\t\t<\/aside>\r\n\r\n\t\t\t\r\n\t\t<\/div>\r\n\r\n\t\t\n<div class=\"wp-block-group is-layout-flow wp-block-group-is-layout-flow\"><\/div>\n\t\t\r\n\t\t<div class=\"col-12 col-sm-12 col-md-4 col-lg-4 col-xl-4\">\r\n\r\n\t\t\t\t\t\r\n\t\t\t<aside class=\"widget encart bis\">\r\n\t\t\t\t\r\n\t\t\t\t\t\t\t\t\t\t\t\t\r\n\t\t\t\t<a href=\"https:\/\/mirabel-baiedecayola.com\/de\/foire-aux-questions\/\">\r\n\r\n\t\t\t\t\t\t\t\t\r\n\t\t<div class=\"widget-title\">\r\n\t\t\t<span>R\u00e9ponses \u00e0 vos questions<\/span>\r\n\t\t\t\r\n\t\t\t\r\n\t\t<\/div>\r\n\t\t\r\n\t\t\t\t\t<img decoding=\"async\" src=\"https:\/\/mirabel-baiedecayola.com\/wp-content\/uploads\/2021\/12\/faq.png\" alt=\"\" class=\"img-responsive\">\r\n\r\n\t\t\t\t<\/a>\r\n\r\n\t\t\t<\/aside>\r\n\r\n\t\t\t\r\n\t\t<\/div>\r\n\r\n\t\t\t\t\r\n\t\t<div class=\"col-12 col-sm-12 col-md-4 col-lg-4 col-xl-4\">\r\n\r\n\t\t\t\t\t\r\n\t\t\t<aside class=\"menusev\">\r\n\r\n\t\t\t\t\t\t\t\r\n\t\t<div class=\"widget-title\">\r\n\t\t\t<span>N\u00fctzliche Dokumente<\/span>\r\n\t\t\t\r\n\t\t\t\r\n\t\t<\/div>\r\n\t\t\r\n\t\t\t\t<ul id=\"menu-menu-telechargements\" class=\"menu\"><li id=\"menu-item-8729\" class=\"menu-item menu-item-type-custom menu-item-object-custom menu-item-8729\"><a target=\"_blank\" href=\"https:\/\/mirabel-baiedecayola.com\/wp-content\/uploads\/2023\/04\/CGV-appart-2025.pdf\">AGB - Wohnung<\/a><\/li>\n<li id=\"menu-item-4557\" class=\"menu-item menu-item-type-custom menu-item-object-custom menu-item-4557\"><a target=\"_blank\" href=\"https:\/\/mirabel-baiedecayola.com\/wp-content\/uploads\/2024\/02\/IPIDCGA-FR_merged_compressed.pdf\">Reiser\u00fccktrittsversicherung<\/a><\/li>\n<li id=\"menu-item-4558\" class=\"menu-item menu-item-type-custom menu-item-object-custom menu-item-4558\"><a target=\"_blank\" href=\"https:\/\/mirabel-baiedecayola.com\/wp-content\/uploads\/2023\/04\/Plan-Cayola-2026-web.jpg\">Plan des Campingplatzes<\/a><\/li>\n<li id=\"menu-item-9758\" class=\"menu-item menu-item-type-custom menu-item-object-custom menu-item-9758\"><a target=\"_blank\" href=\"https:\/\/www.mirabel-baiedecayola.com\/wp-content\/uploads\/2023\/04\/Reglement-interieur-2025.pdf\">Gesch\u00e4ftsordnung<\/a><\/li>\n<li id=\"menu-item-15345\" class=\"menu-item menu-item-type-custom menu-item-object-custom menu-item-15345\"><a target=\"_blank\" href=\"https:\/\/notre.guide\/labaiedecayola\/#events_onsite\">Pl\u00e4ne f\u00fcr Sommeranimationen<\/a><\/li>\n<li id=\"menu-item-17412\" class=\"menu-item menu-item-type-custom menu-item-object-custom menu-item-17412\"><a target=\"_blank\" href=\"https:\/\/mirabel-campings.com\/nos-offres-demploi\/\">Unsere Stellenangebote<\/a><\/li>\n<\/ul>\r\n\t\t\t<\/aside>\r\n\r\n\t\t\t\r\n\t\t<\/div>\r\n\r\n\t\t<\/div>\n\n\n\n<p class=\"h1-like\">Fotogalerie<\/p>\n\n\n\t\t\t<div id=\"sevgallery-485255055\" class=\"sev-diaporama sev-diaporama-portfolio\">\r\n\t\t\t\t<div class=\"row\">\r\n\r\n\t\t\t\t\t\r\n\t\t\t\t\t\t\r\n\t\t\t\t\t\t<div class=\"sev-diaporama-portfolio-item   btnseeall btnseeall-sm col-12 col-md\">\r\n\t\t\t\t\t\t\t<a href=\"https:\/\/mirabel-baiedecayola.com\/de\/camping-vendee-photos\/\"  style=\"background-image: url(https:\/\/mirabel-baiedecayola.com\/wp-content\/uploads\/2022\/04\/PISICNE_FAMILLE-1024x683.jpg)\">\r\n\t\t\t\t\t\t\t\t<img decoding=\"async\" src=\"https:\/\/mirabel-baiedecayola.com\/wp-content\/uploads\/2022\/04\/PISICNE_FAMILLE-1024x683.jpg\" alt=\"Campingplatz mit Planschbecken\" loading=\"lazy\">\r\n\t\t\t\t\t\t\t\t\t\t\t\t\t\t\t<\/a>\r\n\t\t\t\t\t\t<\/div>\r\n\r\n\t\t\t\t\t\t\r\n\t\t\t\t\t\t\t\t\t\t\t\t\t\t\t\t\t\r\n\t\t\t\t\t\t\r\n\t\t\t\t\t\t<div class=\"sev-diaporama-portfolio-item   btnseeall btnseeall-sm col-12 col-md\">\r\n\t\t\t\t\t\t\t<a href=\"https:\/\/mirabel-baiedecayola.com\/de\/camping-vendee-photos\/\"  style=\"background-image: url(https:\/\/mirabel-baiedecayola.com\/wp-content\/uploads\/2022\/04\/allee-vacanciers2-1.jpg)\">\r\n\t\t\t\t\t\t\t\t<img decoding=\"async\" src=\"https:\/\/mirabel-baiedecayola.com\/wp-content\/uploads\/2022\/04\/allee-vacanciers2-1.jpg\" alt=\"Allee des Campingplatzes\" loading=\"lazy\">\r\n\t\t\t\t\t\t\t\t\t\t\t\t\t\t\t<\/a>\r\n\t\t\t\t\t\t<\/div>\r\n\r\n\t\t\t\t\t\t\r\n\t\t\t\t\t\t\t\t\t\t\t\t\t\t\t\t\t\r\n\t\t\t\t\t\t\r\n\t\t\t\t\t\t<div class=\"sev-diaporama-portfolio-item   btnseeall btnseeall-sm col-12 col-md\">\r\n\t\t\t\t\t\t\t<a href=\"https:\/\/mirabel-baiedecayola.com\/de\/camping-vendee-photos\/\"  style=\"background-image: url(https:\/\/mirabel-baiedecayola.com\/wp-content\/uploads\/2022\/04\/VUE_MER1_CAYOLA-1-1024x681.jpg)\">\r\n\t\t\t\t\t\t\t\t<img decoding=\"async\" src=\"https:\/\/mirabel-baiedecayola.com\/wp-content\/uploads\/2022\/04\/VUE_MER1_CAYOLA-1-1024x681.jpg\" alt=\"Meerblick der Mobilheime auf dem Campingplatz in Les Sables d&#039;Olonne in der Vend\u00e9e\" loading=\"lazy\">\r\n\t\t\t\t\t\t\t\t\t\t\t\t\t\t\t<\/a>\r\n\t\t\t\t\t\t<\/div>\r\n\r\n\t\t\t\t\t\t\r\n\t\t\t\t\t\t\t\t\t\t\t\t\t\t\t\t\t\r\n\t\t\t\t\t\t\r\n\t\t\t\t\t\t<div class=\"sev-diaporama-portfolio-item   btnseeall btnseeall-sm col-12 col-md\">\r\n\t\t\t\t\t\t\t<a href=\"https:\/\/mirabel-baiedecayola.com\/de\/camping-vendee-photos\/\"  style=\"background-image: url(https:\/\/mirabel-baiedecayola.com\/wp-content\/uploads\/2022\/04\/GROUPE_FILLES_SELFI-1.jpg)\">\r\n\t\t\t\t\t\t\t\t<img decoding=\"async\" src=\"https:\/\/mirabel-baiedecayola.com\/wp-content\/uploads\/2022\/04\/GROUPE_FILLES_SELFI-1.jpg\" alt=\"Campingplatz im Herzen der Natur in Les Sables d&#039;Olonne in der Vend\u00e9e\" loading=\"lazy\">\r\n\t\t\t\t\t\t\t\t\t\t\t\t\t\t\t<\/a>\r\n\t\t\t\t\t\t<\/div>\r\n\r\n\t\t\t\t\t\t\t\t\t\t\t\t\t<div class=\"w-100\"><\/div>\r\n\t\t\t\t\t\t\t\t\t\t\t\t\t\r\n\t\t\t\t\t\t\t\t\t\t\t\t\t\t\t\t\t\r\n\t\t\t\t\t\t\r\n\t\t\t\t\t\t<div class=\"sev-diaporama-portfolio-item  limitsm btnseeall btnseeall-sm col-12 col-md  col-shrink\">\r\n\t\t\t\t\t\t\t<a href=\"https:\/\/mirabel-baiedecayola.com\/de\/camping-vendee-photos\/\"  style=\"background-image: url(https:\/\/mirabel-baiedecayola.com\/wp-content\/uploads\/2022\/04\/PETIT_GARCON_JEUX_CORDE-1.jpg)\">\r\n\t\t\t\t\t\t\t\t<img decoding=\"async\" src=\"https:\/\/mirabel-baiedecayola.com\/wp-content\/uploads\/2022\/04\/PETIT_GARCON_JEUX_CORDE-1.jpg\" alt=\"Familienurlaub in der Vend\u00e9e\" loading=\"lazy\">\r\n\t\t\t\t\t\t\t\t\t\t\t\t\t\t\t<\/a>\r\n\t\t\t\t\t\t<\/div>\r\n\r\n\t\t\t\t\t\t\r\n\t\t\t\t\t\t\t\t\t\t\t\t\t\t\t\t\t\r\n\t\t\t\t\t\t\r\n\t\t\t\t\t\t<div class=\"sev-diaporama-portfolio-item   btnseeall btnseeall-sm col-12 col-md  col-grow\">\r\n\t\t\t\t\t\t\t<a href=\"https:\/\/mirabel-baiedecayola.com\/de\/camping-vendee-photos\/\"  style=\"background-image: url(https:\/\/mirabel-baiedecayola.com\/wp-content\/uploads\/2022\/04\/piscine-cayola-poirier-1-1024x576.jpg)\">\r\n\t\t\t\t\t\t\t\t<img decoding=\"async\" src=\"https:\/\/mirabel-baiedecayola.com\/wp-content\/uploads\/2022\/04\/piscine-cayola-poirier-1-1024x576.jpg\" alt=\"Schwimmbad auf dem Campingplatz in Les Sables d&#039;Olonne\" loading=\"lazy\">\r\n\t\t\t\t\t\t\t\t\t\t\t\t\t\t\t<\/a>\r\n\t\t\t\t\t\t<\/div>\r\n\r\n\t\t\t\t\t\t\r\n\t\t\t\t\t\t\t\t\t\t\t\t\t\t\t\t\t\r\n\t\t\t\t\t\t\r\n\t\t\t\t\t\t<div class=\"sev-diaporama-portfolio-item   btnseeall btnseeall-sm col-12 col-md\">\r\n\t\t\t\t\t\t\t<a href=\"https:\/\/mirabel-baiedecayola.com\/de\/camping-vendee-photos\/\"  style=\"background-image: url(https:\/\/mirabel-baiedecayola.com\/wp-content\/uploads\/2024\/01\/camping-cayola-vue-mer-vendee-1024x768.jpg)\">\r\n\t\t\t\t\t\t\t\t<img decoding=\"async\" src=\"https:\/\/mirabel-baiedecayola.com\/wp-content\/uploads\/2024\/01\/camping-cayola-vue-mer-vendee-1024x768.jpg\" alt=\"Campingplatz mit Meerblick, La Baie de Cayola\" loading=\"lazy\">\r\n\t\t\t\t\t\t\t\t\t\t\t\t\t\t\t<\/a>\r\n\t\t\t\t\t\t<\/div>\r\n\r\n\t\t\t\t\t\t\r\n\t\t\t\t\t\t\t\t\t\t\t\t\t\t\t\t\t\r\n\t\t\t\t\t\t\r\n\t\t\t\t\t\t<div class=\"sev-diaporama-portfolio-item   btnseeall btnseeall-sm col-12 col-md  last-visible\">\r\n\t\t\t\t\t\t\t<a href=\"https:\/\/mirabel-baiedecayola.com\/de\/camping-vendee-photos\/\"  style=\"background-image: url(https:\/\/mirabel-baiedecayola.com\/wp-content\/uploads\/2024\/01\/vacances-velo-sables-olonne-1024x683.jpg)\">\r\n\t\t\t\t\t\t\t\t<img decoding=\"async\" src=\"https:\/\/mirabel-baiedecayola.com\/wp-content\/uploads\/2024\/01\/vacances-velo-sables-olonne-1024x683.jpg\" alt=\"Fahrradurlaub auf einem Campingplatz, der an der V\u00e9lodyss\u00e9e entlangf\u00fchrt\" loading=\"lazy\">\r\n\t\t\t\t\t\t\t\t\t\t\t\t\t\t\t\t\t<img decoding=\"async\" src=\"https:\/\/mirabel-baiedecayola.com\/wp-content\/themes\/mirabel-site\/assets\/img\/voir-photos.png\" alt=\"\" \/>\r\n\t\t\t\t\t\t\t\t\t<span>Alle Fotos anzeigen<\/span>\r\n\t\t\t\t\t\t\t\t\t\t\t\t\t\t\t<\/a>\r\n\t\t\t\t\t\t<\/div>\r\n\r\n\t\t\t\t\t\t\t\t\t\t\t\t\t<div class=\"w-100\"><\/div>\r\n\t\t\t\t\t\t\t\t\t\t\t\t\t\r\n\t\t\t\t\t\t\t\t\t\t\t\t\t\t\t\t\t\t\t\t\t<\/div>\r\n\t\t\t<\/div>\r\n\r\n\t\t\t<script>\r\n\t\t\tjQuery(function($) {\r\n\r\n\t\t\t\tvar marginPortfolio = function() {\r\n\r\n\t\t\t\t\tvar $diapo          = $('#sevgallery-485255055');\r\n\t\t\t\t\tvar container_width = $diapo.parent().outerWidth();\r\n\t\t\t\t\tvar side            = ( $(window).innerWidth() - container_width ) \/ 2;\r\n\r\n\t\t\t\t\t$diapo.css( {\r\n\t\t\t\t\t\t'margin-left': '-' + side + 'px',\r\n\t\t\t\t\t\t'margin-right': '-' + side + 'px',\r\n\t\t\t\t\t} );\r\n\t\t\t\t};\r\n\r\n\t\t\t\t$( window ).resize( function() {\r\n\t\t\t\t\tmarginPortfolio();\r\n\t\t\t\t} );\r\n\t\t\t\tmarginPortfolio();\r\n\t\t\t});\r\n\t\t\t<\/script>\r\n\t\t\t\n\n\n\n<p><\/p>","protected":false},"excerpt":{"rendered":"<p>Bienvenue au camping Mirabel La Baie de Cayola Votre camping en bord de mer aux Sables d&rsquo;Olonne en Vend\u00e9e Un [&hellip;]<\/p>\n","protected":false},"author":3,"featured_media":0,"parent":0,"menu_order":0,"comment_status":"closed","ping_status":"closed","template":"","meta":{"_seopress_robots_primary_cat":"","_seopress_titles_title":"Camping 4* La Baie de Cayola aux Sables d'Olonne | Vend\u00e9e","_seopress_titles_desc":"Camping familial au c\u0153ur de la c\u00f4te sauvage, bord\u00e9 par le bois de Saint-Jean. Des vacances 4 \u00e9toiles, vue mer, avec piscine couverte aux Sables d'Olonne.","_seopress_robots_index":"","footnotes":""},"class_list":["post-9","page","type-page","status-publish","hentry"],"_links":{"self":[{"href":"https:\/\/mirabel-baiedecayola.com\/de\/wp-json\/wp\/v2\/pages\/9","targetHints":{"allow":["GET"]}}],"collection":[{"href":"https:\/\/mirabel-baiedecayola.com\/de\/wp-json\/wp\/v2\/pages"}],"about":[{"href":"https:\/\/mirabel-baiedecayola.com\/de\/wp-json\/wp\/v2\/types\/page"}],"author":[{"embeddable":true,"href":"https:\/\/mirabel-baiedecayola.com\/de\/wp-json\/wp\/v2\/users\/3"}],"replies":[{"embeddable":true,"href":"https:\/\/mirabel-baiedecayola.com\/de\/wp-json\/wp\/v2\/comments?post=9"}],"version-history":[{"count":64,"href":"https:\/\/mirabel-baiedecayola.com\/de\/wp-json\/wp\/v2\/pages\/9\/revisions"}],"predecessor-version":[{"id":17288,"href":"https:\/\/mirabel-baiedecayola.com\/de\/wp-json\/wp\/v2\/pages\/9\/revisions\/17288"}],"wp:attachment":[{"href":"https:\/\/mirabel-baiedecayola.com\/de\/wp-json\/wp\/v2\/media?parent=9"}],"curies":[{"name":"wp","href":"https:\/\/api.w.org\/{rel}","templated":true}]}}