{"id":9,"date":"2021-12-09T16:22:05","date_gmt":"2021-12-09T15:22:05","guid":{"rendered":"https:\/\/www.campinglarenaudiere.com\/?page_id=9"},"modified":"2025-10-30T11:23:15","modified_gmt":"2025-10-30T10:23:15","slug":"accueil","status":"publish","type":"page","link":"https:\/\/mirabel-baiedecayola.com\/nl\/","title":{"rendered":"Home"},"content":{"rendered":"<div class=\"wp-block-group front-page-section grey is-layout-flow wp-block-group-is-layout-flow\">\n<p class=\"h1-like\" id=\"camping\">Welkom op de camping Mirabel La Baie de Cayola<\/p>\n\n\n\n<div style=\"height:10px\" aria-hidden=\"true\" class=\"wp-block-spacer\"><\/div>\n\n\n\n<div class=\"wp-block-columns is-layout-flex wp-container-core-columns-is-layout-28f84493 wp-block-columns-is-layout-flex\">\n<div class=\"wp-block-column is-layout-flow wp-block-column-is-layout-flow\">\n<div class=\"wp-block-create-block-sevgutenberg\"><aside class=\"encart-sev moyen arrondi\"><a href=\"https:\/\/mirabel-baiedecayola.com\/nl\/camping-vendee-activiteiten\/\" class=\"d-flex flex-column align-items-center\"><div class=\"encart-title\"><h3>Sport en vrije tijd<\/h3><\/div><div class=\"vague\"><\/div><img decoding=\"async\" src=\"https:\/\/www.mirabel-baiedecayola.com\/wp-content\/uploads\/2023\/02\/multisports-basket-panier-sport.jpg\" alt=\"multi-sport mandspel\"\/><div class=\"ligne\"><\/div><div class=\"hover\"><\/div><\/a><\/aside><\/div>\n<\/div>\n\n\n\n<div class=\"wp-block-column espaceaquatique is-layout-flow wp-block-column-is-layout-flow\">\n<div class=\"wp-block-create-block-sevgutenberg\"><aside class=\"encart-sev moyen arrondi\"><a href=\"https:\/\/mirabel-baiedecayola.com\/nl\/waterpark\/\" class=\"d-flex flex-column align-items-center\"><div class=\"encart-title\"><h3>Waterpark<\/h3><\/div><div class=\"vague\"><\/div><img decoding=\"async\" src=\"https:\/\/mirabel-baiedecayola.com\/wp-content\/uploads\/2024\/01\/encart-piscine-jeux-camping-sables.jpg\" alt=\"zwembad met glijbanen op camping Les Sables d&#039;Olonne\"\/><div class=\"ligne\"><\/div><div class=\"hover\"><\/div><\/a><\/aside><\/div>\n<\/div>\n\n\n\n<div class=\"wp-block-column is-layout-flow wp-block-column-is-layout-flow\">\n<div class=\"wp-block-create-block-sevgutenberg\"><aside class=\"encart-sev moyen arrondi\"><a href=\"https:\/\/mirabel-baiedecayola.com\/nl\/evenementen-juli-augustus\/\" class=\"d-flex flex-column align-items-center\"><div class=\"encart-title\"><h3>Animatie en avonden<\/h3><\/div><div class=\"vague\"><\/div><img decoding=\"async\" src=\"https:\/\/www.mirabel-baiedecayola.com\/wp-content\/uploads\/2022\/05\/CHANTEUR_GUITARISTE_CAYOLA.jpg\" alt=\"camping met animatie\"\/><div class=\"ligne\"><\/div><div class=\"hover\"><\/div><\/a><\/aside><\/div>\n<\/div>\n\n\n\n<div class=\"wp-block-column is-layout-flow wp-block-column-is-layout-flow\">\n<div class=\"wp-block-create-block-sevgutenberg\"><aside class=\"encart-sev moyen arrondi\"><a href=\"https:\/\/mirabel-baiedecayola.com\/nl\/camping-les-sables-dolonne\/\" class=\"d-flex flex-column align-items-center\"><div class=\"encart-title\"><h3>Sables d'Olonne<\/h3><\/div><div class=\"vague\"><\/div><img decoding=\"async\" src=\"https:\/\/www.mirabel-baiedecayola.com\/wp-content\/uploads\/2022\/04\/les-sables-dolonne.jpg\" alt=\"camping in Sables d&#039;Olonne\"\/><div class=\"ligne\"><\/div><div class=\"hover\"><\/div><\/a><\/aside><\/div>\n<\/div>\n\n\n\n<div class=\"wp-block-column is-layout-flow wp-block-column-is-layout-flow\">\n<div class=\"wp-block-create-block-sevgutenberg\"><aside class=\"encart-sev moyen arrondi\"><a href=\"https:\/\/mirabel-baiedecayola.com\/nl\/ervaringen\/\" class=\"d-flex flex-column align-items-center\"><div class=\"encart-title\"><h3>Ervaringen<\/h3><\/div><div class=\"vague\"><\/div><img decoding=\"async\" src=\"https:\/\/www.mirabel-baiedecayola.com\/wp-content\/uploads\/2022\/04\/huitre-degustation-aperitif.jpg\" alt=\"\"\/><div class=\"ligne\"><\/div><div class=\"hover\"><\/div><\/a><\/aside><\/div>\n<\/div>\n<\/div>\n<\/div>\n\n\n\n<h1 class=\"wp-block-heading\" id=\"votre-camping-a-cote-de-la-plage-de-ouistreham-riva-bella\">Uw camping aan zee in Les Sables d'Olonne in de Vend\u00e9e<\/h1>\n\n\n\n<div class=\"wp-block-columns is-layout-flex wp-container-core-columns-is-layout-28f84493 wp-block-columns-is-layout-flex\">\n<div class=\"wp-block-column mr-md-4 is-layout-flow wp-block-column-is-layout-flow\">\n<h2 class=\"wp-block-heading has-text-color has-medium-font-size\" id=\"un-camping-ou-tout-est-accessible-a-pied-et-a-velo\" style=\"color:#266674\">Een rustige camping met uitzicht op de Atlantische Oceaan<\/h2>\n\n\n\n<p>Gevestigd in Ch\u00e2teau d'Olonne, aan de wilde kust tussen <a href=\"https:\/\/mirabel-baiedecayola.com\/nl\/camping-talmont-saint-hilaire\/\" data-type=\"page\" data-id=\"69\">Talmont Saint Hilaire<\/a> en de Puits d'Enfer, tegenover de oceaan (100 m), is camping Mirabel La Baie de Cayola ideaal om de omgeving te ontdekken. <a href=\"https:\/\/mirabel-baiedecayola.com\/nl\/camping-vendee-toerisme\/\" data-type=\"page\" data-id=\"73\">Vend\u00e9e<\/a>. Gelegen op minder dan 10 km van <a href=\"https:\/\/mirabel-baiedecayola.com\/nl\/camping-les-sables-dolonne\/\" data-type=\"page\" data-id=\"67\">Sables d'Olonne<\/a>, Het heeft een bevoorrechte locatie van waaruit u optimaal kunt profiteren van de <strong>kustplaats<\/strong> en zijn vrijetijdsactiviteiten en diensten. Zet je koffers neer op onze camping voor een vakantie met het gezin of met vrienden.<strong> tussen zee en bos<\/strong> en laat je meeslepen door de zachte manier van leven in deze prachtige regio.<\/p>\n<\/div>\n\n\n\n<div class=\"wp-block-column order-2 order-md-3 is-layout-flow wp-block-column-is-layout-flow\">\n<h2 class=\"wp-block-heading has-text-color has-medium-font-size\" id=\"un-espace-aquatique-avec-piscine-couverte-et-balneo\" style=\"color:#266674\">Je comfortabele huurappartement in Vend\u00e9e<\/h2>\n\n\n\n<p>Hou je van een kampeersfeer, maar wil je het comfort van je vakantieaccommodatie niet opgeven? Bij La Baie de Cayola kun je het volgende huren <a href=\"https:\/\/mirabel-baiedecayola.com\/nl\/verhuur-appartement-les-sables-d-olonne\/\" data-type=\"page\" data-id=\"8716\">luxe appartementen<\/a> in onlangs gerenoveerde gebouwen. <strong>Vanaf 50m<sup>2<\/sup> op 90m<sup>2<\/sup><\/strong>, met zonneterras en tuinmeubels, volledig ingerichte en uitgeruste keuken. Deze <strong>appartementen<\/strong> met uitzicht op de oceaan voor maximaal 6 personen. Probeer ze uit...<\/p>\n<\/div>\n<\/div>\n\n\n\n<div class=\"wp-block-columns is-layout-flex wp-container-core-columns-is-layout-28f84493 wp-block-columns-is-layout-flex\">\n<div class=\"wp-block-column mr-md-4 is-layout-flow wp-block-column-is-layout-flow\">\n<h2 class=\"wp-block-heading has-text-color has-medium-font-size\" id=\"votre-location-de-vacances-dans-un-camping-anime\" style=\"color:#266674\">Overdekt zwembad en glijbanen voor iedereen<\/h2>\n\n\n\n<p>De camping heeft een <strong>overdekt zwembad<\/strong> verwarmd zwembad met bubbelbad, geopend in de zomer als het weer het toelaat. L\u2019<a href=\"https:\/\/mirabel-baiedecayola.com\/nl\/waterpark\/\" data-type=\"page\" data-id=\"54\">aquatisch gebied<\/a> bevat ook een <strong>buitenzwembad met kinderbad<\/strong> voor de kleintjes en twee <strong>dia's<\/strong> voor diafans! Voor degenen die liever lezen, neem plaats op onze <strong>ligstoelen aan het water<\/strong> en duik in je favoriete roman terwijl de kinderen zich vermaken!<\/p>\n<\/div>\n\n\n\n<div class=\"wp-block-column is-layout-flow wp-block-column-is-layout-flow\">\n<h2 class=\"wp-block-heading has-text-color has-medium-font-size\" id=\"des-vacances-actives-sur-les-plages-normandes\" style=\"color:#266674\">Jouw gezinsvakantie in Les Sables d'Olonne<\/h2>\n\n\n\n<p>Onze familiecamping heeft 147 staanplaatsen en volop faciliteiten voor jong en oud. <a href=\"https:\/\/mirabel-baiedecayola.com\/nl\/camping-vendee-activiteiten\/\" data-type=\"page\" data-id=\"43\">Multisportvelden<\/a>, Er is ook een tafeltennistafel en een petanquebaan voor sportievelingen en petanquefans. <strong>Speeltuin, opblaasbare structuur, speelkamer<\/strong> voor jongeren. <strong>In de zomer,<\/strong> de <strong><a href=\"https:\/\/mirabel-baiedecayola.com\/nl\/evenementen-juli-augustus\/\" data-type=\"page\" data-id=\"46\">kinderclub<\/a><\/strong> opent haar deuren en het activiteitenteam bereidt allerlei leuke activiteiten voor. Vergeet je niet in te schrijven!<\/p>\n<\/div>\n<\/div>\n\n\n\n<div class=\"wp-block-group front-page-section grey is-layout-flow wp-block-group-is-layout-flow\">\n<p class=\"h1-like-rond\">Mijn knusse nestje!<\/p>\n\n\n\n<h2 class=\"wp-block-heading has-text-align-center has-medium-font-size\" id=\"hebergements\">Vakantiewoningen in Les Sables-d'Olonne&nbsp;<\/h2>\n\n\n\n<div class=\"wp-block-columns is-layout-flex wp-container-core-columns-is-layout-28f84493 wp-block-columns-is-layout-flex\">\n<div class=\"wp-block-column is-layout-flow wp-block-column-is-layout-flow\">\n<div class=\"wp-block-create-block-sevgutenberg\"><aside class=\"encart-sev big carre\"><a href=\"https:\/\/mirabel-baiedecayola.com\/nl\/hosting\/appartement-4-pers\/\" class=\"d-flex flex-column align-items-center\"><div class=\"encart-title\"><h3>De 4-persoons appartementen<\/h3><\/div><div class=\"vague\"><\/div><img decoding=\"async\" src=\"https:\/\/mirabel-baiedecayola.com\/wp-content\/uploads\/2023\/07\/Cayola-chambre-duplex3ch.jpg\" alt=\"zeezicht verhuur Vend\u00e9e\"\/><div class=\"ligne\"><\/div><div class=\"hover\"><\/div><\/a><\/aside><\/div>\n<\/div>\n\n\n\n<div class=\"wp-block-column is-layout-flow wp-block-column-is-layout-flow\">\n<div class=\"wp-block-create-block-sevgutenberg\"><aside class=\"encart-sev big carre\"><a href=\"https:\/\/mirabel-baiedecayola.com\/nl\/hosting\/duplex-appartement-6-pers\/\" class=\"d-flex flex-column align-items-center\"><div class=\"encart-title\"><h3>De 6-persoons appartementen<\/h3><\/div><div class=\"vague\"><\/div><img decoding=\"async\" src=\"https:\/\/mirabel-baiedecayola.com\/wp-content\/uploads\/2025\/02\/appartement-location-vacances-terrasse.jpg\" alt=\"terras flat 6 personen\"\/><div class=\"ligne\"><\/div><div class=\"hover\"><\/div><\/a><\/aside><\/div>\n<\/div>\n<\/div>\n<\/div>\n\n\n\n<p class=\"h1-like-rond\"> Word eigenaar<\/p>\n\n\n\n<div class=\"wp-block-group front-page-section proprio mb-0 is-layout-flow wp-block-group-is-layout-flow\">\n<div class=\"wp-block-group texte-proprio is-layout-flow wp-block-group-is-layout-flow\">\n<p class=\"has-text-align-center\" style=\"font-size:28px\"><strong>Op zoek naar je tweede huis?<\/strong><\/p>\n\n\n\n<p>Hier kun je eigenaar worden van je eigen stacaravan.<\/p>\n\n\n\n<p>Er zijn tal van mogelijkheden om je tweede huisje bij de oceaan te cre\u00ebren voor je weekends of vakanties. Kies de functies die bij je passen: 1 tot 3 slaapkamers, ingerichte keuken, 1 of 2 badkamers, terras, tuinhuisje... Cre\u00eber de ruimte die bij je past!<\/p>\n\n\n\n<figure class=\"wp-block-image size-full plus\"><a href=\"https:\/\/mirabel-baiedecayola.com\/nl\/bijgebouw-vendee\/\"><img loading=\"lazy\" decoding=\"async\" width=\"41\" height=\"41\" src=\"https:\/\/www.mirabel-baiedecayola.com\/wp-content\/uploads\/2022\/01\/plus-1.png\" alt=\"\" class=\"wp-image-3062\"\/><\/a><\/figure>\n<\/div>\n<\/div>\n\n\n\n<div class=\"wp-block-group front-page-section grey is-layout-flow wp-block-group-is-layout-flow\">\n<p class=\"h1-like\">Nieuws<\/p>\n\n\n\n<div class=\"wp-block-columns is-layout-flex wp-container-core-columns-is-layout-28f84493 wp-block-columns-is-layout-flex\">\n<div class=\"wp-block-column is-layout-flow wp-block-column-is-layout-flow\"><div id=\"carouselActus\" data-interval=\"6000\" data-wrap=\"true\" class=\"carousel slide\"><div class=\"carousel-inner\"><div class=\"carousel-item active\"><div class=\"actus\">\r\n<a href=\"https:\/\/mirabel-baiedecayola.com\/nl\/la-piscine-est-ouverte-pour-paques-a-la-baie-de-cayola\/\" class=\"multiple-actu\">\r\n\t<div class=\"d-flex flex-column infos\">\r\n\t\t<div class=\"date\">03\/04\/2026<\/div>\r\n\t\t<div class=\"titre\">Het zwembad is open met Pasen in Baie de Cayola!<\/div>\r\n\r\n\t\t<span class=\"plus\"><img decoding=\"async\" src=\"https:\/\/mirabel-baiedecayola.com\/wp-content\/themes\/mirabel-site\/assets\/img\/plus.png\"><\/span>\r\n\t<\/div>\r\n\t<div class=\"img\">\r\n\t\t<img decoding=\"async\" src=\"https:\/\/mirabel-baiedecayola.com\/wp-content\/uploads\/2023\/04\/piscine-camping-ouverte-300x300.jpg\" alt=\"Het zwembad is open met Pasen in Baie de Cayola!\" loading=\"lazy\">\r\n\t<\/div>\r\n<\/a>\r\n\r\n<a href=\"https:\/\/mirabel-baiedecayola.com\/nl\/programme-des-vacances-de-paques\/\" class=\"multiple-actu\">\r\n\t<div class=\"d-flex flex-column infos\">\r\n\t\t<div class=\"date\">25\/03\/2026<\/div>\r\n\t\t<div class=\"titre\">Paasvakantieprogramma in Les Sables d'Olonne<\/div>\r\n\r\n\t\t<span class=\"plus\"><img decoding=\"async\" src=\"https:\/\/mirabel-baiedecayola.com\/wp-content\/themes\/mirabel-site\/assets\/img\/plus.png\"><\/span>\r\n\t<\/div>\r\n\t<div class=\"img\">\r\n\t\t<img decoding=\"async\" src=\"https:\/\/mirabel-baiedecayola.com\/wp-content\/uploads\/2023\/03\/programme-vacances-paques-A-300x257.jpg\" alt=\"Paasvakantieprogramma in Les Sables d&#039;Olonne\" loading=\"lazy\">\r\n\t<\/div>\r\n<\/a>\r\n\r\n<a href=\"https:\/\/mirabel-baiedecayola.com\/nl\/on-recrute-a-la-baie-de-cayola\/\" class=\"multiple-actu\">\r\n\t<div class=\"d-flex flex-column infos\">\r\n\t\t<div class=\"date\">13\/01\/2026<\/div>\r\n\t\t<div class=\"titre\">Seizoenarbeid 2026 op een camping in Les Sables d'Olonne<\/div>\r\n\r\n\t\t<span class=\"plus\"><img decoding=\"async\" src=\"https:\/\/mirabel-baiedecayola.com\/wp-content\/themes\/mirabel-site\/assets\/img\/plus.png\"><\/span>\r\n\t<\/div>\r\n\t<div class=\"img\">\r\n\t\t<img decoding=\"async\" src=\"https:\/\/mirabel-baiedecayola.com\/wp-content\/uploads\/2023\/08\/cayola-animations-fin-ete-300x168.jpg\" alt=\"Seizoenarbeid 2026 op een camping in Les Sables d&#039;Olonne\" loading=\"lazy\">\r\n\t<\/div>\r\n<\/a>\r\n<\/div><\/div><div class=\"carousel-item\"><div class=\"actus\">\r\n<a href=\"https:\/\/mirabel-baiedecayola.com\/nl\/reservations-ouvertes-pour-2026-vos-vacances-aux-sables-dolonne\/\" class=\"multiple-actu\">\r\n\t<div class=\"d-flex flex-column infos\">\r\n\t\t<div class=\"date\">28\/11\/2025<\/div>\r\n\t\t<div class=\"titre\">Reserveringen geopend voor 2026 - uw vakantie in Les Sables d'Olonne<\/div>\r\n\r\n\t\t<span class=\"plus\"><img decoding=\"async\" src=\"https:\/\/mirabel-baiedecayola.com\/wp-content\/themes\/mirabel-site\/assets\/img\/plus.png\"><\/span>\r\n\t<\/div>\r\n\t<div class=\"img\">\r\n\t\t<img decoding=\"async\" src=\"https:\/\/mirabel-baiedecayola.com\/wp-content\/uploads\/2024\/10\/ouverture-resa-Cayola-2026-300x300.jpg\" alt=\"Reserveringen geopend voor 2026 - uw vakantie in Les Sables d&#039;Olonne\" loading=\"lazy\">\r\n\t<\/div>\r\n<\/a>\r\n\r\n<a href=\"https:\/\/mirabel-baiedecayola.com\/nl\/vacances-de-la-toussaint-aux-sables-dolonne\/\" class=\"multiple-actu\">\r\n\t<div class=\"d-flex flex-column infos\">\r\n\t\t<div class=\"date\">30\/09\/2025<\/div>\r\n\t\t<div class=\"titre\">Allerheiligen in Les Sables d'Olonne<\/div>\r\n\r\n\t\t<span class=\"plus\"><img decoding=\"async\" src=\"https:\/\/mirabel-baiedecayola.com\/wp-content\/themes\/mirabel-site\/assets\/img\/plus.png\"><\/span>\r\n\t<\/div>\r\n\t<div class=\"img\">\r\n\t\t<img decoding=\"async\" src=\"https:\/\/mirabel-baiedecayola.com\/wp-content\/uploads\/2025\/09\/halloween-animation-camping-2025-300x200.jpg\" alt=\"Allerheiligen in Les Sables d&#039;Olonne\" loading=\"lazy\">\r\n\t<\/div>\r\n<\/a>\r\n\r\n<a href=\"https:\/\/mirabel-baiedecayola.com\/nl\/vacances-de-septembre-en-vendee\/\" class=\"multiple-actu\">\r\n\t<div class=\"d-flex flex-column infos\">\r\n\t\t<div class=\"date\">28\/08\/2025<\/div>\r\n\t\t<div class=\"titre\">September vakantie in Vend\u00e9e<\/div>\r\n\r\n\t\t<span class=\"plus\"><img decoding=\"async\" src=\"https:\/\/mirabel-baiedecayola.com\/wp-content\/themes\/mirabel-site\/assets\/img\/plus.png\"><\/span>\r\n\t<\/div>\r\n\t<div class=\"img\">\r\n\t\t<img decoding=\"async\" src=\"https:\/\/mirabel-baiedecayola.com\/wp-content\/uploads\/2024\/08\/plage-maree-vendee-300x226.jpg\" alt=\"September vakantie in Vend\u00e9e\" loading=\"lazy\">\r\n\t<\/div>\r\n<\/a>\r\n<\/div><\/div><div class=\"carousel-item\"><div class=\"actus\">\r\n<a href=\"https:\/\/mirabel-baiedecayola.com\/nl\/les-animations-reprennent\/\" class=\"multiple-actu\">\r\n\t<div class=\"d-flex flex-column infos\">\r\n\t\t<div class=\"date\">27\/06\/2025<\/div>\r\n\t\t<div class=\"titre\">De activiteiten op de camping gaan de hele zomer door<\/div>\r\n\r\n\t\t<span class=\"plus\"><img decoding=\"async\" src=\"https:\/\/mirabel-baiedecayola.com\/wp-content\/themes\/mirabel-site\/assets\/img\/plus.png\"><\/span>\r\n\t<\/div>\r\n\t<div class=\"img\">\r\n\t\t<img decoding=\"async\" src=\"https:\/\/mirabel-baiedecayola.com\/wp-content\/uploads\/2022\/05\/CHANTEUR_GUITARISTE_CAYOLA-225x300.jpg\" alt=\"De activiteiten op de camping gaan de hele zomer door\" loading=\"lazy\">\r\n\t<\/div>\r\n<\/a>\r\n\r\n<a href=\"https:\/\/mirabel-baiedecayola.com\/nl\/nouveau-la-borne-de-recharge-electrique\/\" class=\"multiple-actu\">\r\n\t<div class=\"d-flex flex-column infos\">\r\n\t\t<div class=\"date\">29\/04\/2025<\/div>\r\n\t\t<div class=\"titre\">NIEUW: het elektrische oplaadpunt<\/div>\r\n\r\n\t\t<span class=\"plus\"><img decoding=\"async\" src=\"https:\/\/mirabel-baiedecayola.com\/wp-content\/themes\/mirabel-site\/assets\/img\/plus.png\"><\/span>\r\n\t<\/div>\r\n\t<div class=\"img\">\r\n\t\t<img decoding=\"async\" src=\"https:\/\/mirabel-baiedecayola.com\/wp-content\/uploads\/2025\/04\/recharger-sa-voiture-au-camping-300x251.jpg\" alt=\"NIEUW: het elektrische oplaadpunt\" loading=\"lazy\">\r\n\t<\/div>\r\n<\/a>\r\n\r\n<a href=\"https:\/\/mirabel-baiedecayola.com\/nl\/cadeau-special-pour-les-mamans\/\" class=\"multiple-actu\">\r\n\t<div class=\"d-flex flex-column infos\">\r\n\t\t<div class=\"date\">21\/05\/2024<\/div>\r\n\t\t<div class=\"titre\">Speciaal cadeau voor moeders en vaders<\/div>\r\n\r\n\t\t<span class=\"plus\"><img decoding=\"async\" src=\"https:\/\/mirabel-baiedecayola.com\/wp-content\/themes\/mirabel-site\/assets\/img\/plus.png\"><\/span>\r\n\t<\/div>\r\n\t<div class=\"img\">\r\n\t\t<img decoding=\"async\" src=\"https:\/\/mirabel-baiedecayola.com\/wp-content\/uploads\/2024\/06\/cadeau-fete-peres-CAYOLA-300x300.jpg\" alt=\"Speciaal cadeau voor moeders en vaders\" loading=\"lazy\">\r\n\t<\/div>\r\n<\/a>\r\n<\/div><\/div><div class=\"carousel-item\"><div class=\"actus\">\r\n<a href=\"https:\/\/mirabel-baiedecayola.com\/nl\/votez-pour-votre-clip-de-lete-prefere\/\" class=\"multiple-actu\">\r\n\t<div class=\"d-flex flex-column infos\">\r\n\t\t<div class=\"date\">17\/08\/2023<\/div>\r\n\t\t<div class=\"titre\">Inter-camping uitdaging: de clip van zomer 2023!<\/div>\r\n\r\n\t\t<span class=\"plus\"><img decoding=\"async\" src=\"https:\/\/mirabel-baiedecayola.com\/wp-content\/themes\/mirabel-site\/assets\/img\/plus.png\"><\/span>\r\n\t<\/div>\r\n\t<div class=\"img\">\r\n\t\t<img decoding=\"async\" src=\"https:\/\/mirabel-baiedecayola.com\/wp-content\/uploads\/2023\/07\/WEB-Challenge-clip-video-2023-212x300.jpg\" alt=\"Inter-camping uitdaging: de clip van zomer 2023!\" loading=\"lazy\">\r\n\t<\/div>\r\n<\/a>\r\n\r\n<a href=\"https:\/\/mirabel-baiedecayola.com\/nl\/les-animations-jusquau-31-aout-au-camping-mirabel-la-baie-de-cayola\/\" class=\"multiple-actu\">\r\n\t<div class=\"d-flex flex-column infos\">\r\n\t\t<div class=\"date\">09\/08\/2023<\/div>\r\n\t\t<div class=\"titre\">Activiteiten op Camping Mirabel La Baie de Cayola tot 31 augustus<\/div>\r\n\r\n\t\t<span class=\"plus\"><img decoding=\"async\" src=\"https:\/\/mirabel-baiedecayola.com\/wp-content\/themes\/mirabel-site\/assets\/img\/plus.png\"><\/span>\r\n\t<\/div>\r\n\t<div class=\"img\">\r\n\t\t<img decoding=\"async\" src=\"https:\/\/mirabel-baiedecayola.com\/wp-content\/uploads\/2023\/08\/cayola-animations-fin-ete-300x168.jpg\" alt=\"Activiteiten op Camping Mirabel La Baie de Cayola tot 31 augustus\" loading=\"lazy\">\r\n\t<\/div>\r\n<\/a>\r\n\r\n<a href=\"https:\/\/mirabel-baiedecayola.com\/nl\/profitez-des-ponts-du-mois-de-mai\/\" class=\"multiple-actu\">\r\n\t<div class=\"d-flex flex-column infos\">\r\n\t\t<div class=\"date\">16\/03\/2023<\/div>\r\n\t\t<div class=\"titre\">In mei: 3 nachten vanaf \u20ac188<\/div>\r\n\r\n\t\t<span class=\"plus\"><img decoding=\"async\" src=\"https:\/\/mirabel-baiedecayola.com\/wp-content\/themes\/mirabel-site\/assets\/img\/plus.png\"><\/span>\r\n\t<\/div>\r\n\t<div class=\"img\">\r\n\t\t<img decoding=\"async\" src=\"https:\/\/mirabel-baiedecayola.com\/wp-content\/uploads\/2023\/03\/Ponts-de-mai-Mirabel-2-300x300.jpg\" alt=\"In mei: 3 nachten vanaf \u20ac188\" loading=\"lazy\">\r\n\t<\/div>\r\n<\/a>\r\n<\/div><\/div><div class=\"carousel-item\"><div class=\"actus\">\r\n<a href=\"https:\/\/mirabel-baiedecayola.com\/nl\/j-7-avant-la-reouverture\/\" class=\"multiple-actu\">\r\n\t<div class=\"d-flex flex-column infos\">\r\n\t\t<div class=\"date\">08\/03\/2023<\/div>\r\n\t\t<div class=\"titre\">Nog 7 dagen te gaan voordat onze inwoners weer opengaan voor zaken<\/div>\r\n\r\n\t\t<span class=\"plus\"><img decoding=\"async\" src=\"https:\/\/mirabel-baiedecayola.com\/wp-content\/themes\/mirabel-site\/assets\/img\/plus.png\"><\/span>\r\n\t<\/div>\r\n\t<div class=\"img\">\r\n\t\t<img decoding=\"async\" src=\"https:\/\/mirabel-baiedecayola.com\/wp-content\/uploads\/2023\/03\/maison-vacances-cayola-300x300.jpg\" alt=\"Nog 7 dagen te gaan voordat onze inwoners weer opengaan voor zaken\" loading=\"lazy\">\r\n\t<\/div>\r\n<\/a>\r\n\r\n<a href=\"https:\/\/mirabel-baiedecayola.com\/nl\/a-lannee-prochaine\/\" class=\"multiple-actu\">\r\n\t<div class=\"d-flex flex-column infos\">\r\n\t\t<div class=\"date\">17\/11\/2022<\/div>\r\n\t\t<div class=\"titre\">Tot volgend jaar!<\/div>\r\n\r\n\t\t<span class=\"plus\"><img decoding=\"async\" src=\"https:\/\/mirabel-baiedecayola.com\/wp-content\/themes\/mirabel-site\/assets\/img\/plus.png\"><\/span>\r\n\t<\/div>\r\n\t<div class=\"img\">\r\n\t\t<img decoding=\"async\" src=\"https:\/\/mirabel-baiedecayola.com\/wp-content\/uploads\/2022\/11\/A-bientot-fermeture-300x300.jpg\" alt=\"Tot volgend jaar!\" loading=\"lazy\">\r\n\t<\/div>\r\n<\/a>\r\n\r\n<a href=\"https:\/\/mirabel-baiedecayola.com\/nl\/defi-inter-camping\/\" class=\"multiple-actu\">\r\n\t<div class=\"d-flex flex-column infos\">\r\n\t\t<div class=\"date\">08\/08\/2022<\/div>\r\n\t\t<div class=\"titre\">Inter-camping uitdaging<\/div>\r\n\r\n\t\t<span class=\"plus\"><img decoding=\"async\" src=\"https:\/\/mirabel-baiedecayola.com\/wp-content\/themes\/mirabel-site\/assets\/img\/plus.png\"><\/span>\r\n\t<\/div>\r\n\t<div class=\"img\">\r\n\t\t<img decoding=\"async\" src=\"https:\/\/mirabel-baiedecayola.com\/wp-content\/uploads\/2022\/08\/Challenge-panneau-fin-aout2-212x300.jpg\" alt=\"Inter-camping uitdaging\" loading=\"lazy\">\r\n\t<\/div>\r\n<\/a>\r\n<\/div><\/div><div class=\"carousel-item\"><div class=\"actus\">\r\n<a href=\"https:\/\/mirabel-baiedecayola.com\/nl\/grand-concours-de-deguisement-mirabel-2022\/\" class=\"multiple-actu\">\r\n\t<div class=\"d-flex flex-column infos\">\r\n\t\t<div class=\"date\">15\/07\/2022<\/div>\r\n\t\t<div class=\"titre\">Mirabel 2022 verkleedwedstrijd<\/div>\r\n\r\n\t\t<span class=\"plus\"><img decoding=\"async\" src=\"https:\/\/mirabel-baiedecayola.com\/wp-content\/themes\/mirabel-site\/assets\/img\/plus.png\"><\/span>\r\n\t<\/div>\r\n\t<div class=\"img\">\r\n\t\t<img decoding=\"async\" src=\"https:\/\/mirabel-baiedecayola.com\/wp-content\/uploads\/2022\/07\/Journee-deguisee-20juillet-212x300.jpg\" alt=\"Mirabel 2022 verkleedwedstrijd\" loading=\"lazy\">\r\n\t<\/div>\r\n<\/a>\r\n\r\n<a href=\"https:\/\/mirabel-baiedecayola.com\/nl\/poste-a-pourvoir-au-camping\/\" class=\"multiple-actu\">\r\n\t<div class=\"d-flex flex-column infos\">\r\n\t\t<div class=\"date\">05\/07\/2022<\/div>\r\n\t\t<div class=\"titre\">Vacature op de camping!<\/div>\r\n\r\n\t\t<span class=\"plus\"><img decoding=\"async\" src=\"https:\/\/mirabel-baiedecayola.com\/wp-content\/themes\/mirabel-site\/assets\/img\/plus.png\"><\/span>\r\n\t<\/div>\r\n\t<div class=\"img\">\r\n\t\t<img decoding=\"async\" src=\"https:\/\/mirabel-baiedecayola.com\/wp-content\/uploads\/2022\/07\/recrutement-technicien-300x300.jpg\" alt=\"Vacature op de camping!\" loading=\"lazy\">\r\n\t<\/div>\r\n<\/a>\r\n\r\n<a href=\"https:\/\/mirabel-baiedecayola.com\/nl\/fin-du-port-du-masque-et-du-pass-vaccinal\/\" class=\"multiple-actu\">\r\n\t<div class=\"d-flex flex-column infos\">\r\n\t\t<div class=\"date\">14\/03\/2022<\/div>\r\n\t\t<div class=\"titre\">Geen maskers of vaccinatiepassen meer<\/div>\r\n\r\n\t\t<span class=\"plus\"><img decoding=\"async\" src=\"https:\/\/mirabel-baiedecayola.com\/wp-content\/themes\/mirabel-site\/assets\/img\/plus.png\"><\/span>\r\n\t<\/div>\r\n\t<div class=\"img\">\r\n\t\t<img decoding=\"async\" src=\"https:\/\/mirabel-baiedecayola.com\/wp-content\/uploads\/2024\/04\/fin-interdiction-masque-mars2022-1024x1024-1-300x300.jpg\" alt=\"Geen maskers of vaccinatiepassen meer\" loading=\"lazy\">\r\n\t<\/div>\r\n<\/a>\r\n<\/div><\/div><div class=\"carousel-item\"><div class=\"actus\">\r\n<a href=\"https:\/\/mirabel-baiedecayola.com\/nl\/reouverture-du-camping\/\" class=\"multiple-actu\">\r\n\t<div class=\"d-flex flex-column infos\">\r\n\t\t<div class=\"date\">09\/03\/2022<\/div>\r\n\t\t<div class=\"titre\">Heropening van de camping op 15 maart 2022<\/div>\r\n\r\n\t\t<span class=\"plus\"><img decoding=\"async\" src=\"https:\/\/mirabel-baiedecayola.com\/wp-content\/themes\/mirabel-site\/assets\/img\/plus.png\"><\/span>\r\n\t<\/div>\r\n\t<div class=\"img\">\r\n\t\t<img decoding=\"async\" src=\"https:\/\/mirabel-baiedecayola.com\/wp-content\/uploads\/2022\/03\/re\u0301ouverture-camping-1-avril-300x300.png\" alt=\"Heropening van de camping op 15 maart 2022\" loading=\"lazy\">\r\n\t<\/div>\r\n<\/a>\r\n\r\n<a href=\"https:\/\/mirabel-baiedecayola.com\/nl\/bonne-annee\/\" class=\"multiple-actu\">\r\n\t<div class=\"d-flex flex-column infos\">\r\n\t\t<div class=\"date\">01\/01\/2022<\/div>\r\n\t\t<div class=\"titre\">Gelukkig Nieuwjaar!<\/div>\r\n\r\n\t\t<span class=\"plus\"><img decoding=\"async\" src=\"https:\/\/mirabel-baiedecayola.com\/wp-content\/themes\/mirabel-site\/assets\/img\/plus.png\"><\/span>\r\n\t<\/div>\r\n\t<div class=\"img\">\r\n\t\t<img decoding=\"async\" src=\"https:\/\/mirabel-baiedecayola.com\/wp-content\/uploads\/2022\/01\/bonne-annee-300x300.jpg\" alt=\"Gelukkig Nieuwjaar!\" loading=\"lazy\">\r\n\t<\/div>\r\n<\/a>\r\n<\/div><\/div><\/div><div class=\"d-flex justify-content-center\"><button class=\"carousel-control carousel-control-prev\" type=\"button\" data-target=\"#carouselActus\" data-slide=\"prev\">\r\n\t\t\t\t\t<i class=\"fa fa-chevron-left\" aria-hidden=\"true\"><\/i>\r\n\t\t\t\t\t<span class=\"sr-only\">Vorige<\/span>\r\n\t\t\t\t<\/button>\r\n\t\t\t\t<button class=\"carousel-control carousel-control-next\" type=\"button\" data-target=\"#carouselActus\" data-slide=\"next\">\r\n\t\t\t\t\t<i class=\"fa fa-chevron-right\" aria-hidden=\"true\"><\/i>\r\n\t\t\t\t\t<span class=\"sr-only\">Volgende<\/span>\r\n\t\t\t\t<\/button><\/div><\/div>\n<\/div>\n<\/div>\n<\/div>\n\n\n\n<p class=\"h1-like\">Praktische informatie<\/p>\n\n\n<div class=\"sidebar sidebar-post sidebar-post d-flex flex-wrap\">\t\t\r\n\t\t<div class=\"col-12 col-sm-12 col-md-4 col-lg-4 col-xl-4\">\r\n\r\n\t\t\t\t\t\r\n\t\t\t<aside class=\"reviews\">\r\n\r\n\t\t\t\t\t\t\t\r\n\t\t<div class=\"widget-title\">\r\n\t\t\t<span>We zijn het gesprek van de dag!<\/span>\r\n\t\t\t\r\n\t\t\t\r\n\t\t<\/div>\r\n\t\t\r\n\t\t\t\t<div class=\"content\">\r\n\r\n\t\t\t\t\t<ctv-reviews-list ><\/ctv-reviews-list>\r\n\t\t\t\t<\/div>\r\n\r\n\t\t\t<\/aside>\r\n\r\n\t\t\t\r\n\t\t<\/div>\r\n\r\n\t\t\n<div class=\"wp-block-group is-layout-flow wp-block-group-is-layout-flow\"><\/div>\n\t\t\r\n\t\t<div class=\"col-12 col-sm-12 col-md-4 col-lg-4 col-xl-4\">\r\n\r\n\t\t\t\t\t\r\n\t\t\t<aside class=\"widget encart bis\">\r\n\t\t\t\t\r\n\t\t\t\t\t\t\t\t\t\t\t\t\r\n\t\t\t\t<a href=\"https:\/\/mirabel-baiedecayola.com\/nl\/foire-aux-questions\/\">\r\n\r\n\t\t\t\t\t\t\t\t\r\n\t\t<div class=\"widget-title\">\r\n\t\t\t<span>Antwoorden op je vragen<\/span>\r\n\t\t\t\r\n\t\t\t\r\n\t\t<\/div>\r\n\t\t\r\n\t\t\t\t\t<img decoding=\"async\" src=\"https:\/\/mirabel-baiedecayola.com\/wp-content\/uploads\/2021\/12\/faq.png\" alt=\"\" class=\"img-responsive\">\r\n\r\n\t\t\t\t<\/a>\r\n\r\n\t\t\t<\/aside>\r\n\r\n\t\t\t\r\n\t\t<\/div>\r\n\r\n\t\t\t\t\r\n\t\t<div class=\"col-12 col-sm-12 col-md-4 col-lg-4 col-xl-4\">\r\n\r\n\t\t\t\t\t\r\n\t\t\t<aside class=\"menusev\">\r\n\r\n\t\t\t\t\t\t\t\r\n\t\t<div class=\"widget-title\">\r\n\t\t\t<span>Nuttige documenten<\/span>\r\n\t\t\t\r\n\t\t\t\r\n\t\t<\/div>\r\n\t\t\r\n\t\t\t\t<ul id=\"menu-menu-telechargements\" class=\"menu\"><li id=\"menu-item-8729\" class=\"menu-item menu-item-type-custom menu-item-object-custom menu-item-8729\"><a target=\"_blank\" href=\"https:\/\/mirabel-baiedecayola.com\/wp-content\/uploads\/2023\/04\/CGV-appart-2025.pdf\">Algemene voorwaarden - Appartement<\/a><\/li>\n<li id=\"menu-item-4557\" class=\"menu-item menu-item-type-custom menu-item-object-custom menu-item-4557\"><a target=\"_blank\" href=\"https:\/\/mirabel-baiedecayola.com\/wp-content\/uploads\/2024\/02\/IPIDCGA-FR_merged_compressed.pdf\">Annuleringsverzekering<\/a><\/li>\n<li id=\"menu-item-4558\" class=\"menu-item menu-item-type-custom menu-item-object-custom menu-item-4558\"><a target=\"_blank\" href=\"https:\/\/mirabel-baiedecayola.com\/wp-content\/uploads\/2023\/04\/Plan-Cayola-2026-web.jpg\">Plattegrond van de camping<\/a><\/li>\n<li id=\"menu-item-9758\" class=\"menu-item menu-item-type-custom menu-item-object-custom menu-item-9758\"><a target=\"_blank\" href=\"https:\/\/www.mirabel-baiedecayola.com\/wp-content\/uploads\/2023\/04\/Reglement-interieur-2025.pdf\">Reglement<\/a><\/li>\n<li id=\"menu-item-15345\" class=\"menu-item menu-item-type-custom menu-item-object-custom menu-item-15345\"><a target=\"_blank\" href=\"https:\/\/notre.guide\/labaiedecayola\/#events_onsite\">Agenda zomerevenementen<\/a><\/li>\n<li id=\"menu-item-17412\" class=\"menu-item menu-item-type-custom menu-item-object-custom menu-item-17412\"><a target=\"_blank\" href=\"https:\/\/mirabel-campings.com\/nos-offres-demploi\/\">Onze vacatures<\/a><\/li>\n<\/ul>\r\n\t\t\t<\/aside>\r\n\r\n\t\t\t\r\n\t\t<\/div>\r\n\r\n\t\t<\/div>\n\n\n\n<p class=\"h1-like\">Fotogalerij<\/p>\n\n\n\t\t\t<div id=\"sevgallery-1582566030\" class=\"sev-diaporama sev-diaporama-portfolio\">\r\n\t\t\t\t<div class=\"row\">\r\n\r\n\t\t\t\t\t\r\n\t\t\t\t\t\t\r\n\t\t\t\t\t\t<div class=\"sev-diaporama-portfolio-item   btnseeall btnseeall-sm col-12 col-md\">\r\n\t\t\t\t\t\t\t<a href=\"https:\/\/mirabel-baiedecayola.com\/nl\/camping-vendee-photos\/\"  style=\"background-image: url(https:\/\/mirabel-baiedecayola.com\/wp-content\/uploads\/2022\/04\/PISICNE_FAMILLE-1024x683.jpg)\">\r\n\t\t\t\t\t\t\t\t<img decoding=\"async\" src=\"https:\/\/mirabel-baiedecayola.com\/wp-content\/uploads\/2022\/04\/PISICNE_FAMILLE-1024x683.jpg\" alt=\"camping met kinderzwembad\" loading=\"lazy\">\r\n\t\t\t\t\t\t\t\t\t\t\t\t\t\t\t<\/a>\r\n\t\t\t\t\t\t<\/div>\r\n\r\n\t\t\t\t\t\t\r\n\t\t\t\t\t\t\t\t\t\t\t\t\t\t\t\t\t\r\n\t\t\t\t\t\t\r\n\t\t\t\t\t\t<div class=\"sev-diaporama-portfolio-item   btnseeall btnseeall-sm col-12 col-md  col-grow\">\r\n\t\t\t\t\t\t\t<a href=\"https:\/\/mirabel-baiedecayola.com\/nl\/camping-vendee-photos\/\"  style=\"background-image: url(https:\/\/mirabel-baiedecayola.com\/wp-content\/uploads\/2022\/04\/allee-vacanciers2-1.jpg)\">\r\n\t\t\t\t\t\t\t\t<img decoding=\"async\" src=\"https:\/\/mirabel-baiedecayola.com\/wp-content\/uploads\/2022\/04\/allee-vacanciers2-1.jpg\" alt=\"camping all\u00e9e\" loading=\"lazy\">\r\n\t\t\t\t\t\t\t\t\t\t\t\t\t\t\t<\/a>\r\n\t\t\t\t\t\t<\/div>\r\n\r\n\t\t\t\t\t\t\r\n\t\t\t\t\t\t\t\t\t\t\t\t\t\t\t\t\t\r\n\t\t\t\t\t\t\r\n\t\t\t\t\t\t<div class=\"sev-diaporama-portfolio-item   btnseeall btnseeall-sm col-12 col-md  col-shrink\">\r\n\t\t\t\t\t\t\t<a href=\"https:\/\/mirabel-baiedecayola.com\/nl\/camping-vendee-photos\/\"  style=\"background-image: url(https:\/\/mirabel-baiedecayola.com\/wp-content\/uploads\/2022\/04\/VUE_MER1_CAYOLA-1-1024x681.jpg)\">\r\n\t\t\t\t\t\t\t\t<img decoding=\"async\" src=\"https:\/\/mirabel-baiedecayola.com\/wp-content\/uploads\/2022\/04\/VUE_MER1_CAYOLA-1-1024x681.jpg\" alt=\"uitzicht op zee vanaf de stacaravans op de camping in Les Sables d&#039;Olonne in de Vend\u00e9e\" loading=\"lazy\">\r\n\t\t\t\t\t\t\t\t\t\t\t\t\t\t\t<\/a>\r\n\t\t\t\t\t\t<\/div>\r\n\r\n\t\t\t\t\t\t\r\n\t\t\t\t\t\t\t\t\t\t\t\t\t\t\t\t\t\r\n\t\t\t\t\t\t\r\n\t\t\t\t\t\t<div class=\"sev-diaporama-portfolio-item   btnseeall btnseeall-sm col-12 col-md\">\r\n\t\t\t\t\t\t\t<a href=\"https:\/\/mirabel-baiedecayola.com\/nl\/camping-vendee-photos\/\"  style=\"background-image: url(https:\/\/mirabel-baiedecayola.com\/wp-content\/uploads\/2022\/04\/GROUPE_FILLES_SELFI-1.jpg)\">\r\n\t\t\t\t\t\t\t\t<img decoding=\"async\" src=\"https:\/\/mirabel-baiedecayola.com\/wp-content\/uploads\/2022\/04\/GROUPE_FILLES_SELFI-1.jpg\" alt=\"camping midden in de natuur bij Les Sables d&#039;Olonne in de Vend\u00e9e\" loading=\"lazy\">\r\n\t\t\t\t\t\t\t\t\t\t\t\t\t\t\t<\/a>\r\n\t\t\t\t\t\t<\/div>\r\n\r\n\t\t\t\t\t\t\t\t\t\t\t\t\t<div class=\"w-100\"><\/div>\r\n\t\t\t\t\t\t\t\t\t\t\t\t\t\r\n\t\t\t\t\t\t\t\t\t\t\t\t\t\t\t\t\t\r\n\t\t\t\t\t\t\r\n\t\t\t\t\t\t<div class=\"sev-diaporama-portfolio-item  limitsm btnseeall btnseeall-sm col-12 col-md  col-shrink\">\r\n\t\t\t\t\t\t\t<a href=\"https:\/\/mirabel-baiedecayola.com\/nl\/camping-vendee-photos\/\"  style=\"background-image: url(https:\/\/mirabel-baiedecayola.com\/wp-content\/uploads\/2022\/04\/PETIT_GARCON_JEUX_CORDE-1.jpg)\">\r\n\t\t\t\t\t\t\t\t<img decoding=\"async\" src=\"https:\/\/mirabel-baiedecayola.com\/wp-content\/uploads\/2022\/04\/PETIT_GARCON_JEUX_CORDE-1.jpg\" alt=\"gezinsvakanties in de Vend\u00e9e\" loading=\"lazy\">\r\n\t\t\t\t\t\t\t\t\t\t\t\t\t\t\t<\/a>\r\n\t\t\t\t\t\t<\/div>\r\n\r\n\t\t\t\t\t\t\r\n\t\t\t\t\t\t\t\t\t\t\t\t\t\t\t\t\t\r\n\t\t\t\t\t\t\r\n\t\t\t\t\t\t<div class=\"sev-diaporama-portfolio-item   btnseeall btnseeall-sm col-12 col-md\">\r\n\t\t\t\t\t\t\t<a href=\"https:\/\/mirabel-baiedecayola.com\/nl\/camping-vendee-photos\/\"  style=\"background-image: url(https:\/\/mirabel-baiedecayola.com\/wp-content\/uploads\/2022\/04\/piscine-cayola-poirier-1-1024x576.jpg)\">\r\n\t\t\t\t\t\t\t\t<img decoding=\"async\" src=\"https:\/\/mirabel-baiedecayola.com\/wp-content\/uploads\/2022\/04\/piscine-cayola-poirier-1-1024x576.jpg\" alt=\"zwembad op de camping in Les Sables d&#039;Olonne\" loading=\"lazy\">\r\n\t\t\t\t\t\t\t\t\t\t\t\t\t\t\t<\/a>\r\n\t\t\t\t\t\t<\/div>\r\n\r\n\t\t\t\t\t\t\r\n\t\t\t\t\t\t\t\t\t\t\t\t\t\t\t\t\t\r\n\t\t\t\t\t\t\r\n\t\t\t\t\t\t<div class=\"sev-diaporama-portfolio-item   btnseeall btnseeall-sm col-12 col-md\">\r\n\t\t\t\t\t\t\t<a href=\"https:\/\/mirabel-baiedecayola.com\/nl\/camping-vendee-photos\/\"  style=\"background-image: url(https:\/\/mirabel-baiedecayola.com\/wp-content\/uploads\/2024\/01\/camping-cayola-vue-mer-vendee-1024x768.jpg)\">\r\n\t\t\t\t\t\t\t\t<img decoding=\"async\" src=\"https:\/\/mirabel-baiedecayola.com\/wp-content\/uploads\/2024\/01\/camping-cayola-vue-mer-vendee-1024x768.jpg\" alt=\"Camping met zeezicht, La Baie de Cayola\" loading=\"lazy\">\r\n\t\t\t\t\t\t\t\t\t\t\t\t\t\t\t<\/a>\r\n\t\t\t\t\t\t<\/div>\r\n\r\n\t\t\t\t\t\t\r\n\t\t\t\t\t\t\t\t\t\t\t\t\t\t\t\t\t\r\n\t\t\t\t\t\t\r\n\t\t\t\t\t\t<div class=\"sev-diaporama-portfolio-item   btnseeall btnseeall-sm col-12 col-md  col-shrink last-visible\">\r\n\t\t\t\t\t\t\t<a href=\"https:\/\/mirabel-baiedecayola.com\/nl\/camping-vendee-photos\/\"  style=\"background-image: url(https:\/\/mirabel-baiedecayola.com\/wp-content\/uploads\/2024\/01\/vacances-velo-sables-olonne-1024x683.jpg)\">\r\n\t\t\t\t\t\t\t\t<img decoding=\"async\" src=\"https:\/\/mirabel-baiedecayola.com\/wp-content\/uploads\/2024\/01\/vacances-velo-sables-olonne-1024x683.jpg\" alt=\"Fietsvakantie op een camping langs de V\u00e9lodyss\u00e9e\" loading=\"lazy\">\r\n\t\t\t\t\t\t\t\t\t\t\t\t\t\t\t\t\t<img decoding=\"async\" src=\"https:\/\/mirabel-baiedecayola.com\/wp-content\/themes\/mirabel-site\/assets\/img\/voir-photos.png\" alt=\"\" \/>\r\n\t\t\t\t\t\t\t\t\t<span>Bekijk alle foto's<\/span>\r\n\t\t\t\t\t\t\t\t\t\t\t\t\t\t\t<\/a>\r\n\t\t\t\t\t\t<\/div>\r\n\r\n\t\t\t\t\t\t\t\t\t\t\t\t\t<div class=\"w-100\"><\/div>\r\n\t\t\t\t\t\t\t\t\t\t\t\t\t\r\n\t\t\t\t\t\t\t\t\t\t\t\t\t\t\t\t\t\t\t\t\t<\/div>\r\n\t\t\t<\/div>\r\n\r\n\t\t\t<script>\r\n\t\t\tjQuery(function($) {\r\n\r\n\t\t\t\tvar marginPortfolio = function() {\r\n\r\n\t\t\t\t\tvar $diapo          = $('#sevgallery-1582566030');\r\n\t\t\t\t\tvar container_width = $diapo.parent().outerWidth();\r\n\t\t\t\t\tvar side            = ( $(window).innerWidth() - container_width ) \/ 2;\r\n\r\n\t\t\t\t\t$diapo.css( {\r\n\t\t\t\t\t\t'margin-left': '-' + side + 'px',\r\n\t\t\t\t\t\t'margin-right': '-' + side + 'px',\r\n\t\t\t\t\t} );\r\n\t\t\t\t};\r\n\r\n\t\t\t\t$( window ).resize( function() {\r\n\t\t\t\t\tmarginPortfolio();\r\n\t\t\t\t} );\r\n\t\t\t\tmarginPortfolio();\r\n\t\t\t});\r\n\t\t\t<\/script>\r\n\t\t\t\n\n\n\n<p><\/p>","protected":false},"excerpt":{"rendered":"<p>Bienvenue au camping Mirabel La Baie de Cayola Votre camping en bord de mer aux Sables d&rsquo;Olonne en Vend\u00e9e Un [&hellip;]<\/p>\n","protected":false},"author":3,"featured_media":0,"parent":0,"menu_order":0,"comment_status":"closed","ping_status":"closed","template":"","meta":{"_seopress_robots_primary_cat":"","_seopress_titles_title":"Camping 4* La Baie de Cayola aux Sables d'Olonne | Vend\u00e9e","_seopress_titles_desc":"Camping familial au c\u0153ur de la c\u00f4te sauvage, bord\u00e9 par le bois de Saint-Jean. Des vacances 4 \u00e9toiles, vue mer, avec piscine couverte aux Sables d'Olonne.","_seopress_robots_index":"","footnotes":""},"class_list":["post-9","page","type-page","status-publish","hentry"],"_links":{"self":[{"href":"https:\/\/mirabel-baiedecayola.com\/nl\/wp-json\/wp\/v2\/pages\/9","targetHints":{"allow":["GET"]}}],"collection":[{"href":"https:\/\/mirabel-baiedecayola.com\/nl\/wp-json\/wp\/v2\/pages"}],"about":[{"href":"https:\/\/mirabel-baiedecayola.com\/nl\/wp-json\/wp\/v2\/types\/page"}],"author":[{"embeddable":true,"href":"https:\/\/mirabel-baiedecayola.com\/nl\/wp-json\/wp\/v2\/users\/3"}],"replies":[{"embeddable":true,"href":"https:\/\/mirabel-baiedecayola.com\/nl\/wp-json\/wp\/v2\/comments?post=9"}],"version-history":[{"count":64,"href":"https:\/\/mirabel-baiedecayola.com\/nl\/wp-json\/wp\/v2\/pages\/9\/revisions"}],"predecessor-version":[{"id":17288,"href":"https:\/\/mirabel-baiedecayola.com\/nl\/wp-json\/wp\/v2\/pages\/9\/revisions\/17288"}],"wp:attachment":[{"href":"https:\/\/mirabel-baiedecayola.com\/nl\/wp-json\/wp\/v2\/media?parent=9"}],"curies":[{"name":"wp","href":"https:\/\/api.w.org\/{rel}","templated":true}]}}